{"id":814,"date":"2015-04-30T20:57:23","date_gmt":"2015-04-30T20:57:23","guid":{"rendered":"http:\/\/dstenerife.ducklingit.com\/?page_id=814"},"modified":"2021-06-22T08:08:01","modified_gmt":"2021-06-22T08:08:01","slug":"historia-de-colegio","status":"publish","type":"page","link":"https:\/\/staging.dst.deutsche-schule.eu\/es\/colegio\/historia-de-colegio\/","title":{"rendered":"Historia del colegio"},"content":{"rendered":"<p>\t\t<div data-elementor-type=\"section\" data-elementor-id=\"42998\" class=\"elementor elementor-42998 elementor-40687\" data-elementor-post-type=\"elementor_library\">\n\t\t\t\t\t<section class=\"elementor-section elementor-top-section elementor-element elementor-element-b6bfbdd elementor-section-boxed elementor-section-height-default elementor-section-height-default\" data-id=\"b6bfbdd\" data-element_type=\"section\" data-settings=\"{&quot;_ob_glider_is_slider&quot;:&quot;no&quot;}\">\n\t\t\t\t\t\t<div class=\"elementor-container elementor-column-gap-default\">\n\t\t\t\t\t<div class=\"elementor-column elementor-col-100 elementor-top-column elementor-element elementor-element-caabb16\" data-id=\"caabb16\" data-element_type=\"column\">\n\t\t\t<div class=\"elementor-widget-wrap elementor-element-populated\">\n\t\t\t\t\t\t<div class=\"elementor-element elementor-element-3939545 elementor-widget elementor-widget-jet-horizontal-timeline\" data-id=\"3939545\" data-element_type=\"widget\" data-settings=\"{&quot;columns&quot;:4,&quot;slides_to_scroll&quot;:&quot;2&quot;,&quot;columns_tablet&quot;:2,&quot;columns_mobile&quot;:1,&quot;_ob_widget_stalker_use&quot;:&quot;no&quot;,&quot;_ob_shadough_use&quot;:&quot;no&quot;}\" data-widget_type=\"jet-horizontal-timeline.default\">\n\t\t\t\t<div class=\"elementor-widget-container\">\n\t\t\t\t\t<div class=\"elementor-jet-horizontal-timeline jet-elements\">\n<div class=\"jet-hor-timeline jet-hor-timeline--layout-chess jet-hor-timeline--align-center jet-hor-timeline--arrows-nav\">\n\t<div class=\"jet-hor-timeline-inner\">\n\t\t<div class=\"jet-hor-timeline-track\">\n\t\t\t<div class=\"jet-hor-timeline-list jet-hor-timeline-list--top\">\n<div class=\"jet-hor-timeline-item elementor-repeater-item-a12107c is-active\" data-item-id=\"a12107c\">\n\t\t\t\n<div class=\"jet-hor-timeline-item__card\">\n\t<div class=\"jet-hor-timeline-item__card-inner\">\n\t\t<h5 class=\"jet-hor-timeline-item__card-title\">Fundaci\u00f3n del colegio<\/h5>\t<\/div>\n\t\t\t<div class=\"jet-hor-timeline-item__card-arrow\"><\/div>\n\t<\/div>\n\t<\/div>\n\n<div class=\"jet-hor-timeline-item elementor-repeater-item-3704c64\" data-item-id=\"3704c64\">\n\t\t\t<div class=\"jet-hor-timeline-item__meta\">12 de noviembre 1932<\/div>\t<\/div>\n\n<div class=\"jet-hor-timeline-item elementor-repeater-item-be74a26\" data-item-id=\"be74a26\">\n\t\t\t\n<div class=\"jet-hor-timeline-item__card\">\n\t<div class=\"jet-hor-timeline-item__card-inner\">\n\t\t<h5 class=\"jet-hor-timeline-item__card-title\">Instalaciones escolares propias<\/h5>\t<\/div>\n\t\t\t<div class=\"jet-hor-timeline-item__card-arrow\"><\/div>\n\t<\/div>\n\t<\/div>\n\n<div class=\"jet-hor-timeline-item elementor-repeater-item-e1204b9\" data-item-id=\"e1204b9\">\n\t\t\t<div class=\"jet-hor-timeline-item__meta\">1963<\/div>\t<\/div>\n\n<div class=\"jet-hor-timeline-item elementor-repeater-item-7454090\" data-item-id=\"7454090\">\n\t\t\t\n<div class=\"jet-hor-timeline-item__card\">\n\t<div class=\"jet-hor-timeline-item__card-inner\">\n\t\t<h5 class=\"jet-hor-timeline-item__card-title\">Nuevas instalaciones escolares<\/h5>\t<\/div>\n\t\t\t<div class=\"jet-hor-timeline-item__card-arrow\"><\/div>\n\t<\/div>\n\t<\/div>\n\n<div class=\"jet-hor-timeline-item elementor-repeater-item-6c3f000\" data-item-id=\"6c3f000\">\n\t\t\t<div class=\"jet-hor-timeline-item__meta\">deciembre 2010<\/div>\t<\/div>\n<\/div>\t\t\t<div class=\"jet-hor-timeline-list jet-hor-timeline-list--middle\">\n\t<div class=\"jet-hor-timeline__line\"><\/div>\n\n<div class=\"jet-hor-timeline-item elementor-repeater-item-a12107c is-active\" data-item-id=\"a12107c\">\n\t<div class=\"jet-hor-timeline-item__point\"><div class=\"jet-hor-timeline-item__point-content\"><span class=\"jet-elements-icon\"><i aria-hidden=\"true\" class=\"fab fa-fly\"><\/i><\/span><\/div><\/div><\/div>\n\n<div class=\"jet-hor-timeline-item elementor-repeater-item-3704c64\" data-item-id=\"3704c64\">\n\t<div class=\"jet-hor-timeline-item__point\"><div class=\"jet-hor-timeline-item__point-content\"><span class=\"jet-elements-icon\"><i aria-hidden=\"true\" class=\"far fa-user\"><\/i><\/span><\/div><\/div><\/div>\n\n<div class=\"jet-hor-timeline-item elementor-repeater-item-be74a26\" data-item-id=\"be74a26\">\n\t<div class=\"jet-hor-timeline-item__point\"><div class=\"jet-hor-timeline-item__point-content\"><span class=\"jet-elements-icon\"><i aria-hidden=\"true\" class=\"fas fa-house-user\"><\/i><\/span><\/div><\/div><\/div>\n\n<div class=\"jet-hor-timeline-item elementor-repeater-item-e1204b9\" data-item-id=\"e1204b9\">\n\t<div class=\"jet-hor-timeline-item__point\"><div class=\"jet-hor-timeline-item__point-content\"><span class=\"jet-elements-icon\"><i aria-hidden=\"true\" class=\"fas fa-check-square\"><\/i><\/span><\/div><\/div><\/div>\n\n<div class=\"jet-hor-timeline-item elementor-repeater-item-7454090\" data-item-id=\"7454090\">\n\t<div class=\"jet-hor-timeline-item__point\"><div class=\"jet-hor-timeline-item__point-content\"><span class=\"jet-elements-icon\"><i aria-hidden=\"true\" class=\"fas fa-school\"><\/i><\/span><\/div><\/div><\/div>\n\n<div class=\"jet-hor-timeline-item elementor-repeater-item-6c3f000\" data-item-id=\"6c3f000\">\n\t<div class=\"jet-hor-timeline-item__point\"><div class=\"jet-hor-timeline-item__point-content\"><span class=\"jet-elements-icon\"><svg xmlns=\"http:\/\/www.w3.org\/2000\/svg\" xmlns:xlink=\"http:\/\/www.w3.org\/1999\/xlink\" viewBox=\"0 0 1668.24 1668.24\"><defs><clipPath id=\"a\" transform=\"translate(-239.78 -270.16)\"><rect x=\"385.1\" y=\"404.28\" width=\"1400\" height=\"1400\" style=\"fill:none\"><\/rect><\/clipPath><\/defs><circle cx=\"834.12\" cy=\"834.12\" r=\"833.62\" style=\"fill:#fff;stroke:#1d1d1b;stroke-miterlimit:10\"><\/circle><g style=\"clip-path:url(#a)\"><g style=\"clip-path:url(#a)\"><path d=\"M1785.11,1104.15h-10.67C1774.44,776.47,1509,511,1181.28,511a590.3,590.3,0,0,0-339.65,107C592,639.31,396,848.8,396,1104.15H385.11c0-386.53,313.37-699.89,700.11-699.89,386.52,0,699.89,313.36,699.89,699.89\" transform=\"translate(-239.78 -270.16)\" style=\"fill:#1d1d1b\"><\/path><path d=\"M1785.11,1104.15c0,386.74-313.37,700.11-700.13,700.11-386.5,0-699.87-313.37-699.87-700.11H396c0,255.07,195.73,464.59,445.33,486.19a588.92,588.92,0,0,0,339.91,107.23c327.68,0,593.16-265.74,593.16-593.42Z\" transform=\"translate(-239.78 -270.16)\" style=\"fill:#ffd73d\"><\/path><path d=\"M1372.31,1104.15c0,269.62-218.37,488.27-488,488.27a389.36,389.36,0,0,1-42.94-2.08c-153.3-107.23-253.51-285-253.51-486.19Z\" transform=\"translate(-239.78 -270.16)\" style=\"fill:#ffd73d\"><\/path><path d=\"M1372.31,1104.28c0,269.64-218.37,488.27-488,488.27a389.36,389.36,0,0,1-42.94-2.08c-153.3-107.24-253.51-285-253.51-486.19,0-201.45,100.21-379.22,253.77-486.19A387.76,387.76,0,0,1,884.3,616c269.64,0,488,218.63,488,488.27\" transform=\"translate(-239.78 -270.16)\" style=\"fill:#e73533\"><\/path><\/g><\/g><\/svg><\/span><\/div><\/div><\/div>\n<\/div>\t\t\t<div class=\"jet-hor-timeline-list jet-hor-timeline-list--bottom\">\n<div class=\"jet-hor-timeline-item elementor-repeater-item-a12107c is-active\" data-item-id=\"a12107c\">\n\t\t\t<div class=\"jet-hor-timeline-item__meta\">1909<\/div>\t<\/div>\n\n<div class=\"jet-hor-timeline-item elementor-repeater-item-3704c64\" data-item-id=\"3704c64\">\n\t\t\t\n<div class=\"jet-hor-timeline-item__card\">\n\t<div class=\"jet-hor-timeline-item__card-inner\">\n\t\t<h5 class=\"jet-hor-timeline-item__card-title\">Asociaci\u00f3n para el fomento del Colegio Alem\u00e1n<\/h5>\t<\/div>\n\t\t\t<div class=\"jet-hor-timeline-item__card-arrow\"><\/div>\n\t<\/div>\n\t<\/div>\n\n<div class=\"jet-hor-timeline-item elementor-repeater-item-be74a26\" data-item-id=\"be74a26\">\n\t\t\t<div class=\"jet-hor-timeline-item__meta\">20 de octubre 1935<\/div>\t<\/div>\n\n<div class=\"jet-hor-timeline-item elementor-repeater-item-e1204b9\" data-item-id=\"e1204b9\">\n\t\t\t\n<div class=\"jet-hor-timeline-item__card\">\n\t<div class=\"jet-hor-timeline-item__card-inner\">\n\t\t<h5 class=\"jet-hor-timeline-item__card-title\">Reconocimiento oficial<\/h5>\t<\/div>\n\t\t\t<div class=\"jet-hor-timeline-item__card-arrow\"><\/div>\n\t<\/div>\n\t<\/div>\n\n<div class=\"jet-hor-timeline-item elementor-repeater-item-7454090\" data-item-id=\"7454090\">\n\t\t\t<div class=\"jet-hor-timeline-item__meta\">12 de marzo 1999<\/div>\t<\/div>\n\n<div class=\"jet-hor-timeline-item elementor-repeater-item-6c3f000\" data-item-id=\"6c3f000\">\n\t\t\t\n<div class=\"jet-hor-timeline-item__card\">\n\t<div class=\"jet-hor-timeline-item__card-inner\">\n\t\t<h5 class=\"jet-hor-timeline-item__card-title\">Sello de calidad<\/h5><div class=\"jet-hor-timeline-item__card-desc\">Excelente Colegio Alem\u00e1n en el extranjero<\/div>\t<\/div>\n\t\t\t<div class=\"jet-hor-timeline-item__card-arrow\"><\/div>\n\t<\/div>\n\t<\/div>\n<\/div>\t\t<\/div>\n\t<\/div>\n\t<i class=\"jet-arrow jet-prev-arrow jet-arrow-disabled\"><svg width=\"24\" height=\"24\" viewBox=\"0 0 24 24\" fill=\"none\" xmlns=\"http:\/\/www.w3.org\/2000\/svg\"><path d=\"M14.425 5.9749L14.425 18.0249L8.39999 11.9999L14.425 5.9749Z\" fill=\"#0F172A\"\/><\/svg><\/i><i class=\"jet-arrow jet-next-arrow\"><svg width=\"24\" height=\"24\" viewBox=\"0 0 24 24\" fill=\"none\" xmlns=\"http:\/\/www.w3.org\/2000\/svg\"><path d=\"M9.57501 18.0251V5.9751L15.6 12.0001L9.57501 18.0251Z\" fill=\"#0F172A\"\/><\/svg><\/i><\/div><\/div>\t\t\t\t<\/div>\n\t\t\t\t<\/div>\n\t\t\t\t\t<\/div>\n\t\t<\/div>\n\t\t\t\t\t<\/div>\n\t\t<\/section>\n\t\t\t\t<\/div>\n\t\t<br \/>\n<a id=\"1\"><\/a><\/p>\n<h2><strong>Fundaci\u00f3n del colegio<\/strong><\/h2>\n<p>En 1909, un grupo de familias alemanas y suizas se unieron para crear un peque\u00f1o colegio privado en el Puerto de la Cruz. A partir de 1919 las clases tuvieron lugar en Santa Cruz, en un anexo en el jard\u00edn del entonces c\u00f3nsul alem\u00e1n Jakob Ahlers. En 1924, el profesor Gr\u00e4hn abri\u00f3 una escuela primaria en un anexo en el jard\u00edn de la familia Groth. Despu\u00e9s de que se incribieran m\u00e1s ni\u00f1os, se les imparti\u00f3 clases en el club alem\u00e1n en la calle Consolaci\u00f3n. Ambos centros se unieron en 1927. Raymond Matthys se hizo cargo de la direcci\u00f3n del colegio en el oto\u00f1o de 1928 en la calle Numancia, 33. El edificio sigue en pie actualmente.<\/p>\n<p style=\"text-align: justify;\"><img fetchpriority=\"high\" decoding=\"async\" class=\"alignnone size-medium wp-image-39021\" src=\"https:\/\/stage.dst.deutsche-schule.eu\/wp-content\/uploads\/2021\/05\/8-foto-8-anos-20-669x423.jpg\" alt=\"\" width=\"669\" height=\"423\" srcset=\"https:\/\/staging.dst.deutsche-schule.eu\/wp-content\/uploads\/2021\/05\/8-foto-8-anos-20-669x423.jpg 669w, https:\/\/staging.dst.deutsche-schule.eu\/wp-content\/uploads\/2021\/05\/8-foto-8-anos-20-1139x720.jpg 1139w, https:\/\/staging.dst.deutsche-schule.eu\/wp-content\/uploads\/2021\/05\/8-foto-8-anos-20-768x486.jpg 768w, https:\/\/staging.dst.deutsche-schule.eu\/wp-content\/uploads\/2021\/05\/8-foto-8-anos-20-1536x971.jpg 1536w, https:\/\/staging.dst.deutsche-schule.eu\/wp-content\/uploads\/2021\/05\/8-foto-8-anos-20-320x202.jpg 320w, https:\/\/staging.dst.deutsche-schule.eu\/wp-content\/uploads\/2021\/05\/8-foto-8-anos-20.jpg 1920w\" sizes=\"(max-width: 669px) 100vw, 669px\" \/><\/p>\n<h2><strong>Asociaci\u00f3n para el fomento del Colegio Alem\u00e1n <\/strong><\/h2>\n<p>El 12 de noviembre de 1932 se fund\u00f3 la Asociaci\u00f3n para el fomento del Colegio Alem\u00e1n como titular del colegio. M\u00e1s adelante, tambi\u00e9n pertenec\u00eda el Colegio Alem\u00e1n en Puerto de la Cruz, fundado en 1933. Adem\u00e1s, se abri\u00f3 un Kindergarten alem\u00e1n en Santa Cruz.<\/p>\n<p style=\"text-align: justify;\"><img decoding=\"async\" class=\"alignnone size-medium wp-image-39017\" src=\"https:\/\/stage.dst.deutsche-schule.eu\/wp-content\/uploads\/2021\/05\/colegio-Enrique-Wolfson-515x423.jpg\" alt=\"\" width=\"515\" height=\"423\" srcset=\"https:\/\/staging.dst.deutsche-schule.eu\/wp-content\/uploads\/2021\/05\/colegio-Enrique-Wolfson-515x423.jpg 515w, https:\/\/staging.dst.deutsche-schule.eu\/wp-content\/uploads\/2021\/05\/colegio-Enrique-Wolfson-877x720.jpg 877w, https:\/\/staging.dst.deutsche-schule.eu\/wp-content\/uploads\/2021\/05\/colegio-Enrique-Wolfson-768x631.jpg 768w, https:\/\/staging.dst.deutsche-schule.eu\/wp-content\/uploads\/2021\/05\/colegio-Enrique-Wolfson-1536x1262.jpg 1536w, https:\/\/staging.dst.deutsche-schule.eu\/wp-content\/uploads\/2021\/05\/colegio-Enrique-Wolfson-320x263.jpg 320w, https:\/\/staging.dst.deutsche-schule.eu\/wp-content\/uploads\/2021\/05\/colegio-Enrique-Wolfson.jpg 1920w\" sizes=\"(max-width: 515px) 100vw, 515px\" \/><\/p>\n<h2><strong>Instalaciones escolares propias<\/strong><\/h2>\n<p>Debido al creciente n\u00famero de alumnos, surgi\u00f3 la necesidad de construir unas instalaciones mayores. El 20 de octubre de 1935 se inaugur\u00f3 el edificio del Colegio Alem\u00e1n en Santa Cruz en la calle Enrique Wolfson, 17. En el curso escolar 1935\/36 el Colegio Alem\u00e1n contaba con 57 alumnos alemanes, 63 espa\u00f1oles y 11 alumnos de otros pa\u00edses europeos (Suiza, Austria, Inglaterra, Noruega, Checoslovaquia). Bajo la direcci\u00f3n de Max Johns, impart\u00edan clases seis profesores. En 1945 el Colegio Alem\u00e1n de Santa Cruz de Tenerife fue cerrado y confiscado bajo la presi\u00f3n de los aliados. Sirvi\u00f3 como garant\u00eda de los valores perdidos en el Imperio Alem\u00e1n. El <em>Instituto Nacional de Ense\u00f1anza<\/em> se mud\u00f3 al edificio. En octubre de 1951 el colegio volvi\u00f3 a abrir sus puertas. Las clases se impartieron provisionalmente en un garaje, hasta que en 1954 se pudo trasladar a la mansi\u00f3n en las Ramblas, 58. En este mismo curso escolar se contaba con 95 alumnos y 74 ni\u00f1os en el Kindergarten.<\/p>\n<h2><strong>Reconocimiento oficial<\/strong><\/h2>\n<p>La Conferencia Permante de Ministros de Educaci\u00f3n y Ciencia (KMK) reconoci\u00f3 ofialmente al Colegio en 1963. Antes, las autoridades espa\u00f1olas de educaci\u00f3n le hab\u00edan otorgado al Colegio Alem\u00e1n el derecho a realizar el examen de Bachillerato. En 1966 se le devolv\u00edo a la Asociaci\u00f3n las instalaciones en la calle Enrique Wolfson, 17.En 1978 la Asociaci\u00f3n decidi\u00f3, en base al Real Decreto 111 del 12 de mayo de 1978, la reestructuraci\u00f3n del colegio a un colegio de encuentro, con la titulaci\u00f3n del Bachillerato alem\u00e1n. Despu\u00e9s de largas negociaciones con el Ministerio de Relaciones Exteriores, el primer examen tuvo lugar en mayo de 1988.<\/p>\n<p style=\"text-align: justify;\"><img decoding=\"async\" class=\"alignnone size-medium wp-image-39023\" src=\"https:\/\/stage.dst.deutsche-schule.eu\/wp-content\/uploads\/2021\/05\/Scan10016-497x423.jpg\" alt=\"\" width=\"497\" height=\"423\" srcset=\"https:\/\/staging.dst.deutsche-schule.eu\/wp-content\/uploads\/2021\/05\/Scan10016-497x423.jpg 497w, https:\/\/staging.dst.deutsche-schule.eu\/wp-content\/uploads\/2021\/05\/Scan10016-846x720.jpg 846w, https:\/\/staging.dst.deutsche-schule.eu\/wp-content\/uploads\/2021\/05\/Scan10016-768x654.jpg 768w, https:\/\/staging.dst.deutsche-schule.eu\/wp-content\/uploads\/2021\/05\/Scan10016-1536x1308.jpg 1536w, https:\/\/staging.dst.deutsche-schule.eu\/wp-content\/uploads\/2021\/05\/Scan10016-320x273.jpg 320w, https:\/\/staging.dst.deutsche-schule.eu\/wp-content\/uploads\/2021\/05\/Scan10016.jpg 1920w\" sizes=\"(max-width: 497px) 100vw, 497px\" \/><\/p>\n<h2><strong>Nuevas instalaciones escolares <\/strong><\/h2>\n<p>Por falta de espacio y por la falta de instalaciones deportivas, la Asociaci\u00f3n adquiri\u00f3, con ayuda del Consulado alem\u00e1n, una nueva parcela en las afueras de Santa Cruz. La primera piedra para la construcci\u00f3n del nuevo edificio se puso en Tabaiba Alta, en el municipio de El Rosario, el 10 de enero de 1997. En 1999, el colegio se traslad\u00f3 a las actuales instalaciones y fue inaugurado oficialmente el 12 de marzo de 1999. El antiguo edificio fue vendido a la ciudad de Santa Cruz de Tenerife y desde entonces alberga la Escuela Oficial de Idiomas.<\/p>\n<p style=\"text-align: justify;\"><img loading=\"lazy\" decoding=\"async\" class=\"alignnone size-medium wp-image-39026\" src=\"https:\/\/stage.dst.deutsche-schule.eu\/wp-content\/uploads\/2021\/05\/2-608x423.jpg\" alt=\"\" width=\"608\" height=\"423\" srcset=\"https:\/\/staging.dst.deutsche-schule.eu\/wp-content\/uploads\/2021\/05\/2-608x423.jpg 608w, https:\/\/staging.dst.deutsche-schule.eu\/wp-content\/uploads\/2021\/05\/2-1036x720.jpg 1036w, https:\/\/staging.dst.deutsche-schule.eu\/wp-content\/uploads\/2021\/05\/2-768x534.jpg 768w, https:\/\/staging.dst.deutsche-schule.eu\/wp-content\/uploads\/2021\/05\/2-1536x1068.jpg 1536w, https:\/\/staging.dst.deutsche-schule.eu\/wp-content\/uploads\/2021\/05\/2-320x223.jpg 320w, https:\/\/staging.dst.deutsche-schule.eu\/wp-content\/uploads\/2021\/05\/2.jpg 1920w\" sizes=\"(max-width: 608px) 100vw, 608px\" \/><\/p>\n<h2><strong>Sello de calidad<\/strong><\/h2>\n<p><a href=\"https:\/\/stage.dst.deutsche-schule.eu\/wp-content\/uploads\/2021\/05\/excellenteDAtransparent.svg\"><img decoding=\"async\" class=\"alignright wp-image-38469\" src=\"https:\/\/stage.dst.deutsche-schule.eu\/wp-content\/uploads\/2021\/05\/excellenteDAtransparent.svg\" alt=\"\" width=\"64\" \/><\/a>El Colegio Alem\u00e1n de Santa Cruz de Tenerife obtuvo el sello de calidad \u201eExcelente Colegio Alem\u00e1n en el Extranjero\u201c en diciembre de 2010, despu\u00e9s de varios d\u00edas de inspecci\u00f3n por parte de un comit\u00e9 de la Conferencia Permante de Ministros de Educaci\u00f3n y Ciencia (KMK) y la Oficina Central de Colegios Alemanes en el Extranjero (ZfA).<\/p>\n","protected":false},"excerpt":{"rendered":"<p>Fundaci\u00f3n del colegio En 1909, un grupo de familias alemanas y suizas se unieron para crear [&hellip;]<\/p>\n","protected":false},"author":10,"featured_media":39020,"parent":902,"menu_order":7,"comment_status":"closed","ping_status":"closed","template":"","meta":{"site-sidebar-layout":"default","site-content-layout":"default","ast-site-content-layout":"default","site-content-style":"default","site-sidebar-style":"default","ast-global-header-display":"","ast-banner-title-visibility":"","ast-main-header-display":"","ast-hfb-above-header-display":"","ast-hfb-below-header-display":"","ast-hfb-mobile-header-display":"","site-post-title":"","ast-breadcrumbs-content":"","ast-featured-img":"","footer-sml-layout":"","ast-disable-related-posts":"","theme-transparent-header-meta":"default","adv-header-id-meta":"","stick-header-meta":"default","header-above-stick-meta":"","header-main-stick-meta":"","header-below-stick-meta":"","astra-migrate-meta-layouts":"default","ast-page-background-enabled":"default","ast-page-background-meta":{"desktop":{"background-color":"","background-image":"","background-repeat":"repeat","background-position":"center center","background-size":"auto","background-attachment":"scroll","background-type":"","background-media":"","overlay-type":"","overlay-color":"","overlay-opacity":"","overlay-gradient":""},"tablet":{"background-color":"","background-image":"","background-repeat":"repeat","background-position":"center center","background-size":"auto","background-attachment":"scroll","background-type":"","background-media":"","overlay-type":"","overlay-color":"","overlay-opacity":"","overlay-gradient":""},"mobile":{"background-color":"","background-image":"","background-repeat":"repeat","background-position":"center center","background-size":"auto","background-attachment":"scroll","background-type":"","background-media":"","overlay-type":"","overlay-color":"","overlay-opacity":"","overlay-gradient":""}},"ast-content-background-meta":{"desktop":{"background-color":"var(--ast-global-color-5)","background-image":"","background-repeat":"repeat","background-position":"center center","background-size":"auto","background-attachment":"scroll","background-type":"","background-media":"","overlay-type":"","overlay-color":"","overlay-opacity":"","overlay-gradient":""},"tablet":{"background-color":"var(--ast-global-color-5)","background-image":"","background-repeat":"repeat","background-position":"center center","background-size":"auto","background-attachment":"scroll","background-type":"","background-media":"","overlay-type":"","overlay-color":"","overlay-opacity":"","overlay-gradient":""},"mobile":{"background-color":"var(--ast-global-color-5)","background-image":"","background-repeat":"repeat","background-position":"center center","background-size":"auto","background-attachment":"scroll","background-type":"","background-media":"","overlay-type":"","overlay-color":"","overlay-opacity":"","overlay-gradient":""}},"_jet_sm_ready_style":"","_jet_sm_style":"","_jet_sm_controls_values":"","_jet_sm_fonts_collection":"","_jet_sm_fonts_links":"","footnotes":""},"schlagwortedst":[153],"class_list":["post-814","page","type-page","status-publish","has-post-thumbnail","hentry","schlagwortedst-sideschule"],"_links":{"self":[{"href":"https:\/\/staging.dst.deutsche-schule.eu\/es\/wp-json\/wp\/v2\/pages\/814","targetHints":{"allow":["GET"]}}],"collection":[{"href":"https:\/\/staging.dst.deutsche-schule.eu\/es\/wp-json\/wp\/v2\/pages"}],"about":[{"href":"https:\/\/staging.dst.deutsche-schule.eu\/es\/wp-json\/wp\/v2\/types\/page"}],"author":[{"embeddable":true,"href":"https:\/\/staging.dst.deutsche-schule.eu\/es\/wp-json\/wp\/v2\/users\/10"}],"replies":[{"embeddable":true,"href":"https:\/\/staging.dst.deutsche-schule.eu\/es\/wp-json\/wp\/v2\/comments?post=814"}],"version-history":[{"count":7,"href":"https:\/\/staging.dst.deutsche-schule.eu\/es\/wp-json\/wp\/v2\/pages\/814\/revisions"}],"predecessor-version":[{"id":43013,"href":"https:\/\/staging.dst.deutsche-schule.eu\/es\/wp-json\/wp\/v2\/pages\/814\/revisions\/43013"}],"up":[{"embeddable":true,"href":"https:\/\/staging.dst.deutsche-schule.eu\/es\/wp-json\/wp\/v2\/pages\/902"}],"wp:featuredmedia":[{"embeddable":true,"href":"https:\/\/staging.dst.deutsche-schule.eu\/es\/wp-json\/wp\/v2\/media\/39020"}],"wp:attachment":[{"href":"https:\/\/staging.dst.deutsche-schule.eu\/es\/wp-json\/wp\/v2\/media?parent=814"}],"wp:term":[{"taxonomy":"schlagwortedst","embeddable":true,"href":"https:\/\/staging.dst.deutsche-schule.eu\/es\/wp-json\/wp\/v2\/schlagwortedst?post=814"}],"curies":[{"name":"wp","href":"https:\/\/api.w.org\/{rel}","templated":true}]}}