{"id":4800,"date":"2015-07-06T21:57:42","date_gmt":"2015-07-06T21:57:42","guid":{"rendered":"https:\/\/stage.dst.deutsche-schule.eu\/es\/?page_id=4800"},"modified":"2021-08-06T19:21:34","modified_gmt":"2021-08-06T19:21:34","slug":"geographie","status":"publish","type":"page","link":"https:\/\/staging.dst.deutsche-schule.eu\/es\/secundaria-y-bachilerato\/asignaturas-secundaria\/geographie\/","title":{"rendered":"Geograf\u00eda"},"content":{"rendered":"<p>La asignatura de Geograf\u00eda se imparte con dos horas semanales desde la clase 8.<\/p>\n<p>Curriculums:<\/p>\n<ul>\n<li style=\"list-style-type: none;\">\n<ul>\n<li><a href=\"https:\/\/stage.dst.deutsche-schule.eu\/wp-content\/uploads\/2015\/07\/Rahmenlehrplan-Klasse-8-bis-10.pdf\" target=\"_blank\" rel=\"noopener noreferrer\">Curriculum clases 8 a 10<\/a><br \/>\n<a href=\"https:\/\/stage.dst.deutsche-schule.eu\/wp-content\/uploads\/2015\/07\/Rahmenlehrplan-Klasse-8-bis-10.pdf\" class=\"pdfemb-viewer\" style=\"width:340px;\" data-width=\"340\" data-height=\"max\" data-toolbar=\"bottom\" data-toolbar-fixed=\"on\">Curriculum clases 8 a 10<\/a><\/li>\n<li><a href=\"https:\/\/stage.dst.deutsche-schule.eu\/wp-content\/uploads\/2020\/03\/Erdkunde_2008_08_14_Rahmenlehrplan-EK-11-und-12.pdf\" target=\"_blank\" rel=\"noopener noreferrer\">Curriculum clases 11 a 12<\/a><br \/>\n<a href=\"https:\/\/stage.dst.deutsche-schule.eu\/wp-content\/uploads\/2020\/03\/Erdkunde_2008_08_14_Rahmenlehrplan-EK-11-und-12.pdf\" class=\"pdfemb-viewer\" style=\"width:340px;\" data-width=\"340\" data-height=\"max\" data-toolbar=\"bottom\" data-toolbar-fixed=\"on\">Curriculum clases 11 a 12<\/a><\/li>\n<li><a href=\"https:\/\/stage.dst.deutsche-schule.eu\/wp-content\/uploads\/2015\/07\/Rahmenlehrplan-Klasse-11-und-12.pdf\" target=\"_blank\" rel=\"noopener noreferrer\">Curriculum de m\u00e9todos Geograf\u00eda<\/a><br \/>\n<a href=\"https:\/\/stage.dst.deutsche-schule.eu\/wp-content\/uploads\/2015\/07\/Rahmenlehrplan-Klasse-11-und-12.pdf\" class=\"pdfemb-viewer\" style=\"width:340px;\" data-width=\"340\" data-height=\"max\" data-toolbar=\"bottom\" data-toolbar-fixed=\"on\">Curriculum de m\u00e9todos Geograf\u00eda<\/a><\/li>\n<\/ul>\n<\/li>\n<\/ul>\n<p>&nbsp;<\/p>\n<p><strong><em>Grandes presentaciones en la asignatura de Geograf\u00eda<\/em><br \/>\n<\/strong><\/p>\n<p>Las presentaciones en grupo de la clase 10 son una parte integral de las clases de Geograf\u00eda desde hace nueve a\u00f1os. Todos los alumnos tienen que hacer una presentaci\u00f3n de 30 minutos sobre un tema elegido. Las presentaciones tienen lugar durante dos semanas (abril\/mayo) en el sal\u00f3n de actos y la sala de inform\u00e1tica. Son evaluadas y reemplazan con doble puntuaci\u00f3n la cuarta prueba escrita. Este sistema se ha consolidado en los \u00faltimos a\u00f1os, alcanzando gran reconocimiento.<\/p>\n<p>Las presentaciones de las clases 10 son una parte importante para preparar a los alumnos en el trabajo independiente y para que puedan demostrar su progreso en los \u00faltimos a\u00f1os. Adem\u00e1s, con su variedad tem\u00e1tica, son un elemento importante en la educaci\u00f3n democr\u00e1tica en nuestro colegio. Para el futuro est\u00e1 previsto, que las presentaciones se ampl\u00eden a otras asignaturas optativas.<\/p>\n<p>Las ventajas son:<\/p>\n<ul>\n<li>Un sistema acreditado aumentar\u00eda el valor y contribuir\u00eda al perfil del colegio.<\/li>\n<li>Al elegir, los alumnos pueden establecer su propio enfoque profesional antes de entrar en la fase de calificaci\u00f3n y reflexionar posteriormente sobre su elecci\u00f3n. De esta manera practican la auto-responsabilidad en su propio \u00e9xito acad\u00e9mico.<\/li>\n<li>Dependiendo de la elecci\u00f3n, la presentaci\u00f3n puede servir como preparaci\u00f3n a futuras exigencias dentro (prueba de Abitur oral, selecci\u00f3n para el Model-UN) y fuera del colegio (Estudios).<\/li>\n<li>Breves discursos, exposiciones, breves presentaciones y presentaciones en PowerPoint son una parte importante del plan de estudios de Secundaria; una ampliaci\u00f3n en este sentido tambi\u00e9n es una forma de evaluaci\u00f3n transversal.<\/li>\n<li>Es una muy buena preparaci\u00f3n para futuros ex\u00e1menes orales en el marco del nuevo reglamento del Abitur.<\/li>\n<\/ul>\n<p>Sobre la organizaci\u00f3n:<\/p>\n<p>A principios del 2\u00ba. semestre de la clase 10, cada alumno elige un tema de un cat\u00e1logo de temas, o bien presenta uno alternativo que tiene que ser aceptado por su profesor.<\/p>\n<p>Se fijan dos semanas de presentaciones en abril\/mayo. Por regla general las presentaciones tienen lugar con p\u00fablico (padres, alumnos, profesores e invitados) en el sal\u00f3n de actos. Es decir, las presentaciones est\u00e1n abiertas al p\u00fablico escolar. Es deseable que los alumnos, sobre todo los de las clases 9, tengan la posibilidad de participar en algunas de las presentaciones.<\/p>\n<p>Las presentaciones son valoradas y calificadas con est\u00e1ndares comparables. Desde un principio los alumnos son informados y reciben por escrito del sistema de calificaci\u00f3n. Inmediatamente despu\u00e9s de la presentaci\u00f3n, los alumnos son informados de su calificaci\u00f3n.<\/p>\n<p>En el aula virtual (Pasch-net) hay una secci\u00f3n \u201cPresentaciones\u201d en la que los alumnos reciben informaci\u00f3n general y actualizada sobre las presentaciones (herramientas ling\u00fc\u00edsticas, esquema y estructura de la presentaci\u00f3n, normas de presentaci\u00f3n, listas de control, \u2026).<\/p>\n<p>&nbsp;<\/p>\n<p><strong><em>Presentaci\u00f3n sobre la geograf\u00eda de Tenerife<\/em><\/strong><\/p>\n<p>En 2010 los alumnos de la clase 11 hicieron una presentaci\u00f3n sobre la geograf\u00eda de Tenerife en la que se prepararon por en grupos los diferentes aspectos de nuestra isla<span class=\"Apple-style-span\">: <\/span><a href=\"https:\/\/stage.dst.deutsche-schule.eu\/wp-content\/uploads\/2015\/07\/TFGeoHeyden.pdf\" target=\"_blank\" rel=\"noopener noreferrer\">Download als pdf<\/a>.<\/p>\n<div><\/div>\n<div><em><strong>Atlas Tenerife<\/strong><\/em><\/div>\n<div><span class=\"Apple-style-span\">El Cabildo tiene una p\u00e1gina web interesante sobre la geograf\u00eda de Tenerife: <a href=\"http:\/\/www.atlastenerife.es\/\" target=\"_blank\" rel=\"noopener noreferrer\">http:\/\/www.atlastenerife.es<\/a><\/span><\/div>\n<div>Esta p\u00e1gina contiene mapas y estad\u00edsticas sobre la isla.<\/div>\n","protected":false},"excerpt":{"rendered":"<p>La asignatura de Geograf\u00eda se imparte con dos horas semanales desde la clase 8. Curriculums: Curriculum [&hellip;]<\/p>\n","protected":false},"author":10,"featured_media":0,"parent":1910,"menu_order":3,"comment_status":"closed","ping_status":"closed","template":"","meta":{"site-sidebar-layout":"default","site-content-layout":"default","ast-site-content-layout":"default","site-content-style":"default","site-sidebar-style":"default","ast-global-header-display":"","ast-banner-title-visibility":"","ast-main-header-display":"","ast-hfb-above-header-display":"","ast-hfb-below-header-display":"","ast-hfb-mobile-header-display":"","site-post-title":"","ast-breadcrumbs-content":"","ast-featured-img":"","footer-sml-layout":"","ast-disable-related-posts":"","theme-transparent-header-meta":"default","adv-header-id-meta":"","stick-header-meta":"default","header-above-stick-meta":"","header-main-stick-meta":"","header-below-stick-meta":"","astra-migrate-meta-layouts":"default","ast-page-background-enabled":"default","ast-page-background-meta":{"desktop":{"background-color":"","background-image":"","background-repeat":"repeat","background-position":"center center","background-size":"auto","background-attachment":"scroll","background-type":"","background-media":"","overlay-type":"","overlay-color":"","overlay-opacity":"","overlay-gradient":""},"tablet":{"background-color":"","background-image":"","background-repeat":"repeat","background-position":"center center","background-size":"auto","background-attachment":"scroll","background-type":"","background-media":"","overlay-type":"","overlay-color":"","overlay-opacity":"","overlay-gradient":""},"mobile":{"background-color":"","background-image":"","background-repeat":"repeat","background-position":"center center","background-size":"auto","background-attachment":"scroll","background-type":"","background-media":"","overlay-type":"","overlay-color":"","overlay-opacity":"","overlay-gradient":""}},"ast-content-background-meta":{"desktop":{"background-color":"var(--ast-global-color-5)","background-image":"","background-repeat":"repeat","background-position":"center center","background-size":"auto","background-attachment":"scroll","background-type":"","background-media":"","overlay-type":"","overlay-color":"","overlay-opacity":"","overlay-gradient":""},"tablet":{"background-color":"var(--ast-global-color-5)","background-image":"","background-repeat":"repeat","background-position":"center center","background-size":"auto","background-attachment":"scroll","background-type":"","background-media":"","overlay-type":"","overlay-color":"","overlay-opacity":"","overlay-gradient":""},"mobile":{"background-color":"var(--ast-global-color-5)","background-image":"","background-repeat":"repeat","background-position":"center center","background-size":"auto","background-attachment":"scroll","background-type":"","background-media":"","overlay-type":"","overlay-color":"","overlay-opacity":"","overlay-gradient":""}},"_jet_sm_ready_style":"","_jet_sm_style":"","_jet_sm_controls_values":"","_jet_sm_fonts_collection":"","_jet_sm_fonts_links":"","footnotes":""},"schlagwortedst":[],"class_list":["post-4800","page","type-page","status-publish","hentry"],"_links":{"self":[{"href":"https:\/\/staging.dst.deutsche-schule.eu\/es\/wp-json\/wp\/v2\/pages\/4800","targetHints":{"allow":["GET"]}}],"collection":[{"href":"https:\/\/staging.dst.deutsche-schule.eu\/es\/wp-json\/wp\/v2\/pages"}],"about":[{"href":"https:\/\/staging.dst.deutsche-schule.eu\/es\/wp-json\/wp\/v2\/types\/page"}],"author":[{"embeddable":true,"href":"https:\/\/staging.dst.deutsche-schule.eu\/es\/wp-json\/wp\/v2\/users\/10"}],"replies":[{"embeddable":true,"href":"https:\/\/staging.dst.deutsche-schule.eu\/es\/wp-json\/wp\/v2\/comments?post=4800"}],"version-history":[{"count":5,"href":"https:\/\/staging.dst.deutsche-schule.eu\/es\/wp-json\/wp\/v2\/pages\/4800\/revisions"}],"predecessor-version":[{"id":44344,"href":"https:\/\/staging.dst.deutsche-schule.eu\/es\/wp-json\/wp\/v2\/pages\/4800\/revisions\/44344"}],"up":[{"embeddable":true,"href":"https:\/\/staging.dst.deutsche-schule.eu\/es\/wp-json\/wp\/v2\/pages\/1910"}],"wp:attachment":[{"href":"https:\/\/staging.dst.deutsche-schule.eu\/es\/wp-json\/wp\/v2\/media?parent=4800"}],"wp:term":[{"taxonomy":"schlagwortedst","embeddable":true,"href":"https:\/\/staging.dst.deutsche-schule.eu\/es\/wp-json\/wp\/v2\/schlagwortedst?post=4800"}],"curies":[{"name":"wp","href":"https:\/\/api.w.org\/{rel}","templated":true}]}}