{"id":32883,"date":"2021-02-21T06:04:31","date_gmt":"2021-02-21T06:04:31","guid":{"rendered":"https:\/\/stage.dst.deutsche-schule.eu\/?page_id=32883"},"modified":"2021-08-10T07:12:49","modified_gmt":"2021-08-10T07:12:49","slug":"inicio","status":"publish","type":"page","link":"https:\/\/staging.dst.deutsche-schule.eu\/es\/","title":{"rendered":"Inicio"},"content":{"rendered":"\t\t<div data-elementor-type=\"wp-page\" data-elementor-id=\"32883\" class=\"elementor elementor-32883 elementor-32841\" data-elementor-post-type=\"page\">\n\t\t\t\t\t\t<section class=\"elementor-section elementor-top-section elementor-element elementor-element-2457353e custom-swiper elementor-section-full_width elementor-section-height-default elementor-section-height-default ob-is-glider\" data-id=\"2457353e\" data-element_type=\"section\" data-settings=\"{&quot;_ob_glider_is_slider&quot;:&quot;yes&quot;,&quot;_ob_glider_effect&quot;:&quot;fade&quot;,&quot;_ob_glider_h&quot;:{&quot;unit&quot;:&quot;vh&quot;,&quot;size&quot;:45,&quot;sizes&quot;:[]},&quot;_ob_glider_autoplay_delay&quot;:6000,&quot;_ob_glider_speed&quot;:750,&quot;_ob_glider_autoplay&quot;:&quot;true&quot;,&quot;_ob_glider_h_tablet&quot;:{&quot;unit&quot;:&quot;vh&quot;,&quot;size&quot;:58,&quot;sizes&quot;:[]},&quot;_ob_glider_h_mobile&quot;:{&quot;unit&quot;:&quot;vh&quot;,&quot;size&quot;:39,&quot;sizes&quot;:[]},&quot;_ob_glider_loop&quot;:&quot;yes&quot;,&quot;_ob_glider_add_navig&quot;:&quot;block&quot;,&quot;_ob_glider_add_pagination&quot;:&quot;block&quot;,&quot;_ob_glider_pagination_type&quot;:&quot;bullets&quot;,&quot;_ob_glider_pagination_bg_align&quot;:&quot;left:0;right:unset;transform:unset;&quot;,&quot;_ob_glider_parallax&quot;:&quot;yes&quot;,&quot;_ob_glider_allow_touch_move&quot;:&quot;yes&quot;,&quot;_ob_glider_allow_mousewheel&quot;:&quot;no&quot;}\">\n\t\t\t\t\t\t<div class=\"elementor-container elementor-column-gap-no\">\n\t\t\t\t\t<div class=\"elementor-column elementor-col-25 elementor-top-column elementor-element elementor-element-30e54475\" data-id=\"30e54475\" data-element_type=\"column\" data-settings=\"{&quot;background_background&quot;:&quot;classic&quot;}\">\n\t\t\t<div class=\"elementor-widget-wrap elementor-element-populated\">\n\t\t\t\t\t\t<div class=\"elementor-element elementor-element-3c3c5012 elementor-fixed elementor-widget-divider--separator-type-pattern elementor-widget-divider--view-line elementor-widget elementor-widget-divider\" data-id=\"3c3c5012\" data-element_type=\"widget\" data-settings=\"{&quot;_position&quot;:&quot;fixed&quot;,&quot;_ob_widget_stalker_use&quot;:&quot;no&quot;,&quot;_ob_shadough_use&quot;:&quot;no&quot;}\" data-swiper-parallax-x=\"-100%\" data-swiper-parallax-duration=\"700\" data-widget_type=\"divider.default\">\n\t\t\t\t<div class=\"elementor-widget-container\">\n\t\t\t\t\t\t\t<div class=\"elementor-divider\" style=\"--divider-pattern-url: url(&quot;data:image\/svg+xml,%3Csvg xmlns=&#039;http:\/\/www.w3.org\/2000\/svg&#039; preserveAspectRatio=&#039;none&#039; overflow=&#039;visible&#039; height=&#039;100%&#039; viewBox=&#039;0 0 20 16&#039; fill=&#039;none&#039; stroke=&#039;black&#039; stroke-width=&#039;5&#039; stroke-linecap=&#039;square&#039; stroke-miterlimit=&#039;10&#039;%3E%3Cg transform=&#039;translate(-12.000000, 0)&#039;%3E%3Cpath d=&#039;M28,0L10,18&#039;\/%3E%3Cpath d=&#039;M18,0L0,18&#039;\/%3E%3Cpath d=&#039;M48,0L30,18&#039;\/%3E%3Cpath d=&#039;M38,0L20,18&#039;\/%3E%3C\/g%3E%3C\/svg%3E&quot;);\">\n\t\t\t<span class=\"elementor-divider-separator\">\n\t\t\t\t\t\t<\/span>\n\t\t<\/div>\n\t\t\t\t\t\t<\/div>\n\t\t\t\t<\/div>\n\t\t\t\t<div class=\"elementor-element elementor-element-56b8b4f2 elementor-widget__width-initial elementor-widget-tablet__width-initial elementor-fixed elementor-hidden-phone elementor-widget elementor-widget-shortcode\" data-id=\"56b8b4f2\" data-element_type=\"widget\" data-settings=\"{&quot;_position&quot;:&quot;fixed&quot;,&quot;_ob_widget_stalker_use&quot;:&quot;no&quot;,&quot;_ob_shadough_use&quot;:&quot;no&quot;}\" data-swiper-parallax-x=\"-100%\" data-swiper-parallax-duration=\"500\" data-widget_type=\"shortcode.default\">\n\t\t\t\t<div class=\"elementor-widget-container\">\n\t\t\t\t\t\t\t<div class=\"elementor-shortcode\"><div class=\"dst-quote\"><div class=\"dst-quote-text\">\u201e<em>El colegio me dio la posibilidad y el privilegio de dominar con \u00e9xito varios idiomas, as\u00ed como de cumplir mi sue\u00f1o de ser periodista<\/em>\u201c.<\/div><h4 class=\"dst-quote-title\">Selina Kraus, antigua alumna, Abitur 2017<\/h4><\/div><\/div>\n\t\t\t\t\t\t<\/div>\n\t\t\t\t<\/div>\n\t\t\t\t\t<\/div>\n\t\t<\/div>\n\t\t\t\t<div class=\"elementor-column elementor-col-25 elementor-top-column elementor-element elementor-element-48c253b3\" data-id=\"48c253b3\" data-element_type=\"column\" data-settings=\"{&quot;background_background&quot;:&quot;classic&quot;}\">\n\t\t\t<div class=\"elementor-widget-wrap elementor-element-populated\">\n\t\t\t\t\t\t<div class=\"elementor-element elementor-element-5461dc6 elementor-widget__width-initial elementor-widget-tablet__width-initial elementor-fixed elementor-hidden-phone elementor-widget elementor-widget-shortcode\" data-id=\"5461dc6\" data-element_type=\"widget\" data-settings=\"{&quot;_position&quot;:&quot;fixed&quot;,&quot;_ob_widget_stalker_use&quot;:&quot;no&quot;,&quot;_ob_shadough_use&quot;:&quot;no&quot;}\" data-swiper-parallax-x=\"-60%\" data-swiper-parallax-duration=\"700\" data-widget_type=\"shortcode.default\">\n\t\t\t\t<div class=\"elementor-widget-container\">\n\t\t\t\t\t\t\t<div class=\"elementor-shortcode\"><div class=\"dst-quote\"><div class=\"dst-quote-text\">\u201e<em>Die DST gab mir die M\u00f6glichkeit und das Privileg, mehrere Sprachen erfolgreich zu dominieren und meinen Traum zu erf\u00fcllen, Journalistin zu werden<\/em>\u201c.<\/div><h4 class=\"dst-quote-title\">Selina Kraus, ehemalige Sch\u00fclerin, Abitur 2017<\/h4><\/div><\/div>\n\t\t\t\t\t\t<\/div>\n\t\t\t\t<\/div>\n\t\t\t\t\t<\/div>\n\t\t<\/div>\n\t\t\t\t<div class=\"elementor-column elementor-col-25 elementor-top-column elementor-element elementor-element-725696a\" data-id=\"725696a\" data-element_type=\"column\" data-settings=\"{&quot;background_background&quot;:&quot;classic&quot;}\">\n\t\t\t<div class=\"elementor-widget-wrap elementor-element-populated\">\n\t\t\t\t\t\t<div class=\"elementor-element elementor-element-e820c6c elementor-widget__width-initial elementor-widget-tablet__width-initial elementor-fixed elementor-hidden-phone elementor-widget elementor-widget-shortcode\" data-id=\"e820c6c\" data-element_type=\"widget\" data-settings=\"{&quot;_position&quot;:&quot;fixed&quot;,&quot;_ob_widget_stalker_use&quot;:&quot;no&quot;,&quot;_ob_shadough_use&quot;:&quot;no&quot;}\" data-swiper-parallax-x=\"-60%\" data-swiper-parallax-duration=\"700\" data-widget_type=\"shortcode.default\">\n\t\t\t\t<div class=\"elementor-widget-container\">\n\t\t\t\t\t\t\t<div class=\"elementor-shortcode\"><div class=\"dst-quote\"><div class=\"dst-quote-text\">\u201e<em>Ich bedanke mich vor allem f\u00fcr den Spracherwerb und die guten Lernmethoden. Als ich danach zu einer anderen Schule gegangen bin, waren die Lernmethoden viel weniger praktisch<\/em>.\u201c<\/div><h4 class=\"dst-quote-title\">Laura Rodr\u00edguez-Pastrana, ehemalige Sch\u00fclerin<\/h4><\/div><\/div>\n\t\t\t\t\t\t<\/div>\n\t\t\t\t<\/div>\n\t\t\t\t\t<\/div>\n\t\t<\/div>\n\t\t\t\t<div class=\"elementor-column elementor-col-25 elementor-top-column elementor-element elementor-element-08decb9\" data-id=\"08decb9\" data-element_type=\"column\" data-settings=\"{&quot;background_background&quot;:&quot;classic&quot;}\">\n\t\t\t<div class=\"elementor-widget-wrap elementor-element-populated\">\n\t\t\t\t\t\t<div class=\"elementor-element elementor-element-2f20259 elementor-widget__width-initial elementor-widget-tablet__width-initial elementor-fixed elementor-hidden-phone elementor-invisible elementor-widget elementor-widget-shortcode\" data-id=\"2f20259\" data-element_type=\"widget\" data-settings=\"{&quot;_position&quot;:&quot;fixed&quot;,&quot;_animation&quot;:&quot;slideInRight&quot;,&quot;_ob_widget_stalker_use&quot;:&quot;no&quot;,&quot;_ob_shadough_use&quot;:&quot;no&quot;}\" data-swiper-parallax-x=\"-60%\" data-swiper-parallax-duration=\"700\" data-widget_type=\"shortcode.default\">\n\t\t\t\t<div class=\"elementor-widget-container\">\n\t\t\t\t\t\t\t<div class=\"elementor-shortcode\"><div class=\"dst-quote\"><div class=\"dst-quote-text\">\u201c<em>El Colegio Alem\u00e1n me ha abierto las puertas para estudiar en cualquier parte del mundo. He aprendido a comunicarme a diario en otro idioma\u201c.\u00a0<\/em><\/div><h4 class=\"dst-quote-title\">Luc\u00eda Roca Killick, antigua alumna, Abitur 2017<\/h4><\/div><\/div>\n\t\t\t\t\t\t<\/div>\n\t\t\t\t<\/div>\n\t\t\t\t\t<\/div>\n\t\t<\/div>\n\t\t\t\t\t<\/div>\n\t\t<\/section>\n\t\t\t\t<section class=\"elementor-section elementor-top-section elementor-element elementor-element-4899c48 elementor-section-boxed elementor-section-height-default elementor-section-height-default\" data-id=\"4899c48\" data-element_type=\"section\" data-settings=\"{&quot;_ob_glider_is_slider&quot;:&quot;no&quot;}\">\n\t\t\t\t\t\t<div class=\"elementor-container elementor-column-gap-default\">\n\t\t\t\t\t<div class=\"elementor-column elementor-col-100 elementor-top-column elementor-element elementor-element-8e40753\" data-id=\"8e40753\" data-element_type=\"column\">\n\t\t\t<div class=\"elementor-widget-wrap elementor-element-populated\">\n\t\t\t\t\t\t<div class=\"elementor-element elementor-element-6c21164 elementor-widget elementor-widget-jet-blog-text-ticker\" data-id=\"6c21164\" data-element_type=\"widget\" data-settings=\"{&quot;_ob_widget_stalker_use&quot;:&quot;no&quot;,&quot;_ob_shadough_use&quot;:&quot;no&quot;}\" data-widget_type=\"jet-blog-text-ticker.default\">\n\t\t\t\t<div class=\"elementor-widget-container\">\n\t\t\t\t\t<div class=\"elementor-jet-blog-text-ticker jet-blog\"><div class=\"jet-text-ticker\">\n\t\t<div class=\"jet-text-ticker__title jet-blog-hidden-mobile\">\u00a1Atenci\u00f3n!<\/div>\t<div class=\"jet-text-ticker__posts-wrap\">\n\t\t<div class=\"jet-text-ticker__posts\" data-slider-atts='{\"slidesToShow\":1,\"slidesToScroll\":1,\"fade\":true,\"arrows\":true,\"prevArrow\":\"<i class=\\\"jet-arrow-prev jet-blog-arrow\\\"><svg width=\\\"24\\\" height=\\\"24\\\" viewBox=\\\"0 0 24 24\\\" fill=\\\"none\\\" xmlns=\\\"http:\\\/\\\/www.w3.org\\\/2000\\\/svg\\\"><path d=\\\"M14.625 5.3999L16.3 7.0749L11.35 12.0249L16.3 16.9749L14.625 18.6499L7.99999 12.0249L14.625 5.3999Z\\\" fill=\\\"#0F172A\\\"\\\/><\\\/svg><\\\/i>\",\"nextArrow\":\"<i class=\\\"jet-arrow-next jet-blog-arrow\\\"><svg width=\\\"24\\\" height=\\\"24\\\" viewBox=\\\"0 0 24 24\\\" fill=\\\"none\\\" xmlns=\\\"http:\\\/\\\/www.w3.org\\\/2000\\\/svg\\\"><path d=\\\"M9.37501 18.6001L7.70001 16.9251L12.65 11.9751L7.70001 7.0251L9.37501 5.3501L16 11.9751L9.37501 18.6001Z\\\" fill=\\\"#0F172A\\\"\\\/><\\\/svg><\\\/i>\",\"autoplay\":true,\"autoplaySpeed\":8000}' dir=\"ltr\" data-typing=\"1\">\t\t\t\t<div class=\"jet-text-ticker__item\">\n\t\t\t\t\t<div class=\"jet-text-ticker__item-content jet-use-typing jet-multiline-typing\">\n\t\t\t\t\t\t\t\t\t\t\t\t\t\t\t\t\t\t\t\t\t\t\t\t<div class=\"jet-text-ticker__item-typed-wrap\">\n\t\t\t\t\t\t\t<a href=\"https:\/\/staging.dst.deutsche-schule.eu\/es\/dst-ticker\/schulanfang2021\/\" class=\"jet-text-ticker__item-typed\"><span class=\"jet-text-ticker__item-typed-inner\" data-typing-text=\"+++ \u00a1Importante! Informaci\u00f3n sobre el inicio de las clases +++\">+++ \u00a1Importante! Informaci\u00f3n sobre el inicio de las clases +++<\/span><\/a>\t\t\t\t\t\t<\/div>\n\t\t\t\t\t<\/div>\n\t\t\t\t<\/div>\n\t\t\t\t\t\t\t\t<div class=\"jet-text-ticker__item\">\n\t\t\t\t\t<div class=\"jet-text-ticker__item-content jet-use-typing jet-multiline-typing\">\n\t\t\t\t\t\t\t\t\t\t\t\t\t\t\t\t\t\t\t\t\t\t\t\t<div class=\"jet-text-ticker__item-typed-wrap\">\n\t\t\t\t\t\t\t<a href=\"https:\/\/staging.dst.deutsche-schule.eu\/es\/dst-ticker\/sturmwarnung-am-2-5-wird-heftiger-sturm-erwartet\/\" class=\"jet-text-ticker__item-typed\"><span class=\"jet-text-ticker__item-typed-inner\" data-typing-text=\"+++ Wichtig! Informationen zum Schuljahresbeginn 2021\/22 +++\">+++ Wichtig! Informationen zum Schuljahresbeginn 2021\/22 +++<\/span><\/a>\t\t\t\t\t\t<\/div>\n\t\t\t\t\t<\/div>\n\t\t\t\t<\/div>\n\t\t\t\t<\/div>\n\t<\/div>\n<\/div><\/div>\t\t\t\t<\/div>\n\t\t\t\t<\/div>\n\t\t\t\t\t<\/div>\n\t\t<\/div>\n\t\t\t\t\t<\/div>\n\t\t<\/section>\n\t\t\t\t<section class=\"elementor-section elementor-top-section elementor-element elementor-element-6bee853 elementor-section-boxed elementor-section-height-default elementor-section-height-default\" data-id=\"6bee853\" data-element_type=\"section\" data-settings=\"{&quot;background_background&quot;:&quot;classic&quot;,&quot;_ob_glider_is_slider&quot;:&quot;no&quot;}\">\n\t\t\t\t\t\t<div class=\"elementor-container elementor-column-gap-default\">\n\t\t\t\t\t<div class=\"elementor-column elementor-col-100 elementor-top-column elementor-element elementor-element-03e35e7\" data-id=\"03e35e7\" data-element_type=\"column\">\n\t\t\t<div class=\"elementor-widget-wrap elementor-element-populated\">\n\t\t\t\t\t\t<div class=\"elementor-element elementor-element-2c0f992 elementor-widget elementor-widget-jet-listing-grid\" data-id=\"2c0f992\" data-element_type=\"widget\" id=\"StartPosts1\" data-settings=\"{&quot;columns&quot;:3,&quot;columns_tablet&quot;:&quot;2&quot;,&quot;columns_mobile&quot;:&quot;1&quot;,&quot;_ob_widget_stalker_use&quot;:&quot;no&quot;,&quot;_animation&quot;:&quot;none&quot;,&quot;_ob_shadough_use&quot;:&quot;no&quot;}\" data-widget_type=\"jet-listing-grid.default\">\n\t\t\t\t<div class=\"elementor-widget-container\">\n\t\t\t\t\t<div class=\"jet-listing-grid jet-listing\"><div class=\"jet-listing-grid__items grid-col-desk-3 grid-col-tablet-2 grid-col-mobile-1 jet-listing-grid--35663 jet-equal-columns__wrapper\"  data-nav=\"{&quot;enabled&quot;:true,&quot;type&quot;:&quot;click&quot;,&quot;more_el&quot;:&quot;#btnWeiter&quot;,&quot;query&quot;:{&quot;post_status&quot;:[&quot;publish&quot;],&quot;post_type&quot;:&quot;post&quot;,&quot;posts_per_page&quot;:&quot;3&quot;,&quot;paged&quot;:&quot;1&quot;,&quot;ignore_sticky_posts&quot;:&quot;1&quot;,&quot;orderby&quot;:&quot;date&quot;,&quot;suppress_filters&quot;:false,&quot;jet_smart_filters&quot;:&quot;jet-engine\\\/StartPosts1&quot;},&quot;widget_settings&quot;:{&quot;lisitng_id&quot;:35663,&quot;posts_num&quot;:3,&quot;columns&quot;:3,&quot;columns_tablet&quot;:2,&quot;columns_mobile&quot;:1,&quot;is_archive_template&quot;:&quot;&quot;,&quot;post_status&quot;:[&quot;publish&quot;],&quot;use_random_posts_num&quot;:&quot;&quot;,&quot;max_posts_num&quot;:9,&quot;not_found_message&quot;:&quot;No hay art\\u00edculos actuales&quot;,&quot;is_masonry&quot;:false,&quot;equal_columns_height&quot;:&quot;yes&quot;,&quot;use_load_more&quot;:&quot;yes&quot;,&quot;load_more_id&quot;:&quot;btnWeiter&quot;,&quot;load_more_type&quot;:&quot;click&quot;,&quot;load_more_offset&quot;:{&quot;unit&quot;:&quot;px&quot;,&quot;size&quot;:0,&quot;sizes&quot;:[]},&quot;use_custom_post_types&quot;:&quot;&quot;,&quot;custom_post_types&quot;:[],&quot;hide_widget_if&quot;:&quot;&quot;,&quot;carousel_enabled&quot;:&quot;&quot;,&quot;slides_to_scroll&quot;:&quot;1&quot;,&quot;arrows&quot;:&quot;true&quot;,&quot;arrow_icon&quot;:&quot;fa fa-angle-left&quot;,&quot;dots&quot;:&quot;&quot;,&quot;autoplay&quot;:&quot;true&quot;,&quot;autoplay_speed&quot;:5000,&quot;infinite&quot;:&quot;true&quot;,&quot;center_mode&quot;:&quot;&quot;,&quot;effect&quot;:&quot;slide&quot;,&quot;speed&quot;:500,&quot;inject_alternative_items&quot;:&quot;&quot;,&quot;injection_items&quot;:[],&quot;scroll_slider_enabled&quot;:&quot;&quot;,&quot;scroll_slider_on&quot;:[&quot;desktop&quot;,&quot;tablet&quot;,&quot;mobile&quot;],&quot;custom_query&quot;:false,&quot;custom_query_id&quot;:&quot;&quot;,&quot;_element_id&quot;:&quot;StartPosts1&quot;}}\" data-page=\"1\" data-pages=\"121\" data-listing-source=\"posts\" data-listing-id=\"35663\" data-query-id=\"\"><style>.elementor-44110 .elementor-element.elementor-element-697b234:not(.elementor-motion-effects-element-type-background), .elementor-44110 .elementor-element.elementor-element-697b234 > .elementor-motion-effects-container > .elementor-motion-effects-layer{background-color:var( --e-global-color-b56eafb );}.elementor-44110 .elementor-element.elementor-element-697b234 > .elementor-container{max-width:800px;min-height:480px;}.elementor-44110 .elementor-element.elementor-element-697b234{transition:background 0.3s, border 0.3s, border-radius 0.3s, box-shadow 0.3s;margin-top:0px;margin-bottom:16px;}.elementor-44110 .elementor-element.elementor-element-697b234 > .elementor-background-overlay{transition:background 0.3s, border-radius 0.3s, opacity 0.3s;}.elementor-bc-flex-widget .elementor-44110 .elementor-element.elementor-element-70fa1718.elementor-column .elementor-widget-wrap{align-items:flex-start;}.elementor-44110 .elementor-element.elementor-element-70fa1718.elementor-column.elementor-element[data-element_type=\"column\"] > .elementor-widget-wrap.elementor-element-populated{align-content:flex-start;align-items:flex-start;}.elementor-44110 .elementor-element.elementor-element-70fa1718 > .elementor-widget-wrap > .elementor-widget:not(.elementor-widget__width-auto):not(.elementor-widget__width-initial):not(:last-child):not(.elementor-absolute){margin-block-end:8px;}.elementor-44110 .elementor-element.elementor-element-70fa1718 > .elementor-element-populated{border-style:solid;border-width:1px 1px 1px 1px;border-color:#E0E0E073;margin:0px 0px 0px 0px;--e-column-margin-right:0px;--e-column-margin-left:0px;padding:0em 0em 0em 0em;}.elementor-44110 .elementor-element.elementor-element-70fa1718 > .elementor-element-populated, .elementor-44110 .elementor-element.elementor-element-70fa1718 > .elementor-element-populated > .elementor-background-overlay, .elementor-44110 .elementor-element.elementor-element-70fa1718 > .elementor-background-slideshow{border-radius:8px 8px 0px 0px;}.elementor-44110 .elementor-element.elementor-element-4a98a9c > .elementor-widget-container{margin:0em 0em 0em 0em;}.elementor-44110 .elementor-element.elementor-element-4a98a9c {filter:drop-shadow(0px 0px 5px #00000030);}.elementor-44110 .elementor-element.elementor-element-4a98a9c .jet-listing-dynamic-image{justify-content:center;}.elementor-44110 .elementor-element.elementor-element-4a98a9c .jet-listing-dynamic-image img{border-radius:16px 16px 0px 0px;}.elementor-44110 .elementor-element.elementor-element-9103d11 .jet-listing-dynamic-field.display-multiline, .elementor-44110 .elementor-element.elementor-element-9103d11 .jet-listing-dynamic-field.display-inline .jet-listing-dynamic-field__inline-wrap{background-color:#FFFFFFE6;}.elementor-44110 .elementor-element.elementor-element-9103d11 > .elementor-widget-container{margin:-1.5em 1em -1em 1em;padding:1px 8px 1px 8px;}.elementor-44110 .elementor-element.elementor-element-9103d11 .jet-listing-dynamic-field__content{color:var( --e-global-color-text );text-align:center;}.elementor-44110 .elementor-element.elementor-element-9103d11 .jet-listing-dynamic-field .jet-listing-dynamic-field__inline-wrap{width:auto;}.elementor-44110 .elementor-element.elementor-element-9103d11 .jet-listing-dynamic-field .jet-listing-dynamic-field__content{width:auto;}.elementor-44110 .elementor-element.elementor-element-9103d11 .jet-listing-dynamic-field{justify-content:center;}.elementor-44110 .elementor-element.elementor-element-9103d11 .jet-listing-dynamic-field.display-multiline{padding:0em 1em 0em 1em;border-radius:9px 9px 9px 9px;}.elementor-44110 .elementor-element.elementor-element-9103d11 .jet-listing-dynamic-field.display-inline .jet-listing-dynamic-field__inline-wrap{padding:0em 1em 0em 1em;border-radius:9px 9px 9px 9px;}.elementor-44110 .elementor-element.elementor-element-f156560 > .elementor-widget-container{margin:8px 0px 0px 0px;padding:0px 0px 0px 0px;}.elementor-44110 .elementor-element.elementor-element-f156560 .jet-listing-dynamic-field__content{color:var( --e-global-color-2ac9136 );font-family:var( --e-global-typography-primary-font-family ), Sans-serif;font-weight:var( --e-global-typography-primary-font-weight );font-style:var( --e-global-typography-primary-font-style );text-align:center;}.elementor-44110 .elementor-element.elementor-element-f156560 .jet-listing-dynamic-field .jet-listing-dynamic-field__inline-wrap{width:auto;}.elementor-44110 .elementor-element.elementor-element-f156560 .jet-listing-dynamic-field .jet-listing-dynamic-field__content{width:auto;}.elementor-44110 .elementor-element.elementor-element-f156560 .jet-listing-dynamic-field{justify-content:center;}.elementor-44110 .elementor-element.elementor-element-27040c8 .jet-listing-dynamic-field__content{font-family:\"Open Sans\", Sans-serif;font-size:0.95em;font-weight:400;text-align:left;}.elementor-44110 .elementor-element.elementor-element-27040c8 .jet-listing-dynamic-field .jet-listing-dynamic-field__inline-wrap{width:auto;}.elementor-44110 .elementor-element.elementor-element-27040c8 .jet-listing-dynamic-field .jet-listing-dynamic-field__content{width:auto;}.elementor-44110 .elementor-element.elementor-element-27040c8 .jet-listing-dynamic-field{justify-content:flex-start;}.elementor-44110 .elementor-element.elementor-element-27040c8 .jet-listing-dynamic-field.display-multiline{padding:0em 1em 0em 1em;}.elementor-44110 .elementor-element.elementor-element-27040c8 .jet-listing-dynamic-field.display-inline .jet-listing-dynamic-field__inline-wrap{padding:0em 1em 0em 1em;}.elementor-44110 .elementor-element.elementor-element-c0667d9 > .elementor-widget-container{padding:0em 2em 0em 0em;}body:not(.rtl) .elementor-44110 .elementor-element.elementor-element-c0667d9{left:10px;}body.rtl .elementor-44110 .elementor-element.elementor-element-c0667d9{right:10px;}.elementor-44110 .elementor-element.elementor-element-c0667d9{bottom:8px;}.elementor-44110 .elementor-element.elementor-element-c0667d9 .jet-listing-dynamic-link__link{align-self:flex-end;flex-direction:row;}.elementor-44110 .elementor-element.elementor-element-c0667d9 .jet-listing-dynamic-link__icon{order:1;}.jet-listing-item.single-jet-engine.elementor-page-44110 > .elementor{width:360px;margin-left:auto;margin-right:auto;}\/* Start custom CSS for column, class: .elementor-element-70fa1718 *\/.elementor-44110 elementor-35663 .elementor-element.elementor-element-70fa1718 {\n    box-shadow: 2px 2px 5px silver;\n    min-height: 440px;\n}\/* End custom CSS *\/<\/style><div class=\"jet-listing-grid__item jet-listing-dynamic-post-43501 jet-equal-columns\" data-post-id=\"43501\" ><div class=\"jet-engine-listing-overlay-wrap\" data-url=\"https:\/\/staging.dst.deutsche-schule.eu\/es\/despedida-del-kindergarten-y-bienvenida-a-k3\/\">\t\t<div data-elementor-type=\"jet-listing-items\" data-elementor-id=\"44110\" class=\"elementor elementor-44110 elementor-35663\" data-elementor-post-type=\"jet-engine\">\n\t\t\t\t\t\t<article class=\"elementor-section elementor-top-section elementor-element elementor-element-697b234 elementor-section-items-top elementor-section-height-min-height elementor-section-boxed elementor-section-height-default\" data-id=\"697b234\" data-element_type=\"section\" data-settings=\"{&quot;background_background&quot;:&quot;classic&quot;,&quot;_ob_glider_is_slider&quot;:&quot;no&quot;}\">\n\t\t\t\t\t\t<div class=\"elementor-container elementor-column-gap-default\">\n\t\t\t\t\t<div class=\"elementor-column elementor-col-100 elementor-top-column elementor-element elementor-element-70fa1718\" data-id=\"70fa1718\" data-element_type=\"column\">\n\t\t\t<div class=\"elementor-widget-wrap elementor-element-populated\">\n\t\t\t\t\t\t<div class=\"elementor-element elementor-element-4a98a9c elementor-widget elementor-widget-jet-listing-dynamic-image\" data-id=\"4a98a9c\" data-element_type=\"widget\" data-settings=\"{&quot;_ob_shadough_use&quot;:&quot;yes&quot;}\" data-widget_type=\"jet-listing-dynamic-image.default\">\n\t\t\t\t<div class=\"elementor-widget-container\">\n\t\t\t\t\t<div class=\"jet-listing jet-listing-dynamic-image\"><a href=\"https:\/\/staging.dst.deutsche-schule.eu\/es\/despedida-del-kindergarten-y-bienvenida-a-k3\/\" class=\"jet-listing-dynamic-image__link\"><img fetchpriority=\"high\" decoding=\"async\" width=\"375\" height=\"250\" src=\"https:\/\/staging.dst.deutsche-schule.eu\/wp-content\/uploads\/2021\/07\/Abschied-Kindergarten__image1-5-375x250.jpeg\" class=\"jet-listing-dynamic-image__img attachment-dst-thumb-featured size-dst-thumb-featured wp-post-image\" alt=\"Abschied Kindergarten__image1-5\" loading=\"eager\" \/><\/a><\/div>\t\t\t\t<\/div>\n\t\t\t\t<\/div>\n\t\t\t\t<div class=\"elementor-element elementor-element-9103d11 elementor-widget elementor-widget-jet-listing-dynamic-field\" data-id=\"9103d11\" data-element_type=\"widget\" data-settings=\"{&quot;_ob_widget_stalker_use&quot;:&quot;no&quot;,&quot;_ob_shadough_use&quot;:&quot;no&quot;}\" data-widget_type=\"jet-listing-dynamic-field.default\">\n\t\t\t\t<div class=\"elementor-widget-container\">\n\t\t\t\t\t<div class=\"jet-listing jet-listing-dynamic-field display-inline\"><div class=\"jet-listing-dynamic-field__inline-wrap\"><div class=\"jet-listing-dynamic-field__content\"> julio 14, 2021 <\/div><\/div><\/div>\t\t\t\t<\/div>\n\t\t\t\t<\/div>\n\t\t\t\t<div class=\"elementor-element elementor-element-f156560 elementor-widget elementor-widget-jet-listing-dynamic-field\" data-id=\"f156560\" data-element_type=\"widget\" data-settings=\"{&quot;_ob_widget_stalker_use&quot;:&quot;no&quot;,&quot;_ob_shadough_use&quot;:&quot;no&quot;}\" data-widget_type=\"jet-listing-dynamic-field.default\">\n\t\t\t\t<div class=\"elementor-widget-container\">\n\t\t\t\t\t<div class=\"jet-listing jet-listing-dynamic-field display-inline\"><div class=\"jet-listing-dynamic-field__inline-wrap\"><div class=\"jet-listing-dynamic-field__content\">Despedida del Kindergarten y bienvenida a K3+<\/div><\/div><\/div>\t\t\t\t<\/div>\n\t\t\t\t<\/div>\n\t\t\t\t<div class=\"elementor-element elementor-element-27040c8 elementor-widget elementor-widget-jet-listing-dynamic-field\" data-id=\"27040c8\" data-element_type=\"widget\" data-settings=\"{&quot;_ob_widget_stalker_use&quot;:&quot;no&quot;,&quot;_ob_shadough_use&quot;:&quot;no&quot;}\" data-widget_type=\"jet-listing-dynamic-field.default\">\n\t\t\t\t<div class=\"elementor-widget-container\">\n\t\t\t\t\t<div class=\"jet-listing jet-listing-dynamic-field display-inline\"><div class=\"jet-listing-dynamic-field__inline-wrap\"><div class=\"jet-listing-dynamic-field__content\">Despedida del Kindergarten y bienvenida a K3+ &nbsp;<\/div><\/div><\/div>\t\t\t\t<\/div>\n\t\t\t\t<\/div>\n\t\t\t\t<div class=\"elementor-element elementor-element-c0667d9 elementor-absolute elementor-widget elementor-widget-jet-listing-dynamic-link\" data-id=\"c0667d9\" data-element_type=\"widget\" data-settings=\"{&quot;_position&quot;:&quot;absolute&quot;,&quot;_ob_widget_stalker_use&quot;:&quot;no&quot;,&quot;_ob_shadough_use&quot;:&quot;no&quot;}\" data-widget_type=\"jet-listing-dynamic-link.default\">\n\t\t\t\t<div class=\"elementor-widget-container\">\n\t\t\t\t\t<div class=\"jet-listing jet-listing-dynamic-link\"><a href=\"https:\/\/staging.dst.deutsche-schule.eu\/es\/despedida-del-kindergarten-y-bienvenida-a-k3\/\" class=\"jet-listing-dynamic-link__link\"><span class=\"jet-listing-dynamic-link__label\">m\u00e1s<\/span><\/a><\/div>\t\t\t\t<\/div>\n\t\t\t\t<\/div>\n\t\t\t\t\t<\/div>\n\t\t<\/div>\n\t\t\t\t\t<\/div>\n\t\t<\/article>\n\t\t\t\t<\/div>\n\t\t<a href=\"https:\/\/staging.dst.deutsche-schule.eu\/es\/despedida-del-kindergarten-y-bienvenida-a-k3\/\" class=\"jet-engine-listing-overlay-link\"><\/a><\/div><\/div><div class=\"jet-listing-grid__item jet-listing-dynamic-post-43332 jet-equal-columns\" data-post-id=\"43332\" ><div class=\"jet-engine-listing-overlay-wrap\" data-url=\"https:\/\/staging.dst.deutsche-schule.eu\/es\/sommerprojekt-der-grundschule\/\">\t\t<div data-elementor-type=\"jet-listing-items\" data-elementor-id=\"44110\" class=\"elementor elementor-44110 elementor-35663\" data-elementor-post-type=\"jet-engine\">\n\t\t\t\t\t\t<article class=\"elementor-section elementor-top-section elementor-element elementor-element-697b234 elementor-section-items-top elementor-section-height-min-height elementor-section-boxed elementor-section-height-default\" data-id=\"697b234\" data-element_type=\"section\" data-settings=\"{&quot;background_background&quot;:&quot;classic&quot;,&quot;_ob_glider_is_slider&quot;:&quot;no&quot;}\">\n\t\t\t\t\t\t<div class=\"elementor-container elementor-column-gap-default\">\n\t\t\t\t\t<div class=\"elementor-column elementor-col-100 elementor-top-column elementor-element elementor-element-70fa1718\" data-id=\"70fa1718\" data-element_type=\"column\">\n\t\t\t<div class=\"elementor-widget-wrap elementor-element-populated\">\n\t\t\t\t\t\t<div class=\"elementor-element elementor-element-4a98a9c elementor-widget elementor-widget-jet-listing-dynamic-image\" data-id=\"4a98a9c\" data-element_type=\"widget\" data-settings=\"{&quot;_ob_shadough_use&quot;:&quot;yes&quot;}\" data-widget_type=\"jet-listing-dynamic-image.default\">\n\t\t\t\t<div class=\"elementor-widget-container\">\n\t\t\t\t\t<div class=\"jet-listing jet-listing-dynamic-image\"><a href=\"https:\/\/staging.dst.deutsche-schule.eu\/es\/sommerprojekt-der-grundschule\/\" class=\"jet-listing-dynamic-image__link\"><img decoding=\"async\" width=\"375\" height=\"250\" src=\"https:\/\/staging.dst.deutsche-schule.eu\/wp-content\/uploads\/2021\/07\/Sommerprojekt-GS-2021-IMG_20210630_080533-1-375x250.jpg\" class=\"jet-listing-dynamic-image__img attachment-dst-thumb-featured size-dst-thumb-featured wp-post-image\" alt=\"Sommerprojekt GS 2021 IMG_20210630_080533-1\" loading=\"eager\" \/><\/a><\/div>\t\t\t\t<\/div>\n\t\t\t\t<\/div>\n\t\t\t\t<div class=\"elementor-element elementor-element-9103d11 elementor-widget elementor-widget-jet-listing-dynamic-field\" data-id=\"9103d11\" data-element_type=\"widget\" data-settings=\"{&quot;_ob_widget_stalker_use&quot;:&quot;no&quot;,&quot;_ob_shadough_use&quot;:&quot;no&quot;}\" data-widget_type=\"jet-listing-dynamic-field.default\">\n\t\t\t\t<div class=\"elementor-widget-container\">\n\t\t\t\t\t<div class=\"jet-listing jet-listing-dynamic-field display-inline\"><div class=\"jet-listing-dynamic-field__inline-wrap\"><div class=\"jet-listing-dynamic-field__content\"> julio 14, 2021 <\/div><\/div><\/div>\t\t\t\t<\/div>\n\t\t\t\t<\/div>\n\t\t\t\t<div class=\"elementor-element elementor-element-f156560 elementor-widget elementor-widget-jet-listing-dynamic-field\" data-id=\"f156560\" data-element_type=\"widget\" data-settings=\"{&quot;_ob_widget_stalker_use&quot;:&quot;no&quot;,&quot;_ob_shadough_use&quot;:&quot;no&quot;}\" data-widget_type=\"jet-listing-dynamic-field.default\">\n\t\t\t\t<div class=\"elementor-widget-container\">\n\t\t\t\t\t<div class=\"jet-listing jet-listing-dynamic-field display-inline\"><div class=\"jet-listing-dynamic-field__inline-wrap\"><div class=\"jet-listing-dynamic-field__content\">Proyecto de verano en la Primaria<\/div><\/div><\/div>\t\t\t\t<\/div>\n\t\t\t\t<\/div>\n\t\t\t\t<div class=\"elementor-element elementor-element-27040c8 elementor-widget elementor-widget-jet-listing-dynamic-field\" data-id=\"27040c8\" data-element_type=\"widget\" data-settings=\"{&quot;_ob_widget_stalker_use&quot;:&quot;no&quot;,&quot;_ob_shadough_use&quot;:&quot;no&quot;}\" data-widget_type=\"jet-listing-dynamic-field.default\">\n\t\t\t\t<div class=\"elementor-widget-container\">\n\t\t\t\t\t<div class=\"jet-listing jet-listing-dynamic-field display-inline\"><div class=\"jet-listing-dynamic-field__inline-wrap\"><div class=\"jet-listing-dynamic-field__content\">Para terminar este curso lleno de experiencias los alumnos junto a sus profesores y con el apoyo de...<\/div><\/div><\/div>\t\t\t\t<\/div>\n\t\t\t\t<\/div>\n\t\t\t\t<div class=\"elementor-element elementor-element-c0667d9 elementor-absolute elementor-widget elementor-widget-jet-listing-dynamic-link\" data-id=\"c0667d9\" data-element_type=\"widget\" data-settings=\"{&quot;_position&quot;:&quot;absolute&quot;,&quot;_ob_widget_stalker_use&quot;:&quot;no&quot;,&quot;_ob_shadough_use&quot;:&quot;no&quot;}\" data-widget_type=\"jet-listing-dynamic-link.default\">\n\t\t\t\t<div class=\"elementor-widget-container\">\n\t\t\t\t\t<div class=\"jet-listing jet-listing-dynamic-link\"><a href=\"https:\/\/staging.dst.deutsche-schule.eu\/es\/sommerprojekt-der-grundschule\/\" class=\"jet-listing-dynamic-link__link\"><span class=\"jet-listing-dynamic-link__label\">m\u00e1s<\/span><\/a><\/div>\t\t\t\t<\/div>\n\t\t\t\t<\/div>\n\t\t\t\t\t<\/div>\n\t\t<\/div>\n\t\t\t\t\t<\/div>\n\t\t<\/article>\n\t\t\t\t<\/div>\n\t\t<a href=\"https:\/\/staging.dst.deutsche-schule.eu\/es\/sommerprojekt-der-grundschule\/\" class=\"jet-engine-listing-overlay-link\"><\/a><\/div><\/div><div class=\"jet-listing-grid__item jet-listing-dynamic-post-43325 jet-equal-columns\" data-post-id=\"43325\" ><div class=\"jet-engine-listing-overlay-wrap\" data-url=\"https:\/\/staging.dst.deutsche-schule.eu\/es\/verano-en-el-kindergarten-2021\/\">\t\t<div data-elementor-type=\"jet-listing-items\" data-elementor-id=\"44110\" class=\"elementor elementor-44110 elementor-35663\" data-elementor-post-type=\"jet-engine\">\n\t\t\t\t\t\t<article class=\"elementor-section elementor-top-section elementor-element elementor-element-697b234 elementor-section-items-top elementor-section-height-min-height elementor-section-boxed elementor-section-height-default\" data-id=\"697b234\" data-element_type=\"section\" data-settings=\"{&quot;background_background&quot;:&quot;classic&quot;,&quot;_ob_glider_is_slider&quot;:&quot;no&quot;}\">\n\t\t\t\t\t\t<div class=\"elementor-container elementor-column-gap-default\">\n\t\t\t\t\t<div class=\"elementor-column elementor-col-100 elementor-top-column elementor-element elementor-element-70fa1718\" data-id=\"70fa1718\" data-element_type=\"column\">\n\t\t\t<div class=\"elementor-widget-wrap elementor-element-populated\">\n\t\t\t\t\t\t<div class=\"elementor-element elementor-element-4a98a9c elementor-widget elementor-widget-jet-listing-dynamic-image\" data-id=\"4a98a9c\" data-element_type=\"widget\" data-settings=\"{&quot;_ob_shadough_use&quot;:&quot;yes&quot;}\" data-widget_type=\"jet-listing-dynamic-image.default\">\n\t\t\t\t<div class=\"elementor-widget-container\">\n\t\t\t\t\t<div class=\"jet-listing jet-listing-dynamic-image\"><a href=\"https:\/\/staging.dst.deutsche-schule.eu\/es\/verano-en-el-kindergarten-2021\/\" class=\"jet-listing-dynamic-image__link\"><img decoding=\"async\" width=\"375\" height=\"250\" src=\"https:\/\/staging.dst.deutsche-schule.eu\/wp-content\/uploads\/2021\/07\/Sommer_2021_KIGA_20210706_092457-e1628523472393-375x250.jpg\" class=\"jet-listing-dynamic-image__img attachment-dst-thumb-featured size-dst-thumb-featured wp-post-image\" alt=\"Sommer_2021_KIGA_20210706_092457\" loading=\"eager\" \/><\/a><\/div>\t\t\t\t<\/div>\n\t\t\t\t<\/div>\n\t\t\t\t<div class=\"elementor-element elementor-element-9103d11 elementor-widget elementor-widget-jet-listing-dynamic-field\" data-id=\"9103d11\" data-element_type=\"widget\" data-settings=\"{&quot;_ob_widget_stalker_use&quot;:&quot;no&quot;,&quot;_ob_shadough_use&quot;:&quot;no&quot;}\" data-widget_type=\"jet-listing-dynamic-field.default\">\n\t\t\t\t<div class=\"elementor-widget-container\">\n\t\t\t\t\t<div class=\"jet-listing jet-listing-dynamic-field display-inline\"><div class=\"jet-listing-dynamic-field__inline-wrap\"><div class=\"jet-listing-dynamic-field__content\"> julio 14, 2021 <\/div><\/div><\/div>\t\t\t\t<\/div>\n\t\t\t\t<\/div>\n\t\t\t\t<div class=\"elementor-element elementor-element-f156560 elementor-widget elementor-widget-jet-listing-dynamic-field\" data-id=\"f156560\" data-element_type=\"widget\" data-settings=\"{&quot;_ob_widget_stalker_use&quot;:&quot;no&quot;,&quot;_ob_shadough_use&quot;:&quot;no&quot;}\" data-widget_type=\"jet-listing-dynamic-field.default\">\n\t\t\t\t<div class=\"elementor-widget-container\">\n\t\t\t\t\t<div class=\"jet-listing jet-listing-dynamic-field display-inline\"><div class=\"jet-listing-dynamic-field__inline-wrap\"><div class=\"jet-listing-dynamic-field__content\">Verano en el Kindergarten 2021<\/div><\/div><\/div>\t\t\t\t<\/div>\n\t\t\t\t<\/div>\n\t\t\t\t<div class=\"elementor-element elementor-element-27040c8 elementor-widget elementor-widget-jet-listing-dynamic-field\" data-id=\"27040c8\" data-element_type=\"widget\" data-settings=\"{&quot;_ob_widget_stalker_use&quot;:&quot;no&quot;,&quot;_ob_shadough_use&quot;:&quot;no&quot;}\" data-widget_type=\"jet-listing-dynamic-field.default\">\n\t\t\t\t<div class=\"elementor-widget-container\">\n\t\t\t\t\t<div class=\"jet-listing jet-listing-dynamic-field display-inline\"><div class=\"jet-listing-dynamic-field__inline-wrap\"><div class=\"jet-listing-dynamic-field__content\">Hace mucho calor y estamos disfrutando de nuestras piscinas. En estos d\u00edas hemos realizado diferentes actividades con agua:...<\/div><\/div><\/div>\t\t\t\t<\/div>\n\t\t\t\t<\/div>\n\t\t\t\t<div class=\"elementor-element elementor-element-c0667d9 elementor-absolute elementor-widget elementor-widget-jet-listing-dynamic-link\" data-id=\"c0667d9\" data-element_type=\"widget\" data-settings=\"{&quot;_position&quot;:&quot;absolute&quot;,&quot;_ob_widget_stalker_use&quot;:&quot;no&quot;,&quot;_ob_shadough_use&quot;:&quot;no&quot;}\" data-widget_type=\"jet-listing-dynamic-link.default\">\n\t\t\t\t<div class=\"elementor-widget-container\">\n\t\t\t\t\t<div class=\"jet-listing jet-listing-dynamic-link\"><a href=\"https:\/\/staging.dst.deutsche-schule.eu\/es\/verano-en-el-kindergarten-2021\/\" class=\"jet-listing-dynamic-link__link\"><span class=\"jet-listing-dynamic-link__label\">m\u00e1s<\/span><\/a><\/div>\t\t\t\t<\/div>\n\t\t\t\t<\/div>\n\t\t\t\t\t<\/div>\n\t\t<\/div>\n\t\t\t\t\t<\/div>\n\t\t<\/article>\n\t\t\t\t<\/div>\n\t\t<a href=\"https:\/\/staging.dst.deutsche-schule.eu\/es\/verano-en-el-kindergarten-2021\/\" class=\"jet-engine-listing-overlay-link\"><\/a><\/div><\/div><\/div><\/div>\t\t\t\t<\/div>\n\t\t\t\t<\/div>\n\t\t\t\t<div class=\"elementor-element elementor-element-ef11f87 elementor-align-center elementor-widget elementor-widget-button\" data-id=\"ef11f87\" data-element_type=\"widget\" id=\"btnNext\" data-settings=\"{&quot;_ob_widget_stalker_use&quot;:&quot;no&quot;,&quot;_ob_shadough_use&quot;:&quot;no&quot;}\" data-widget_type=\"button.default\">\n\t\t\t\t<div class=\"elementor-widget-container\">\n\t\t\t\t\t\t\t\t\t<div class=\"elementor-button-wrapper\">\n\t\t\t\t\t<a class=\"elementor-button elementor-size-md elementor-animation-grow\" role=\"button\" id=\"btnWeiter\">\n\t\t\t\t\t\t<span class=\"elementor-button-content-wrapper\">\n\t\t\t\t\t\t<span class=\"elementor-button-icon\">\n\t\t\t\t<i aria-hidden=\"true\" class=\"fas fa-angle-double-down\"><\/i>\t\t\t<\/span>\n\t\t\t\t\t\t\t\t\t<span class=\"elementor-button-text\">M\u00e1s art\u00edculos<\/span>\n\t\t\t\t\t<\/span>\n\t\t\t\t\t<\/a>\n\t\t\t\t<\/div>\n\t\t\t\t\t\t\t\t<\/div>\n\t\t\t\t<\/div>\n\t\t\t\t<div class=\"elementor-element elementor-element-1e421b5 elementor-search-form--skin-minimal elementor-widget elementor-widget-search-form\" data-id=\"1e421b5\" data-element_type=\"widget\" data-settings=\"{&quot;skin&quot;:&quot;minimal&quot;,&quot;_ob_searchcop_use_it&quot;:&quot;yes&quot;,&quot;_ob_searchcop_srch_options&quot;:&quot;all&quot;,&quot;_ob_widget_stalker_use&quot;:&quot;no&quot;,&quot;_ob_shadough_use&quot;:&quot;no&quot;}\" data-widget_type=\"search-form.default\">\n\t\t\t\t<div class=\"elementor-widget-container\">\n\t\t\t\t\t\t\t<search role=\"search\">\n\t\t\t<form class=\"elementor-search-form\" action=\"https:\/\/staging.dst.deutsche-schule.eu\/es\/\" method=\"get\">\n\t\t\t\t\t\t\t\t\t\t\t\t<div class=\"elementor-search-form__container\">\n\t\t\t\t\t<label class=\"elementor-screen-only\" for=\"elementor-search-form-1e421b5\">Buscar<\/label>\n\n\t\t\t\t\t\t\t\t\t\t\t<div class=\"elementor-search-form__icon\">\n\t\t\t\t\t\t\t<i aria-hidden=\"true\" class=\"fas fa-search\"><\/i>\t\t\t\t\t\t\t<span class=\"elementor-screen-only\">Buscar<\/span>\n\t\t\t\t\t\t<\/div>\n\t\t\t\t\t\n\t\t\t\t\t<input id=\"elementor-search-form-1e421b5\" placeholder=\"Buscar ....\" class=\"elementor-search-form__input\" type=\"search\" name=\"s\" value=\"\">\n\t\t\t\t\t<input type='hidden' name='lang' value='es' \/>\n\t\t\t\t\t\n\t\t\t\t\t\t\t\t\t<\/div>\n\t\t\t<\/form>\n\t\t<\/search>\n\t\t\t\t\t\t<\/div>\n\t\t\t\t<\/div>\n\t\t\t\t\t<\/div>\n\t\t<\/div>\n\t\t\t\t\t<\/div>\n\t\t<\/section>\n\t\t\t\t<section class=\"elementor-section elementor-top-section elementor-element elementor-element-23174928 elementor-section-content-middle elementor-section-boxed elementor-section-height-default elementor-section-height-default\" data-id=\"23174928\" data-element_type=\"section\" data-settings=\"{&quot;background_background&quot;:&quot;gradient&quot;,&quot;_ob_glider_is_slider&quot;:&quot;no&quot;}\">\n\t\t\t\t\t\t<div class=\"elementor-container elementor-column-gap-no\">\n\t\t\t\t\t<div class=\"elementor-column elementor-col-50 elementor-top-column elementor-element elementor-element-330aa144\" data-id=\"330aa144\" data-element_type=\"column\">\n\t\t\t<div class=\"elementor-widget-wrap elementor-element-populated\">\n\t\t\t\t\t\t<div class=\"elementor-element elementor-element-7e927651 elementor-widget elementor-widget-heading\" data-id=\"7e927651\" data-element_type=\"widget\" data-settings=\"{&quot;motion_fx_motion_fx_scrolling&quot;:&quot;yes&quot;,&quot;motion_fx_translateX_effect&quot;:&quot;yes&quot;,&quot;motion_fx_translateX_direction&quot;:&quot;negative&quot;,&quot;motion_fx_translateX_speed&quot;:{&quot;unit&quot;:&quot;px&quot;,&quot;size&quot;:3.399999999999999911182158029987476766109466552734375,&quot;sizes&quot;:[]},&quot;motion_fx_translateX_affectedRange&quot;:{&quot;unit&quot;:&quot;%&quot;,&quot;size&quot;:&quot;&quot;,&quot;sizes&quot;:{&quot;start&quot;:0,&quot;end&quot;:47}},&quot;motion_fx_scale_effect&quot;:&quot;yes&quot;,&quot;motion_fx_scale_range&quot;:{&quot;unit&quot;:&quot;%&quot;,&quot;size&quot;:&quot;&quot;,&quot;sizes&quot;:{&quot;start&quot;:0,&quot;end&quot;:74}},&quot;_ob_widget_stalker_use&quot;:&quot;no&quot;,&quot;motion_fx_scale_direction&quot;:&quot;out-in&quot;,&quot;motion_fx_scale_speed&quot;:{&quot;unit&quot;:&quot;px&quot;,&quot;size&quot;:4,&quot;sizes&quot;:[]},&quot;motion_fx_devices&quot;:[&quot;desktop&quot;,&quot;tablet&quot;,&quot;mobile&quot;],&quot;_ob_shadough_use&quot;:&quot;no&quot;}\" data-widget_type=\"heading.default\">\n\t\t\t\t<div class=\"elementor-widget-container\">\n\t\t\t\t\t<h4 class=\"elementor-heading-title elementor-size-default\">Escr\u00edbanos<\/h4>\t\t\t\t<\/div>\n\t\t\t\t<\/div>\n\t\t\t\t\t<\/div>\n\t\t<\/div>\n\t\t\t\t<div class=\"elementor-column elementor-col-50 elementor-top-column elementor-element elementor-element-2ea2f13e\" data-id=\"2ea2f13e\" data-element_type=\"column\">\n\t\t\t<div class=\"elementor-widget-wrap elementor-element-populated\">\n\t\t\t\t\t\t<div class=\"elementor-element elementor-element-b44e35d elementor-align-center elementor-widget elementor-widget-button\" data-id=\"b44e35d\" data-element_type=\"widget\" data-settings=\"{&quot;_ob_butterbutton_use_it&quot;:&quot;no&quot;,&quot;_ob_widget_stalker_use&quot;:&quot;no&quot;,&quot;_ob_shadough_use&quot;:&quot;no&quot;}\" data-widget_type=\"button.default\">\n\t\t\t\t<div class=\"elementor-widget-container\">\n\t\t\t\t\t\t\t\t\t<div class=\"elementor-button-wrapper\">\n\t\t\t\t\t<a class=\"elementor-button elementor-button-link elementor-size-md elementor-animation-grow\" href=\"mailto:dstenerife@dstenerife.eu\">\n\t\t\t\t\t\t<span class=\"elementor-button-content-wrapper\">\n\t\t\t\t\t\t<span class=\"elementor-button-icon\">\n\t\t\t\t<i aria-hidden=\"true\" class=\"far fa-envelope\"><\/i>\t\t\t<\/span>\n\t\t\t\t\t\t\t\t\t<span class=\"elementor-button-text\">Enviar correo electr\u00f3nico<\/span>\n\t\t\t\t\t<\/span>\n\t\t\t\t\t<\/a>\n\t\t\t\t<\/div>\n\t\t\t\t\t\t\t\t<\/div>\n\t\t\t\t<\/div>\n\t\t\t\t\t<\/div>\n\t\t<\/div>\n\t\t\t\t\t<\/div>\n\t\t<\/section>\n\t\t\t\t<section class=\"elementor-section elementor-top-section elementor-element elementor-element-d4b989e elementor-section-boxed elementor-section-height-default elementor-section-height-default\" data-id=\"d4b989e\" data-element_type=\"section\" data-settings=\"{&quot;_ob_glider_is_slider&quot;:&quot;no&quot;}\">\n\t\t\t\t\t\t<div class=\"elementor-container elementor-column-gap-default\">\n\t\t\t\t\t<div class=\"elementor-column elementor-col-100 elementor-top-column elementor-element elementor-element-6995071\" data-id=\"6995071\" data-element_type=\"column\">\n\t\t\t<div class=\"elementor-widget-wrap elementor-element-populated\">\n\t\t\t\t\t\t<div class=\"elementor-element elementor-element-6022b8e elementor-widget elementor-widget-heading\" data-id=\"6022b8e\" data-element_type=\"widget\" data-settings=\"{&quot;_ob_widget_stalker_use&quot;:&quot;no&quot;,&quot;_ob_shadough_use&quot;:&quot;no&quot;}\" data-widget_type=\"heading.default\">\n\t\t\t\t<div class=\"elementor-widget-container\">\n\t\t\t\t\t<h2 class=\"elementor-heading-title elementor-size-default\">Colegio Alem\u00e1n Santa Cruz de Tenerife<\/h2>\t\t\t\t<\/div>\n\t\t\t\t<\/div>\n\t\t\t\t<div class=\"elementor-element elementor-element-13944ba elementor-align-center elementor-invisible elementor-widget elementor-widget-button\" data-id=\"13944ba\" data-element_type=\"widget\" data-settings=\"{&quot;_animation&quot;:&quot;zoomInDown&quot;,&quot;_animation_tablet&quot;:&quot;zoomInDown&quot;,&quot;_animation_mobile&quot;:&quot;zoomInDown&quot;,&quot;_ob_widget_stalker_use&quot;:&quot;no&quot;,&quot;_ob_shadough_use&quot;:&quot;no&quot;}\" data-widget_type=\"button.default\">\n\t\t\t\t<div class=\"elementor-widget-container\">\n\t\t\t\t\t\t\t\t\t<div class=\"elementor-button-wrapper\">\n\t\t\t\t\t<a class=\"elementor-button elementor-button-link elementor-size-md\" href=\"#elementor-action%3Aaction%3Dpopup%3Aopen%26settings%3DeyJpZCI6MzYxMDUsInRvZ2dsZSI6ZmFsc2V9\" id=\"YouTube\">\n\t\t\t\t\t\t<span class=\"elementor-button-content-wrapper\">\n\t\t\t\t\t\t<span class=\"elementor-button-icon\">\n\t\t\t\t<i aria-hidden=\"true\" class=\"fab fa-youtube\"><\/i>\t\t\t<\/span>\n\t\t\t\t\t\t\t\t\t<span class=\"elementor-button-text\">M\u00e1s sobre nosotros en el v\u00eddeo <\/span>\n\t\t\t\t\t<\/span>\n\t\t\t\t\t<\/a>\n\t\t\t\t<\/div>\n\t\t\t\t\t\t\t\t<\/div>\n\t\t\t\t<\/div>\n\t\t\t\t<div class=\"elementor-element elementor-element-d43e4f3 elementor-widget elementor-widget-text-editor\" data-id=\"d43e4f3\" data-element_type=\"widget\" data-settings=\"{&quot;_ob_postman_use&quot;:&quot;no&quot;,&quot;_ob_widget_stalker_use&quot;:&quot;no&quot;,&quot;_ob_shadough_use&quot;:&quot;no&quot;}\" data-widget_type=\"text-editor.default\">\n\t\t\t\t<div class=\"elementor-widget-container\">\n\t\t\t\t\t\t\t\t\t<p>El Colegio Alem\u00e1n Santa Cruz de Tenerife (<strong> DST<\/strong>) es un centro de encuentro internacional que prepara a los j\u00f3venes para el ingreso a la universidad alemana y espa\u00f1ola.<\/p>\n<p>El Colegio Alem\u00e1n es un colegio privado extranjero independiente y es reconocido como tal por el estado espa\u00f1ol. Est\u00e1 patrocinado personal y econ\u00f3micamente por el Ministerio de Relaciones Exteriores de la Rep\u00fablica Federal de Alemania.<\/p>\n<p>Nuestro centro es reconocido y supervisado por la Conferencia Permanente de Ministros de Educaci\u00f3n de la Rep\u00fablica Federal de Alemania (KMK).<\/p><\/p>\n\t\t\t\t\t\t\t\t<\/div>\n\t\t\t\t<\/div>\n\t\t\t\t\t<\/div>\n\t\t<\/div>\n\t\t\t\t\t<\/div>\n\t\t<\/section>\n\t\t\t\t<section class=\"elementor-section elementor-top-section elementor-element elementor-element-7c84145d elementor-section-boxed elementor-section-height-default elementor-section-height-default\" data-id=\"7c84145d\" data-element_type=\"section\" data-settings=\"{&quot;background_background&quot;:&quot;classic&quot;,&quot;_ob_glider_is_slider&quot;:&quot;no&quot;}\">\n\t\t\t\t\t\t\t<div class=\"elementor-background-overlay\"><\/div>\n\t\t\t\t\t\t\t<div class=\"elementor-container elementor-column-gap-default\">\n\t\t\t\t\t<div class=\"elementor-column elementor-col-100 elementor-top-column elementor-element elementor-element-fca5a38\" data-id=\"fca5a38\" data-element_type=\"column\">\n\t\t\t<div class=\"elementor-widget-wrap elementor-element-populated\">\n\t\t\t\t\t\t<div class=\"elementor-element elementor-element-876ac55 elementor-widget elementor-widget-heading\" data-id=\"876ac55\" data-element_type=\"widget\" data-settings=\"{&quot;_ob_widget_stalker_use&quot;:&quot;no&quot;,&quot;_ob_shadough_use&quot;:&quot;no&quot;}\" data-widget_type=\"heading.default\">\n\t\t\t\t<div class=\"elementor-widget-container\">\n\t\t\t\t\t<h2 class=\"elementor-heading-title elementor-size-default\">Lo que nos distingue<\/h2>\t\t\t\t<\/div>\n\t\t\t\t<\/div>\n\t\t\t\t\t<\/div>\n\t\t<\/div>\n\t\t\t\t\t<\/div>\n\t\t<\/section>\n\t\t\t\t<section class=\"elementor-section elementor-top-section elementor-element elementor-element-20150632 elementor-section-boxed elementor-section-height-default elementor-section-height-default\" data-id=\"20150632\" data-element_type=\"section\" data-settings=\"{&quot;_ob_glider_is_slider&quot;:&quot;no&quot;}\">\n\t\t\t\t\t\t<div class=\"elementor-container elementor-column-gap-default\">\n\t\t\t\t\t<div class=\"elementor-column elementor-col-100 elementor-top-column elementor-element elementor-element-4c4203b0\" data-id=\"4c4203b0\" data-element_type=\"column\">\n\t\t\t<div class=\"elementor-widget-wrap elementor-element-populated\">\n\t\t\t\t\t\t<div class=\"elementor-element elementor-element-33e3a68c elementor-widget-mobile__width-initial elementor-view-default elementor-position-block-start elementor-mobile-position-block-start elementor-widget elementor-widget-icon-box\" data-id=\"33e3a68c\" data-element_type=\"widget\" id=\"iconbox1\" data-settings=\"{&quot;_ob_shadough_use&quot;:&quot;no&quot;}\" data-widget_type=\"icon-box.default\">\n\t\t\t\t<div class=\"elementor-widget-container\">\n\t\t\t\t\t\t\t<div class=\"elementor-icon-box-wrapper\">\n\n\t\t\t\t\t\t<div class=\"elementor-icon-box-icon\">\n\t\t\t\t<span  class=\"elementor-icon elementor-animation-grow\">\n\t\t\t\t<i aria-hidden=\"true\" class=\"fas fa-globe\"><\/i>\t\t\t\t<\/span>\n\t\t\t<\/div>\n\t\t\t\n\t\t\t\t\t\t<div class=\"elementor-icon-box-content\">\n\n\t\t\t\t\t\t\t\t\t<h3 class=\"elementor-icon-box-title\">\n\t\t\t\t\t\t<span  >\n\t\t\t\t\t\t\tInternacionalidad\t\t\t\t\t\t<\/span>\n\t\t\t\t\t<\/h3>\n\t\t\t\t\n\t\t\t\t\t\t\t\t\t<p class=\"elementor-icon-box-description\">\n\t\t\t\t\t\tSomos un colegio de encuentro que prepara a sus alumnos a un futuro altamente cualificado e internacional gracias al Bachillerato, a la selectividad alemana (Abitur) y a la obtenci\u00f3n de la CAU (Calificaci\u00f3n de Acceso a la Universidad espa\u00f1ola).\t\t\t\t\t<\/p>\n\t\t\t\t\n\t\t\t<\/div>\n\t\t\t\n\t\t<\/div>\n\t\t\t\t\t\t<\/div>\n\t\t\t\t<\/div>\n\t\t\t\t<div class=\"elementor-element elementor-element-24b584f5 elementor-widget-mobile__width-initial elementor-view-default elementor-position-block-start elementor-mobile-position-block-start elementor-widget elementor-widget-icon-box\" data-id=\"24b584f5\" data-element_type=\"widget\" id=\"iconbox2\" data-settings=\"{&quot;_ob_shadough_use&quot;:&quot;no&quot;}\" data-widget_type=\"icon-box.default\">\n\t\t\t\t<div class=\"elementor-widget-container\">\n\t\t\t\t\t\t\t<div class=\"elementor-icon-box-wrapper\">\n\n\t\t\t\t\t\t<div class=\"elementor-icon-box-icon\">\n\t\t\t\t<span  class=\"elementor-icon elementor-animation-grow\">\n\t\t\t\t<svg xmlns=\"http:\/\/www.w3.org\/2000\/svg\" xmlns:cc=\"http:\/\/creativecommons.org\/ns#\" xmlns:dc=\"http:\/\/purl.org\/dc\/elements\/1.1\/\" xmlns:rdf=\"http:\/\/www.w3.org\/1999\/02\/22-rdf-syntax-ns#\" width=\"54.225\" height=\"54.2\" viewBox=\"0 0 54.225 54.2\"><metadata><\/metadata><path d=\"m53.995 26.581h-0.41a22.79 22.79 0 0 0-35.81-18.68 18.75 18.75 0 0 0-17.12 18.68h-0.42a26.9 26.9 0 0 1 53.79 0z\" fill=\"#1d1d1b\"><\/path><path d=\"m53.615 26.581a22.78 22.78 0 0 1-35.85 18.71 18.75 18.75 0 0 1 0-37.36 22.79 22.79 0 0 1 35.85 18.65z\" fill=\"none\"><\/path><path d=\"m53.995 26.581a26.9 26.9 0 1 1-53.79 0h0.42a18.75 18.75 0 0 0 17.14 18.71 22.78 22.78 0 0 0 35.85-18.71z\" fill=\"#ffd73d\"><\/path><path d=\"m38.165 26.581a18.75 18.75 0 0 1-18.75 18.76 15 15 0 0 1-1.65-0.05 22.75 22.75 0 0 1-9.77-18.71z\" fill=\"#ffd73d\"><\/path><g fill=\"none\"><path d=\"m17.775 7.9014a22.71 22.71 0 0 0-9.78 18.68h-7.34a18.75 18.75 0 0 1 17.12-18.68z\"><\/path><path d=\"m17.765 45.291a18.75 18.75 0 0 1-17.11-18.71h7.34a22.75 22.75 0 0 0 9.77 18.71z\"><\/path><path d=\"m53.615 26.581a22.78 22.78 0 0 1-35.85 18.71 15 15 0 0 0 1.65 0.08 18.75 18.75 0 0 0 18.75-18.79z\"><\/path><path d=\"m53.615 26.581h-15.45a18.75 18.75 0 0 0-18.75-18.76 14.89 14.89 0 0 0-1.64 0.08 22.79 22.79 0 0 1 35.84 18.68z\"><\/path><\/g><path d=\"m38.165 26.581a18.75 18.75 0 0 1-18.75 18.76 15 15 0 0 1-1.65-0.05 22.78 22.78 0 0 1 0-37.36 14.89 14.89 0 0 1 1.64-0.08 18.75 18.75 0 0 1 18.76 18.73z\" fill=\"#e73533\"><\/path><\/svg>\t\t\t\t<\/span>\n\t\t\t<\/div>\n\t\t\t\n\t\t\t\t\t\t<div class=\"elementor-icon-box-content\">\n\n\t\t\t\t\t\t\t\t\t<h3 class=\"elementor-icon-box-title\">\n\t\t\t\t\t\t<span  >\n\t\t\t\t\t\t\tExcelente Colegio Alem\u00e1n en el extranjero\t\t\t\t\t\t<\/span>\n\t\t\t\t\t<\/h3>\n\t\t\t\t\n\t\t\t\t\t\t\t\t\t<p class=\"elementor-icon-box-description\">\n\t\t\t\t\t\tDesde 2021 el Colegio Alem\u00e1n Santa Cruz de Tenerife ostenta el sello oficial de excelencia que otorga la inspecci\u00f3n alemana.\t\t\t\t\t<\/p>\n\t\t\t\t\n\t\t\t<\/div>\n\t\t\t\n\t\t<\/div>\n\t\t\t\t\t\t<\/div>\n\t\t\t\t<\/div>\n\t\t\t\t<div class=\"elementor-element elementor-element-65d9d7b0 elementor-widget-mobile__width-initial elementor-view-default elementor-position-block-start elementor-mobile-position-block-start elementor-widget elementor-widget-icon-box\" data-id=\"65d9d7b0\" data-element_type=\"widget\" id=\"iconbox3\" data-settings=\"{&quot;_ob_shadough_use&quot;:&quot;no&quot;}\" data-widget_type=\"icon-box.default\">\n\t\t\t\t<div class=\"elementor-widget-container\">\n\t\t\t\t\t\t\t<div class=\"elementor-icon-box-wrapper\">\n\n\t\t\t\t\t\t<div class=\"elementor-icon-box-icon\">\n\t\t\t\t<span  class=\"elementor-icon elementor-animation-grow\">\n\t\t\t\t<i aria-hidden=\"true\" class=\"fas fa-user-check\"><\/i>\t\t\t\t<\/span>\n\t\t\t<\/div>\n\t\t\t\n\t\t\t\t\t\t<div class=\"elementor-icon-box-content\">\n\n\t\t\t\t\t\t\t\t\t<h3 class=\"elementor-icon-box-title\">\n\t\t\t\t\t\t<span  >\n\t\t\t\t\t\t\tPersonal cualificado\t\t\t\t\t\t<\/span>\n\t\t\t\t\t<\/h3>\n\t\t\t\t\n\t\t\t\t\t\t\t\t\t<p class=\"elementor-icon-box-description\">\n\t\t\t\t\t\tContamos con un equipo din\u00e1mico de profesores de varias nacionalidades que acompa\u00f1an y preparan a los alumnos en cuatro idiomas (alem\u00e1n, espa\u00f1ol, ingl\u00e9s y franc\u00e9s) como moderadores de los procesos de ense\u00f1anza en todos los niveles.\r\n\r\n\t\t\t\t\t<\/p>\n\t\t\t\t\n\t\t\t<\/div>\n\t\t\t\n\t\t<\/div>\n\t\t\t\t\t\t<\/div>\n\t\t\t\t<\/div>\n\t\t\t\t<div class=\"elementor-element elementor-element-7c9b9ecd elementor-widget-mobile__width-initial elementor-view-default elementor-position-block-start elementor-mobile-position-block-start elementor-widget elementor-widget-icon-box\" data-id=\"7c9b9ecd\" data-element_type=\"widget\" id=\"iconbox4\" data-settings=\"{&quot;_ob_shadough_use&quot;:&quot;no&quot;}\" data-widget_type=\"icon-box.default\">\n\t\t\t\t<div class=\"elementor-widget-container\">\n\t\t\t\t\t\t\t<div class=\"elementor-icon-box-wrapper\">\n\n\t\t\t\t\t\t<div class=\"elementor-icon-box-icon\">\n\t\t\t\t<span  class=\"elementor-icon elementor-animation-grow\">\n\t\t\t\t<svg xmlns=\"http:\/\/www.w3.org\/2000\/svg\" xmlns:xlink=\"http:\/\/www.w3.org\/1999\/xlink\" id=\"Capa_1\" x=\"0px\" y=\"0px\" viewBox=\"0 0 62.583 62.583\" style=\"enable-background:new 0 0 62.583 62.583;\" xml:space=\"preserve\"><g>\t<g id=\"group-70svg\">\t\t<path id=\"path-1_66_\" d=\"M52.69,52.824c-0.829,0-1.501-0.671-1.501-1.5c0-9.578-7.792-17.371-17.371-17.371    s-17.372,7.793-17.372,17.371c0,0.829-0.672,1.5-1.5,1.5s-1.5-0.671-1.5-1.5c0-11.232,9.139-20.371,20.372-20.371    s20.371,9.139,20.371,20.371C54.189,52.153,53.518,52.824,52.69,52.824z\"><\/path>\t\t<path id=\"path-2_66_\" d=\"M33.818,33.393c-6.516,0-11.817-5.301-11.817-11.817c0-6.515,5.301-11.816,11.817-11.816    s11.817,5.301,11.817,11.816C45.635,28.092,40.334,33.393,33.818,33.393z M33.818,12.76c-4.862,0-8.817,3.955-8.817,8.816    c0,4.862,3.955,8.817,8.817,8.817s8.817-3.955,8.817-8.817C42.635,16.715,38.68,12.76,33.818,12.76z\"><\/path>\t\t<path id=\"path-3_54_\" d=\"M13.045,48.51H1.5c-0.828,0-1.5-0.672-1.5-1.5c0-9.665,7.319-16.953,17.025-16.953    c2.963,0,5.893,0.825,8.708,2.453c0.717,0.415,0.962,1.332,0.548,2.05c-0.415,0.717-1.333,0.962-2.05,0.548    c-2.353-1.362-4.777-2.051-7.206-2.051c-7.484,0-13.247,5.256-13.952,12.453h9.972c0.828,0,1.5,0.672,1.5,1.5    S13.873,48.51,13.045,48.51z\"><\/path>\t\t<path id=\"path-4_33_\" d=\"M17.095,32.811c-5.529,0-10.026-4.498-10.026-10.026S11.566,12.76,17.095,12.76    c2.678,0,5.195,1.043,7.089,2.936c0.586,0.586,0.586,1.537,0,2.122c-0.586,0.586-1.536,0.586-2.121,0    c-1.328-1.327-3.091-2.058-4.968-2.058c-3.874,0-7.026,3.151-7.026,7.025c0,3.873,3.152,7.026,7.026,7.026    c2.303,0,4.464-1.133,5.778-3.029c0.472-0.681,1.406-0.85,2.087-0.378c0.681,0.472,0.851,1.407,0.378,2.087    C23.463,31.194,20.382,32.811,17.095,32.811z\"><\/path>\t\t<path id=\"path-5_16_\" d=\"M61.083,48.51h-8.038c-0.828,0-1.5-0.672-1.5-1.5s0.672-1.5,1.5-1.5h6.456    c-0.705-6.411-5.881-11.581-12.588-12.307c-0.735-0.079-1.304-0.683-1.337-1.422c-0.034-0.739,0.476-1.393,1.201-1.539    c3.345-0.675,5.681-3.466,5.681-6.789c0-3.819-3.603-7.297-7.56-7.297c-0.828,0-1.5-0.671-1.5-1.5c0-0.829,0.672-1.5,1.5-1.5    c5.625,0,10.56,4.812,10.56,10.297c0,3.166-1.466,5.993-3.845,7.818c6.482,2.469,10.97,8.626,10.97,15.739    C62.583,47.838,61.911,48.51,61.083,48.51z\"><\/path>\t<\/g><\/g><g><\/g><g><\/g><g><\/g><g><\/g><g><\/g><g><\/g><g><\/g><g><\/g><g><\/g><g><\/g><g><\/g><g><\/g><g><\/g><g><\/g><g><\/g><\/svg>\t\t\t\t<\/span>\n\t\t\t<\/div>\n\t\t\t\n\t\t\t\t\t\t<div class=\"elementor-icon-box-content\">\n\n\t\t\t\t\t\t\t\t\t<h3 class=\"elementor-icon-box-title\">\n\t\t\t\t\t\t<span  >\n\t\t\t\t\t\t\tGrupos reducidos\t\t\t\t\t\t<\/span>\n\t\t\t\t\t<\/h3>\n\t\t\t\t\n\t\t\t\t\t\t\t\t\t<p class=\"elementor-icon-box-description\">\n\t\t\t\t\t\tFomentamos la diferenciaci\u00f3n o individualizaci\u00f3n de la ense\u00f1anza, al igual que un ambiente agradable de aprendizaje y los grupos reducidos. Acompa\u00f1amos a todos los alumnos en su camino a la autonom\u00eda, educamos el sentido de responsabilidad y promovemos la reflexi\u00f3n cr\u00edtica.\t\t\t\t\t<\/p>\n\t\t\t\t\n\t\t\t<\/div>\n\t\t\t\n\t\t<\/div>\n\t\t\t\t\t\t<\/div>\n\t\t\t\t<\/div>\n\t\t\t\t<div class=\"elementor-element elementor-element-56bfe7dc elementor-widget-mobile__width-initial elementor-view-default elementor-position-block-start elementor-mobile-position-block-start elementor-widget elementor-widget-icon-box\" data-id=\"56bfe7dc\" data-element_type=\"widget\" id=\"iconbox5\" data-settings=\"{&quot;_ob_shadough_use&quot;:&quot;no&quot;}\" data-widget_type=\"icon-box.default\">\n\t\t\t\t<div class=\"elementor-widget-container\">\n\t\t\t\t\t\t\t<div class=\"elementor-icon-box-wrapper\">\n\n\t\t\t\t\t\t<div class=\"elementor-icon-box-icon\">\n\t\t\t\t<span  class=\"elementor-icon elementor-animation-grow\">\n\t\t\t\t<i aria-hidden=\"true\" class=\"far fa-bookmark\"><\/i>\t\t\t\t<\/span>\n\t\t\t<\/div>\n\t\t\t\n\t\t\t\t\t\t<div class=\"elementor-icon-box-content\">\n\n\t\t\t\t\t\t\t\t\t<h3 class=\"elementor-icon-box-title\">\n\t\t\t\t\t\t<span  >\n\t\t\t\t\t\t\tAprendizaje del alem\u00e1n de manera continuada\t\t\t\t\t\t<\/span>\n\t\t\t\t\t<\/h3>\n\t\t\t\t\n\t\t\t\t\t\t\t\t\t<p class=\"elementor-icon-box-description\">\n\t\t\t\t\t\t\u00a1Aprendemos alem\u00e1n hablando solo alem\u00e1n! El aprendizaje del alem\u00e1n se realiza de manera continuada y se va reforzando a trav\u00e9s de las distintas etapas y cursos, de manera que se fomenta la adquisici\u00f3n progresiva y continuada del idioma.\t\t\t\t\t<\/p>\n\t\t\t\t\n\t\t\t<\/div>\n\t\t\t\n\t\t<\/div>\n\t\t\t\t\t\t<\/div>\n\t\t\t\t<\/div>\n\t\t\t\t<div class=\"elementor-element elementor-element-65152c25 elementor-widget-mobile__width-initial elementor-view-default elementor-position-block-start elementor-mobile-position-block-start elementor-widget elementor-widget-icon-box\" data-id=\"65152c25\" data-element_type=\"widget\" id=\"iconbox6\" data-settings=\"{&quot;_ob_shadough_use&quot;:&quot;no&quot;}\" data-widget_type=\"icon-box.default\">\n\t\t\t\t<div class=\"elementor-widget-container\">\n\t\t\t\t\t\t\t<div class=\"elementor-icon-box-wrapper\">\n\n\t\t\t\t\t\t<div class=\"elementor-icon-box-icon\">\n\t\t\t\t<span  class=\"elementor-icon elementor-animation-grow\">\n\t\t\t\t<i aria-hidden=\"true\" class=\"fas fa-tablet-alt\"><\/i>\t\t\t\t<\/span>\n\t\t\t<\/div>\n\t\t\t\n\t\t\t\t\t\t<div class=\"elementor-icon-box-content\">\n\n\t\t\t\t\t\t\t\t\t<h3 class=\"elementor-icon-box-title\">\n\t\t\t\t\t\t<span  >\n\t\t\t\t\t\t\tNuevas tecnolog\u00edas en el aula\t\t\t\t\t\t<\/span>\n\t\t\t\t\t<\/h3>\n\t\t\t\t\n\t\t\t\t\t\t\t\t\t<p class=\"elementor-icon-box-description\">\n\t\t\t\t\t\tDestaca el moderno equipamiento las aulas, en las que las nuevas tecnolog\u00edas est\u00e1n al servicio del aprendizaje. Continuamente revisamos los est\u00e1ndares y ampliamos nuestras posibilidades mediante una plataforma de trabajo y aprendizaje, as\u00ed como una plataforma de comunicaci\u00f3n y la compra de nuevos dispositivos.\t\t\t\t\t<\/p>\n\t\t\t\t\n\t\t\t<\/div>\n\t\t\t\n\t\t<\/div>\n\t\t\t\t\t\t<\/div>\n\t\t\t\t<\/div>\n\t\t\t\t<div class=\"elementor-element elementor-element-10708752 elementor-widget-mobile__width-initial elementor-view-default elementor-position-block-start elementor-mobile-position-block-start elementor-widget elementor-widget-icon-box\" data-id=\"10708752\" data-element_type=\"widget\" id=\"iconbox7\" data-settings=\"{&quot;_ob_shadough_use&quot;:&quot;no&quot;}\" data-widget_type=\"icon-box.default\">\n\t\t\t\t<div class=\"elementor-widget-container\">\n\t\t\t\t\t\t\t<div class=\"elementor-icon-box-wrapper\">\n\n\t\t\t\t\t\t<div class=\"elementor-icon-box-icon\">\n\t\t\t\t<span  class=\"elementor-icon elementor-animation-grow\">\n\t\t\t\t<i aria-hidden=\"true\" class=\"fas fa-user-md\"><\/i>\t\t\t\t<\/span>\n\t\t\t<\/div>\n\t\t\t\n\t\t\t\t\t\t<div class=\"elementor-icon-box-content\">\n\n\t\t\t\t\t\t\t\t\t<h3 class=\"elementor-icon-box-title\">\n\t\t\t\t\t\t<span  >\n\t\t\t\t\t\t\tEnfermer\u00eda profesional\t\t\t\t\t\t<\/span>\n\t\t\t\t\t<\/h3>\n\t\t\t\t\n\t\t\t\t\t\t\t\t\t<p class=\"elementor-icon-box-description\">\n\t\t\t\t\t\tNuestro colegio cuenta con una enfermer\u00eda moderna y completamente equipada, dirigida por un enfermero escolar.\t\t\t\t\t<\/p>\n\t\t\t\t\n\t\t\t<\/div>\n\t\t\t\n\t\t<\/div>\n\t\t\t\t\t\t<\/div>\n\t\t\t\t<\/div>\n\t\t\t\t<div class=\"elementor-element elementor-element-ca097d7 elementor-widget-mobile__width-initial elementor-view-default elementor-position-block-start elementor-mobile-position-block-start elementor-widget elementor-widget-icon-box\" data-id=\"ca097d7\" data-element_type=\"widget\" id=\"iconbox8\" data-settings=\"{&quot;_ob_shadough_use&quot;:&quot;no&quot;}\" data-widget_type=\"icon-box.default\">\n\t\t\t\t<div class=\"elementor-widget-container\">\n\t\t\t\t\t\t\t<div class=\"elementor-icon-box-wrapper\">\n\n\t\t\t\t\t\t<div class=\"elementor-icon-box-icon\">\n\t\t\t\t<span  class=\"elementor-icon elementor-animation-grow\">\n\t\t\t\t<i aria-hidden=\"true\" class=\"fas fa-vector-square\"><\/i>\t\t\t\t<\/span>\n\t\t\t<\/div>\n\t\t\t\n\t\t\t\t\t\t<div class=\"elementor-icon-box-content\">\n\n\t\t\t\t\t\t\t\t\t<h3 class=\"elementor-icon-box-title\">\n\t\t\t\t\t\t<span  >\n\t\t\t\t\t\t\tEducaci\u00f3n de jornada completa\t\t\t\t\t\t<\/span>\n\t\t\t\t\t<\/h3>\n\t\t\t\t\n\t\t\t\t\t\t\t\t\t<p class=\"elementor-icon-box-description\">\n\t\t\t\t\t\t\u00a1Aprendemos juntos todo el d\u00eda!\r\n<p style=\"margin-top:12px\">Por las tardes reforzamos y fomentamos los talentos a trav\u00e9s de una amplia oferta de actividades internas y externas.\r\n\r\n\t\t\t\t\t<\/p>\n\t\t\t\t\n\t\t\t<\/div>\n\t\t\t\n\t\t<\/div>\n\t\t\t\t\t\t<\/div>\n\t\t\t\t<\/div>\n\t\t\t\t<div class=\"elementor-element elementor-element-178b6b98 elementor-widget-mobile__width-initial elementor-view-default elementor-position-block-start elementor-mobile-position-block-start elementor-widget elementor-widget-icon-box\" data-id=\"178b6b98\" data-element_type=\"widget\" id=\"iconbox9\" data-settings=\"{&quot;_ob_shadough_use&quot;:&quot;no&quot;}\" data-widget_type=\"icon-box.default\">\n\t\t\t\t<div class=\"elementor-widget-container\">\n\t\t\t\t\t\t\t<div class=\"elementor-icon-box-wrapper\">\n\n\t\t\t\t\t\t<div class=\"elementor-icon-box-icon\">\n\t\t\t\t<span  class=\"elementor-icon elementor-animation-grow\">\n\t\t\t\t<i aria-hidden=\"true\" class=\"fas fa-american-sign-language-interpreting\"><\/i>\t\t\t\t<\/span>\n\t\t\t<\/div>\n\t\t\t\n\t\t\t\t\t\t<div class=\"elementor-icon-box-content\">\n\n\t\t\t\t\t\t\t\t\t<h3 class=\"elementor-icon-box-title\">\n\t\t\t\t\t\t<span  >\n\t\t\t\t\t\t\tInclusi\u00f3n\t\t\t\t\t\t<\/span>\n\t\t\t\t\t<\/h3>\n\t\t\t\t\n\t\t\t\t\t\t\t\t\t<p class=\"elementor-icon-box-description\">\n\t\t\t\t\t\t\u00a1Encuentro, diversidad y tolerancia!\r\n<p style=\"margin-top:12px\">En el centro trabaja un equipo interdisciplinar de educadores, pedag\u00f3gos y psic\u00f3logos escolares junto con los ni\u00f1os y padres.\r\n\r\n\t\t\t\t\t<\/p>\n\t\t\t\t\n\t\t\t<\/div>\n\t\t\t\n\t\t<\/div>\n\t\t\t\t\t\t<\/div>\n\t\t\t\t<\/div>\n\t\t\t\t\t<\/div>\n\t\t<\/div>\n\t\t\t\t\t<\/div>\n\t\t<\/section>\n\t\t\t\t<section class=\"elementor-section elementor-top-section elementor-element elementor-element-3f21144 elementor-section-boxed elementor-section-height-default elementor-section-height-default\" data-id=\"3f21144\" data-element_type=\"section\" data-settings=\"{&quot;_ob_glider_is_slider&quot;:&quot;no&quot;}\">\n\t\t\t\t\t\t<div class=\"elementor-container elementor-column-gap-default\">\n\t\t\t\t\t<div class=\"elementor-column elementor-col-100 elementor-top-column elementor-element elementor-element-e3bc661\" data-id=\"e3bc661\" data-element_type=\"column\">\n\t\t\t<div class=\"elementor-widget-wrap elementor-element-populated\">\n\t\t\t\t\t\t<div class=\"elementor-element elementor-element-6117484 elementor-nav-menu__align-start elementor-nav-menu--dropdown-none elementor-widget elementor-widget-nav-menu\" data-id=\"6117484\" data-element_type=\"widget\" id=\"metrogross\" data-settings=\"{&quot;layout&quot;:&quot;vertical&quot;,&quot;submenu_icon&quot;:{&quot;value&quot;:&quot;&lt;i class=\\&quot;fas fa-caret-down\\&quot; aria-hidden=\\&quot;true\\&quot;&gt;&lt;\\\/i&gt;&quot;,&quot;library&quot;:&quot;fa-solid&quot;},&quot;_ob_widget_stalker_use&quot;:&quot;no&quot;,&quot;_ob_shadough_use&quot;:&quot;no&quot;}\" data-widget_type=\"nav-menu.default\">\n\t\t\t\t<div class=\"elementor-widget-container\">\n\t\t\t\t\t\t\t\t<nav aria-label=\"Men\u00fa\" class=\"elementor-nav-menu--main elementor-nav-menu__container elementor-nav-menu--layout-vertical e--pointer-overline e--animation-fade\">\n\t\t\t\t<ul id=\"menu-1-6117484\" class=\"elementor-nav-menu sm-vertical\"><li class=\"menu-item menu-item-type-post_type menu-item-object-page menu-item-41975\"><a href=\"https:\/\/staging.dst.deutsche-schule.eu\/es\/servicios\/circulares-actuales\/\" class=\"elementor-item menu-link\">Circulares actuales<\/a><\/li>\n<li class=\"menu-item menu-item-type-custom menu-item-object-custom menu-item-41976\"><a href=\"https:\/\/www.elgustodecrecer.es\/Menus\/Colegio\/1225\" class=\"elementor-item menu-link\">Comedor \/ men\u00fa<\/a><\/li>\n<li class=\"menu-item menu-item-type-post_type menu-item-object-page menu-item-41977\"><a href=\"https:\/\/staging.dst.deutsche-schule.eu\/es\/servicios\/calendario-de-vacaciones\/\" class=\"elementor-item menu-link\">Calendario<\/a><\/li>\n<li class=\"menu-item menu-item-type-custom menu-item-object-custom menu-item-41978\"><a href=\"https:\/\/stage.dst.deutsche-schule.eu\/wp-content\/uploads\/2020\/09\/Hygieneplan-DSTdt_final-1.pdf\" class=\"elementor-item menu-link\">COVID 19<\/a><\/li>\n<li class=\"menu-item menu-item-type-post_type menu-item-object-page menu-item-41979\"><a href=\"https:\/\/staging.dst.deutsche-schule.eu\/es\/servicios\/instituciones\/enfermeria-escolar\/\" class=\"elementor-item menu-link\">Enfermer\u00eda escolar<\/a><\/li>\n<li class=\"menu-item menu-item-type-post_type menu-item-object-page menu-item-41980\"><a href=\"https:\/\/staging.dst.deutsche-schule.eu\/es\/servicios\/formularios\/\" class=\"elementor-item menu-link\">Formularios<\/a><\/li>\n<\/ul>\t\t\t<\/nav>\n\t\t\t\t\t\t<nav class=\"elementor-nav-menu--dropdown elementor-nav-menu__container\" aria-hidden=\"true\">\n\t\t\t\t<ul id=\"menu-2-6117484\" class=\"elementor-nav-menu sm-vertical\"><li class=\"menu-item menu-item-type-post_type menu-item-object-page menu-item-41975\"><a href=\"https:\/\/staging.dst.deutsche-schule.eu\/es\/servicios\/circulares-actuales\/\" class=\"elementor-item menu-link\" tabindex=\"-1\">Circulares actuales<\/a><\/li>\n<li class=\"menu-item menu-item-type-custom menu-item-object-custom menu-item-41976\"><a href=\"https:\/\/www.elgustodecrecer.es\/Menus\/Colegio\/1225\" class=\"elementor-item menu-link\" tabindex=\"-1\">Comedor \/ men\u00fa<\/a><\/li>\n<li class=\"menu-item menu-item-type-post_type menu-item-object-page menu-item-41977\"><a href=\"https:\/\/staging.dst.deutsche-schule.eu\/es\/servicios\/calendario-de-vacaciones\/\" class=\"elementor-item menu-link\" tabindex=\"-1\">Calendario<\/a><\/li>\n<li class=\"menu-item menu-item-type-custom menu-item-object-custom menu-item-41978\"><a href=\"https:\/\/stage.dst.deutsche-schule.eu\/wp-content\/uploads\/2020\/09\/Hygieneplan-DSTdt_final-1.pdf\" class=\"elementor-item menu-link\" tabindex=\"-1\">COVID 19<\/a><\/li>\n<li class=\"menu-item menu-item-type-post_type menu-item-object-page menu-item-41979\"><a href=\"https:\/\/staging.dst.deutsche-schule.eu\/es\/servicios\/instituciones\/enfermeria-escolar\/\" class=\"elementor-item menu-link\" tabindex=\"-1\">Enfermer\u00eda escolar<\/a><\/li>\n<li class=\"menu-item menu-item-type-post_type menu-item-object-page menu-item-41980\"><a href=\"https:\/\/staging.dst.deutsche-schule.eu\/es\/servicios\/formularios\/\" class=\"elementor-item menu-link\" tabindex=\"-1\">Formularios<\/a><\/li>\n<\/ul>\t\t\t<\/nav>\n\t\t\t\t\t\t<\/div>\n\t\t\t\t<\/div>\n\t\t\t\t\t<\/div>\n\t\t<\/div>\n\t\t\t\t\t<\/div>\n\t\t<\/section>\n\t\t\t\t<section class=\"elementor-section elementor-top-section elementor-element elementor-element-9d82a3c elementor-section-boxed elementor-section-height-default elementor-section-height-default\" data-id=\"9d82a3c\" data-element_type=\"section\" data-settings=\"{&quot;_ob_glider_is_slider&quot;:&quot;no&quot;}\">\n\t\t\t\t\t\t<div class=\"elementor-container elementor-column-gap-default\">\n\t\t\t\t\t<div class=\"elementor-column elementor-col-100 elementor-top-column elementor-element elementor-element-5177e5a\" data-id=\"5177e5a\" data-element_type=\"column\">\n\t\t\t<div class=\"elementor-widget-wrap elementor-element-populated\">\n\t\t\t\t\t\t<div class=\"elementor-element elementor-element-8f56ac9 elementor-nav-menu__align-center elementor-nav-menu--dropdown-none elementor-widget elementor-widget-nav-menu\" data-id=\"8f56ac9\" data-element_type=\"widget\" id=\"metromini\" data-settings=\"{&quot;layout&quot;:&quot;vertical&quot;,&quot;submenu_icon&quot;:{&quot;value&quot;:&quot;&lt;i class=\\&quot;fas fa-caret-down\\&quot; aria-hidden=\\&quot;true\\&quot;&gt;&lt;\\\/i&gt;&quot;,&quot;library&quot;:&quot;fa-solid&quot;},&quot;_ob_widget_stalker_use&quot;:&quot;no&quot;,&quot;_ob_shadough_use&quot;:&quot;no&quot;}\" data-widget_type=\"nav-menu.default\">\n\t\t\t\t<div class=\"elementor-widget-container\">\n\t\t\t\t\t\t\t\t<nav aria-label=\"Men\u00fa\" class=\"elementor-nav-menu--main elementor-nav-menu__container elementor-nav-menu--layout-vertical e--pointer-overline e--animation-fade\">\n\t\t\t\t<ul id=\"menu-1-8f56ac9\" class=\"elementor-nav-menu sm-vertical\"><li class=\"menu-item menu-item-type-post_type menu-item-object-page menu-item-42256\"><a href=\"https:\/\/staging.dst.deutsche-schule.eu\/es\/colegio\/durchgaengig-deutsch\/\" class=\"elementor-item menu-link\">Aprender alem\u00e1n de manera continua<\/a><\/li>\n<li class=\"menu-item menu-item-type-post_type menu-item-object-page menu-item-41981\"><a href=\"https:\/\/staging.dst.deutsche-schule.eu\/es\/servicios\/horas-de-consultas-202021\/\" class=\"elementor-item menu-link\">Horas de consultas 2021-22<\/a><\/li>\n<li class=\"menu-item menu-item-type-post_type menu-item-object-page menu-item-41982\"><a href=\"https:\/\/staging.dst.deutsche-schule.eu\/es\/colegio\/nuestro-colegio-en-la-prensa\/\" class=\"elementor-item menu-link\">Nuestro colegio en la prensa<\/a><\/li>\n<li class=\"menu-item menu-item-type-post_type menu-item-object-page menu-item-41983\"><a href=\"https:\/\/staging.dst.deutsche-schule.eu\/es\/servicios\/ofertas-de-empleo-actuales\/\" class=\"elementor-item menu-link\">Ofertas de empleo<\/a><\/li>\n<li class=\"menu-item menu-item-type-post_type menu-item-object-page menu-item-41985\"><a href=\"https:\/\/staging.dst.deutsche-schule.eu\/es\/servicios\/relacion-publica\/videos-escolares\/\" class=\"elementor-item menu-link\">V\u00eddeos escolares<\/a><\/li>\n<\/ul>\t\t\t<\/nav>\n\t\t\t\t\t\t<nav class=\"elementor-nav-menu--dropdown elementor-nav-menu__container\" aria-hidden=\"true\">\n\t\t\t\t<ul id=\"menu-2-8f56ac9\" class=\"elementor-nav-menu sm-vertical\"><li class=\"menu-item menu-item-type-post_type menu-item-object-page menu-item-42256\"><a href=\"https:\/\/staging.dst.deutsche-schule.eu\/es\/colegio\/durchgaengig-deutsch\/\" class=\"elementor-item menu-link\" tabindex=\"-1\">Aprender alem\u00e1n de manera continua<\/a><\/li>\n<li class=\"menu-item menu-item-type-post_type menu-item-object-page menu-item-41981\"><a href=\"https:\/\/staging.dst.deutsche-schule.eu\/es\/servicios\/horas-de-consultas-202021\/\" class=\"elementor-item menu-link\" tabindex=\"-1\">Horas de consultas 2021-22<\/a><\/li>\n<li class=\"menu-item menu-item-type-post_type menu-item-object-page menu-item-41982\"><a href=\"https:\/\/staging.dst.deutsche-schule.eu\/es\/colegio\/nuestro-colegio-en-la-prensa\/\" class=\"elementor-item menu-link\" tabindex=\"-1\">Nuestro colegio en la prensa<\/a><\/li>\n<li class=\"menu-item menu-item-type-post_type menu-item-object-page menu-item-41983\"><a href=\"https:\/\/staging.dst.deutsche-schule.eu\/es\/servicios\/ofertas-de-empleo-actuales\/\" class=\"elementor-item menu-link\" tabindex=\"-1\">Ofertas de empleo<\/a><\/li>\n<li class=\"menu-item menu-item-type-post_type menu-item-object-page menu-item-41985\"><a href=\"https:\/\/staging.dst.deutsche-schule.eu\/es\/servicios\/relacion-publica\/videos-escolares\/\" class=\"elementor-item menu-link\" tabindex=\"-1\">V\u00eddeos escolares<\/a><\/li>\n<\/ul>\t\t\t<\/nav>\n\t\t\t\t\t\t<\/div>\n\t\t\t\t<\/div>\n\t\t\t\t\t<\/div>\n\t\t<\/div>\n\t\t\t\t\t<\/div>\n\t\t<\/section>\n\t\t\t\t<\/div>\n\t\t","protected":false},"excerpt":{"rendered":"<p>\u00a1Atenci\u00f3n! \u00ab,\u00bbnextArrow\u00bb:\u00bb\u00ab,\u00bbautoplay\u00bb:true,\u00bbautoplaySpeed\u00bb:8000}&#8217; dir=\u00bbltr\u00bb data-typing=\u00bb1&#8243;> +++ \u00a1Importante! Informaci\u00f3n sobre el inicio de las clases +++ July 14, [&hellip;]<\/p>\n","protected":false},"author":15,"featured_media":0,"parent":0,"menu_order":1,"comment_status":"closed","ping_status":"closed","template":"","meta":{"site-sidebar-layout":"no-sidebar","site-content-layout":"page-builder","ast-site-content-layout":"default","site-content-style":"default","site-sidebar-style":"default","ast-global-header-display":"","ast-banner-title-visibility":"","ast-main-header-display":"","ast-hfb-above-header-display":"","ast-hfb-below-header-display":"","ast-hfb-mobile-header-display":"","site-post-title":"disabled","ast-breadcrumbs-content":"disabled","ast-featured-img":"disabled","footer-sml-layout":"","ast-disable-related-posts":"","theme-transparent-header-meta":"default","adv-header-id-meta":"","stick-header-meta":"enabled","header-above-stick-meta":"","header-main-stick-meta":"on","header-below-stick-meta":"","astra-migrate-meta-layouts":"default","ast-page-background-enabled":"default","ast-page-background-meta":{"desktop":{"background-color":"","background-image":"","background-repeat":"repeat","background-position":"center center","background-size":"auto","background-attachment":"scroll","background-type":"","background-media":"","overlay-type":"","overlay-color":"","overlay-opacity":"","overlay-gradient":""},"tablet":{"background-color":"","background-image":"","background-repeat":"repeat","background-position":"center center","background-size":"auto","background-attachment":"scroll","background-type":"","background-media":"","overlay-type":"","overlay-color":"","overlay-opacity":"","overlay-gradient":""},"mobile":{"background-color":"","background-image":"","background-repeat":"repeat","background-position":"center center","background-size":"auto","background-attachment":"scroll","background-type":"","background-media":"","overlay-type":"","overlay-color":"","overlay-opacity":"","overlay-gradient":""}},"ast-content-background-meta":{"desktop":{"background-color":"var(--ast-global-color-5)","background-image":"","background-repeat":"repeat","background-position":"center center","background-size":"auto","background-attachment":"scroll","background-type":"","background-media":"","overlay-type":"","overlay-color":"","overlay-opacity":"","overlay-gradient":""},"tablet":{"background-color":"var(--ast-global-color-5)","background-image":"","background-repeat":"repeat","background-position":"center center","background-size":"auto","background-attachment":"scroll","background-type":"","background-media":"","overlay-type":"","overlay-color":"","overlay-opacity":"","overlay-gradient":""},"mobile":{"background-color":"var(--ast-global-color-5)","background-image":"","background-repeat":"repeat","background-position":"center center","background-size":"auto","background-attachment":"scroll","background-type":"","background-media":"","overlay-type":"","overlay-color":"","overlay-opacity":"","overlay-gradient":""}},"_jet_sm_ready_style":"","_jet_sm_style":"","_jet_sm_controls_values":"","_jet_sm_fonts_collection":"","_jet_sm_fonts_links":"","footnotes":""},"schlagwortedst":[],"class_list":["post-32883","page","type-page","status-publish","hentry"],"_links":{"self":[{"href":"https:\/\/staging.dst.deutsche-schule.eu\/es\/wp-json\/wp\/v2\/pages\/32883","targetHints":{"allow":["GET"]}}],"collection":[{"href":"https:\/\/staging.dst.deutsche-schule.eu\/es\/wp-json\/wp\/v2\/pages"}],"about":[{"href":"https:\/\/staging.dst.deutsche-schule.eu\/es\/wp-json\/wp\/v2\/types\/page"}],"author":[{"embeddable":true,"href":"https:\/\/staging.dst.deutsche-schule.eu\/es\/wp-json\/wp\/v2\/users\/15"}],"replies":[{"embeddable":true,"href":"https:\/\/staging.dst.deutsche-schule.eu\/es\/wp-json\/wp\/v2\/comments?post=32883"}],"version-history":[{"count":43,"href":"https:\/\/staging.dst.deutsche-schule.eu\/es\/wp-json\/wp\/v2\/pages\/32883\/revisions"}],"predecessor-version":[{"id":45236,"href":"https:\/\/staging.dst.deutsche-schule.eu\/es\/wp-json\/wp\/v2\/pages\/32883\/revisions\/45236"}],"wp:attachment":[{"href":"https:\/\/staging.dst.deutsche-schule.eu\/es\/wp-json\/wp\/v2\/media?parent=32883"}],"wp:term":[{"taxonomy":"schlagwortedst","embeddable":true,"href":"https:\/\/staging.dst.deutsche-schule.eu\/es\/wp-json\/wp\/v2\/schlagwortedst?post=32883"}],"curies":[{"name":"wp","href":"https:\/\/api.w.org\/{rel}","templated":true}]}}