{"id":30269,"date":"2020-06-26T11:05:07","date_gmt":"2020-06-26T11:05:07","guid":{"rendered":"https:\/\/stage.dst.deutsche-schule.eu\/?page_id=30269"},"modified":"2021-08-10T10:24:43","modified_gmt":"2021-08-10T10:24:43","slug":"politica-de-privacidad","status":"publish","type":"page","link":"https:\/\/staging.dst.deutsche-schule.eu\/es\/politica-de-privacidad\/","title":{"rendered":"POL\u00cdTICA DE PRIVACIDAD"},"content":{"rendered":"<p><b>INFORMACI\u00d3N B\u00c1SICA DE PROTECCI\u00d3N DE DATOS<\/b><\/p>\n<table>\n<tbody>\n<tr>\n<td><b>Responsable\u00a0<\/b><\/td>\n<td><span style=\"font-weight: 400;\">ASOCIACI\u00d3N PARA EL FOMENTO DEL COLEGIO ALEM\u00c1N SANTA CRUZ DE TENERIFE\u00a0 + info\u00a0<\/span><\/td>\n<\/tr>\n<tr>\n<td><b>Finalidad<\/b><\/td>\n<td><span style=\"font-weight: 400;\">Atender las solicitudes realizadas a trav\u00e9s de correo-e y en los diversos formularios de la web y mantenimiento de la relaci\u00f3n con nuestros alumnos y familia+ info<\/span><\/td>\n<\/tr>\n<tr>\n<td><b>Legitimaci\u00f3n<\/b><\/td>\n<td><span style=\"font-weight: 400;\">Consentimiento del interesado y ejecuci\u00f3n de un precontrato\/ contrato y cumplimiento de una obligaci\u00f3n legal + info<\/span><\/td>\n<\/tr>\n<tr>\n<td><b>Destinatarios<\/b><\/td>\n<td><span style=\"font-weight: 400;\">No se ceder\u00e1n datos a terceros salvo obligaci\u00f3n legal o en el supuesto que sea necesario para atender su solicitud o prestarle el servicio educativo correspondiente+ info<\/span><\/td>\n<\/tr>\n<tr>\n<td><b>Derechos<\/b><\/td>\n<td><span style=\"font-weight: 400;\">Podr\u00e1 ejercer los derechos de acceso, rectificaci\u00f3n, supresi\u00f3n y oposici\u00f3n, limitaci\u00f3n del tratamiento, portabilidad de datos y a no ser objeto de decisiones individualizadas automatizadas.\u00a0 + info<\/span><\/td>\n<\/tr>\n<tr>\n<td><b>Informaci\u00f3n adicional<\/b><\/td>\n<td><span style=\"font-weight: 400;\">Puede consultar la informaci\u00f3n adicional sobre protecci\u00f3n de Datos en nuestra web. + info<\/span><\/td>\n<\/tr>\n<\/tbody>\n<\/table>\n<p><span style=\"font-weight: 400;\">ASOCIACI\u00d3N PARA EL FOMENTO DEL COLEGIO ALEM\u00c1N SANTA CRUZ DE TENERIFE, en adelante, se compromete a cumplir la legislaci\u00f3n vigente en cada momento en materia de tratamiento de datos de car\u00e1cter personal. Mediante la siguiente pol\u00edtica de privacidad ASOCIACI\u00d3N PARA EL FOMENTO DEL COLEGIO ALEM\u00c1N SANTA CRUZ DE TENERIFE, de conformidad con los requisitos previstos en el RGPD informa a los usuarios de:<\/span><\/p>\n<ol style=\"text-align: justify;\">\n<li><b>\u00bfQUI\u00c9N ES EL RESPONSABLE DEL TRATAMIENTO DE SUS DATOS?<\/b><\/li>\n<\/ol>\n<p style=\"text-align: justify;\"><span style=\"font-weight: 400;\">El responsable del tratamiento de sus datos es ASOCIACI\u00d3N PARA EL FOMENTO DEL COLEGIO ALEM\u00c1N SANTA CRUZ DE TENERIFE:\u00a0<\/span><\/p>\n<table>\n<tbody>\n<tr>\n<td><b>Identidad\u00a0<\/b><\/td>\n<td><span style=\"font-weight: 400;\">ASOCIACI\u00d3N PARA EL FOMENTO DEL COLEGIO ALEM\u00c1N SANTA CRUZ DE TENERIFE &#8211; G38017752<\/span><\/td>\n<\/tr>\n<tr>\n<td><b>Direcci\u00f3n<\/b><\/td>\n<td><span style=\"font-weight: 400;\">Calle Drago, 1, 38190 &#8211; El Rosario<\/span><\/td>\n<\/tr>\n<tr>\n<td><b>Tel\u00e9fono<\/b><\/td>\n<td><span style=\"font-weight: 400;\">922682010<\/span><\/td>\n<\/tr>\n<tr>\n<td><b>Fax<\/b><\/td>\n<td><span style=\"font-weight: 400;\">922682746<\/span><\/td>\n<\/tr>\n<tr>\n<td><b>Web<\/b><\/td>\n<td><span style=\"font-weight: 400;\">www.dstenerife.eu<\/span><\/td>\n<\/tr>\n<tr>\n<td><b>Correo-e<\/b><\/td>\n<td><span style=\"font-weight: 400;\">dstenerife@dstenerife.eu<\/span><\/td>\n<\/tr>\n<tr>\n<td><b>Contacto Delegado de Protecci\u00f3n de Datos<\/b><\/td>\n<td><span style=\"font-weight: 400;\">dpd@ dstenerife.eu<\/span><\/td>\n<\/tr>\n<\/tbody>\n<\/table>\n<p><span style=\"font-weight: 400;\">ASOCIACI\u00d3N PARA EL FOMENTO DEL COLEGIO ALEM\u00c1N SANTA CRUZ DE TENERIFE informa al usuario y a nuestros alumnos que los datos que nos facilite a trav\u00e9s de la navegaci\u00f3n por nuestra web o en el env\u00edo de correos electr\u00f3nicos o los derivados de los diversos formularios y de la relaci\u00f3n educativa con el centro, van a ser tratados por ASOCIACI\u00d3N PARA EL FOMENTO DEL COLEGIO ALEM\u00c1N SANTA CRUZ DE TENERIFE y que dicho tratamiento se encuentra recogido en el Registro de Actividades de tratamiento gestionado por ASOCIACI\u00d3N PARA EL FOMENTO DEL COLEGIO ALEM\u00c1N SANTA CRUZ DE TENERIFE conforme a lo establecido en el RGPD.<\/span><\/p>\n<p style=\"text-align: justify;\"><b>2. \u00bfPARA QU\u00c9 SE UTILIZAN SUS DATOS PERSONALES?<\/b><\/p>\n<p style=\"text-align: justify;\"><span style=\"font-weight: 400;\">En www.dstenerife.eu tratamos datos de diversos colectivos y cuando se acepta nuestra pol\u00edtica de privacidad nos autoriza a utilizar y tratar los datos personales suministrados. A continuaci\u00f3n, detallamos los colectivos de los que recogemos datos:<\/span><\/p>\n<p style=\"text-align: justify;\"><b>2.1. Usuarios de la web<\/b><\/p>\n<ul style=\"text-align: justify;\">\n<li style=\"font-weight: 400;\"><span style=\"font-weight: 400;\">Remitirle la informaci\u00f3n y prestarle el servicio que soliciten mediante correo-e<\/span><\/li>\n<li style=\"font-weight: 400;\"><span style=\"font-weight: 400;\">Facilitarle informaci\u00f3n sobre las ofertas, productos y servicios solicitados.\u00a0<\/span><\/li>\n<li style=\"font-weight: 400;\"><span style=\"font-weight: 400;\">Ocasionalmente, ASOCIACI\u00d3N PARA EL FOMENTO DEL COLEGIO ALEM\u00c1N SANTA CRUZ DE TENERIFE podr\u00e1 utilizar sus datos de car\u00e1cter personal para enviarle notificaciones por medio de correo electr\u00f3nico. Dichas notificaciones se har\u00e1n para informar sobre las modificaciones en nuestros servicios o productos o en nuestras pol\u00edticas condiciones legales.<\/span><\/li>\n<\/ul>\n<p style=\"text-align: justify;\"><b>2.2. Alumnos y familias<\/b><\/p>\n<ul style=\"text-align: justify;\">\n<li style=\"font-weight: 400;\"><span style=\"font-weight: 400;\">Adecuada organizaci\u00f3n y prestaci\u00f3n de las distintas actividades docentes y educativas<\/span><\/li>\n<li style=\"font-weight: 400;\"><span style=\"font-weight: 400;\">Gesti\u00f3n administrativa de la relaci\u00f3n con nuestros alumnos, padres, tutores y familias.<\/span><\/li>\n<li style=\"font-weight: 400;\"><span style=\"font-weight: 400;\">Solicitud y gesti\u00f3n de becas<\/span><\/li>\n<li style=\"font-weight: 400;\"><span style=\"font-weight: 400;\">Gesti\u00f3n de actividades extraescolares<\/span><\/li>\n<li style=\"font-weight: 400;\"><span style=\"font-weight: 400;\">Publicaci\u00f3n de la imagen en las instalaciones, p\u00e1gina web y\/o redes sociales de<\/span> <span style=\"font-weight: 400;\">ASOCIACI\u00d3N PARA EL FOMENTO DEL COLEGIO ALEM\u00c1N DE SANTA CRUZ DE TENERIFE con la finalidad de dar a conocer las actividades propias de nuestro centro siempre que nos haya dado su autorizaci\u00f3n mediante la marcaci\u00f3n de la casilla correspondiente.<\/span><\/li>\n<\/ul>\n<p style=\"text-align: justify;\"><b>3. \u00bfCUAL ES LA LEGITIMACI\u00d3N PARA EL TRATAMIENTO DE SUS DATOS?\u00a0<\/b><\/p>\n<p style=\"text-align: justify;\"><span style=\"font-weight: 400;\">La legitimaci\u00f3n para el tratamiento de sus datos por parte de ASOCIACI\u00d3N PARA EL FOMENTO DEL COLEGIO ALEM\u00c1N SANTA CRUZ DE TENERIFE se basa en:<\/span><\/p>\n<p style=\"text-align: justify;\"><b>3.1. Usuarios de la web<\/b><\/p>\n<p style=\"text-align: justify;\"><span style=\"font-weight: 400;\">En la <\/span><b>ejecuci\u00f3n de un precontrato\/contrato<\/b><span style=\"font-weight: 400;\"> para remitirle la informaci\u00f3n y prestarle el servicio solicitado por medio de correo-e.<\/span><\/p>\n<p style=\"text-align: justify;\"><b>3.2. Alumnos y familias<\/b><\/p>\n<p style=\"text-align: justify;\"><span style=\"font-weight: 400;\">El tratamiento de sus datos para la prestaci\u00f3n del servicio educativo est\u00e1 legitimado\u00a0 en la ejecuci\u00f3n de un contrato (art\u00edculo 6.1.b RGPD)<\/span><\/p>\n<p style=\"text-align: justify;\"><span style=\"font-weight: 400;\">Asimismo, el tratamiento de sus datos est\u00e1 legitimado en el cumplimiento de una obligaci\u00f3n legal (art\u00edculo 6.1.c RGPD) derivada de la Ley Org\u00e1nica 2\/2006, de 3 de mayo, de Educaci\u00f3n.<\/span><\/p>\n<p style=\"text-align: justify;\"><span style=\"font-weight: 400;\">El consentimiento del interesado (art\u00edculo 6.1.a) es el que justifica el tratamiento y la publicaci\u00f3n de la imagen en redes sociales, p\u00e1gina web y otros medios.<\/span><\/p>\n<p style=\"text-align: justify;\"><b>4. \u00bfPOR CU\u00c1NTO TIEMPO CONSERVAMOS SUS DATOS?<\/b><\/p>\n<p style=\"text-align: justify;\"><b>4.1. Usuarios de la web<\/b><\/p>\n<p style=\"text-align: justify;\"><span style=\"font-weight: 400;\">Los datos para remitirle la informaci\u00f3n ser\u00e1n conservados durante el tiempo que la relaci\u00f3n contractual se encuentre vigente, y una vez finalizada, durante el plazo de prescripci\u00f3n legal.<\/span><\/p>\n<p style=\"text-align: justify;\"><b>4.2. Alumnos y familias<\/b><\/p>\n<p style=\"text-align: justify;\"><span style=\"font-weight: 400;\">Los datos e im\u00e1genes ser\u00e1n conservados, en tanto en cuanto no revoquen su consentimiento, excepto en el caso de que no haya existido autorizaci\u00f3n para ello.\u00a0<\/span><\/p>\n<p style=\"text-align: justify;\"><span style=\"font-weight: 400;\">En los casos que no sea necesario su consentimiento la conservaci\u00f3n de los datos se realizar\u00e1 durante el tiempo necesario para la prestaci\u00f3n del servicio y durante los plazos de prescripci\u00f3n legal exigidos por las autoridades educativas y administraciones competentes.<\/span><\/p>\n<p style=\"text-align: justify;\"><b>5. \u00bfQU\u00c9 TIPO DE DATOS TRATAMOS DE NUESTROS USUARIOS? \u00bfQUI\u00c9N PUEDE FACILITAR DATOS?<\/b><\/p>\n<p style=\"text-align: justify;\"><span style=\"font-weight: 400;\">ASOCIACI\u00d3N PARA EL FOMENTO DEL COLEGIO ALEM\u00c1N SANTA CRUZ DE TENERIFE trata las siguientes categor\u00edas de datos:<\/span><\/p>\n<p style=\"text-align: justify;\"><b>5.1. Usuarios de la web<\/b><\/p>\n<ul style=\"text-align: justify;\">\n<li><b>Datos de los usuarios que remiten informaci\u00f3n por cualquiera de los mails disponibles: <span style=\"font-weight: 400;\">Los datos personales que ASOCIACI\u00d3N PARA EL FOMENTO DEL COLEGIO ALEM\u00c1N SANTA CRUZ DE TENERIFE solicita incluyen:\u00a0<\/span><\/b><\/li>\n<li><b>Datos identificativos: <\/b><span style=\"font-weight: 400;\">nombre y apellidos, tel\u00e9fono, direcci\u00f3n postal y electr\u00f3nica\u00a0<\/span><\/li>\n<li><b>Datos relativos a la solicitud<\/b><\/li>\n<\/ul>\n<ul style=\"text-align: justify;\">\n<li>Datos de los usuarios que navegan por nuestra web: <span style=\"font-weight: 400;\">Datos proporcionados por las cookies.<\/span><\/li>\n<\/ul>\n<p style=\"text-align: justify;\"><b>5.2. Alumnos y familias<\/b><\/p>\n<p style=\"text-align: justify;\"><span style=\"font-weight: 400;\">Los suministrados a trav\u00e9s de los diversos formularios y cuestionarios de inscripci\u00f3n y\u00a0 \u00a0 los derivados de la prestaci\u00f3n del servicio educativo y de la relaci\u00f3n con el centro, incluidos los de salud.<\/span><\/p>\n<p style=\"text-align: justify;\"><b>S\u00f3lo los mayores de 16 a\u00f1os<\/b><span style=\"font-weight: 400;\"> pueden facilitar datos a trav\u00e9s de nuestra web. Si eres menor de esta edad deber\u00e1s contar con el consentimiento de datos tus padres o tutores legales.<\/span><\/p>\n<p style=\"text-align: justify;\"><span style=\"font-weight: 400;\">El Usuario garantiza la autenticidad y actualidad de todos aquellos datos que comunique a ASOCIACI\u00d3N PARA EL FOMENTO DEL COLEGIO ALEM\u00c1N SANTA CRUZ DE TENERIFE y declara que es mayor de 16 a\u00f1os, y ser\u00e1 el \u00fanico responsable de las manifestaciones falsas o inexactas que realice.<\/span><\/p>\n<p style=\"text-align: justify;\"><b>6. \u00bfA QU\u00c9 DESTINATARIOS SE COMUNICAR\u00c1N SUS DATOS?<\/b><\/p>\n<p style=\"text-align: justify;\"><b>6.1. Usuarios de la web<\/b><\/p>\n<p style=\"text-align: justify;\"><span style=\"font-weight: 400;\">No se ceder\u00e1n datos a terceros salvo obligaci\u00f3n legal o en el supuesto que sea necesario para atender su solicitud.\u00a0<\/span><\/p>\n<p style=\"text-align: justify;\"><b>6.2. Alumnos y familias<\/b><\/p>\n<p style=\"text-align: justify;\"><span style=\"font-weight: 400;\">Para la prestaci\u00f3n del servicio docente es necesario la comunicaci\u00f3n de datos obtenidos a sus colaboradores para la gesti\u00f3n de determinados servicios docentes externos, entidades organizadoras de viajes, organizadores de actividades extraescolares\u2026 Para ello se tendr\u00e1 en cuenta su consentimiento a trav\u00e9s de diferentes autorizaciones.<\/span><\/p>\n<p style=\"text-align: justify;\"><span style=\"font-weight: 400;\">A continuaci\u00f3n, incorporamos las entidades a las que se comunicar\u00e1n los datos de los alumnos y sus familias:<\/span><\/p>\n<ul style=\"text-align: justify;\">\n<li style=\"font-weight: 400;\"><span style=\"font-weight: 400;\">A las entidades bancarias para el cobro del servicio educativo<\/span><\/li>\n<li style=\"font-weight: 400;\"><span style=\"font-weight: 400;\">A la Administraci\u00f3n tributaria.<\/span><\/li>\n<li style=\"font-weight: 400;\"><span style=\"font-weight: 400;\">Empresas gestoras de las actividades extraescolares<\/span><\/li>\n<li style=\"font-weight: 400;\"><span style=\"font-weight: 400;\">Administraciones educativas alemanas y espa\u00f1olas<\/span><\/li>\n<li style=\"font-weight: 400;\"><span style=\"font-weight: 400;\">Otros organismos obligados por Ley<\/span><\/li>\n<li style=\"font-weight: 400;\"><span style=\"font-weight: 400;\">Terceros de confianza con los que ASOCIACI\u00d3N PARA EL FOMENTO DEL COLEGIO ALEM\u00c1N | SANTA CRUZ DE TENERIFE tenga firmado un contrato de encargo de tratamiento.<\/span><\/li>\n<\/ul>\n<p style=\"text-align: justify;\"><span style=\"font-weight: 400;\">No se realizar\u00e1n transferencias internacionales de datos. En el supuesto de que sean necesarias como en el supuesto de intercambios de alumnos con otros centros fuera de la UE, ASOCIACI\u00d3N PARA EL FOMENTO DEL COLEGIO ALEM\u00c1N DE SANTA CRUZ DE TENERIFE firmar\u00e1 las cl\u00e1usulas contractuales tipo que ha establecido la Agencia Espa\u00f1ola de protecci\u00f3n de datos para la transferencia internacional de datos e implantar\u00e1 las medidas de seguridad sobre los mismos y el deber de confidencialidad. Se deber\u00e1 informar a los interesados, adem\u00e1s de las condiciones que afectan a la transferencia, en particular, la existencia o ausencia de una decisi\u00f3n de adecuaci\u00f3n de la Comisi\u00f3n respecto del tercer pa\u00eds u organizaci\u00f3n internacional.<\/span><\/p>\n<p style=\"text-align: justify;\"><b>7. \u00bfQU\u00c9 DERECHOS LE ASISTEN Y C\u00d3MO PUEDE EJERCITARLOS?<\/b><\/p>\n<p style=\"text-align: justify;\"><span style=\"font-weight: 400;\">El interesado puede ejercer los siguientes derechos ante ASOCIACI\u00d3N PARA EL FOMENTO DEL COLEGIO ALEM\u00c1N SANTA CRUZ DE TENERIFE:<\/span><\/p>\n<ol style=\"text-align: justify;\">\n<li style=\"font-weight: 400;\"><span style=\"font-weight: 400;\">Acceder a sus datos personales<\/span><\/li>\n<li style=\"font-weight: 400;\"><span style=\"font-weight: 400;\">Rectificarlos cuando son inexactos o incompletos<\/span><\/li>\n<li style=\"font-weight: 400;\"><span style=\"font-weight: 400;\">Solicitar la supresi\u00f3n o cancelaci\u00f3n de los datos cuando, entre otros motivos hayan dejado de ser necesarios para los fines para los que fueron recogidos<\/span><\/li>\n<li style=\"font-weight: 400;\"><span style=\"font-weight: 400;\">Oponerse a su tratamiento\u00a0<\/span><\/li>\n<li style=\"font-weight: 400;\"><span style=\"font-weight: 400;\">Pedir la limitaci\u00f3n del tratamiento de sus datos cuando se den alguna de las condiciones previstas en la normativa<\/span><\/li>\n<li style=\"font-weight: 400;\"><span style=\"font-weight: 400;\">Solicitar la portabilidad de sus datos en los casos previstos en la normativa\u00a0<\/span><\/li>\n<li style=\"font-weight: 400;\"><span style=\"font-weight: 400;\">Impedir ser objeto de decisiones automatizadas<\/span><\/li>\n<li style=\"font-weight: 400;\"><span style=\"font-weight: 400;\">Revocar los consentimientos otorgados<\/span><\/li>\n<\/ol>\n<p style=\"text-align: justify;\"><span style=\"font-weight: 400;\">El usuario para ejercer sus derechos, deber\u00e1 enviar un escrito en el que indique el derecho que desea ejercitar y acompa\u00f1ar documento acreditativo de su identidad y direcci\u00f3n postal o electr\u00f3nica a efectos de notificaci\u00f3n. Esta solicitud puede realizarla, bien mediante correo postal a: ASOCIACI\u00d3N PARA EL FOMENTO DEL COLEGIO ALEM\u00c1N SANTA CRUZ DE TENERIFE Calle Drago, 1, 38190 &#8211; El Rosario, o bien en la siguiente direcci\u00f3n de correo-e: <\/span><a href=\"mailto:dstenerife@dstenerife.eu\"><span style=\"font-weight: 400;\">dstenerife@dstenerife.eu<\/span><\/a><span style=\"font-weight: 400;\">.<\/span><\/p>\n<p style=\"text-align: justify;\"><span style=\"font-weight: 400;\">ASOCIACI\u00d3N PARA EL FOMENTO DEL COLEGIO ALEM\u00c1N SANTA CRUZ DE TENERIFE deber\u00e1 contestar la solicitud del ejercicio de derechos en el <\/span><b>plazo de un mes<\/b><span style=\"font-weight: 400;\"> a partir de la recepci\u00f3n de la solicitud. Dicho plazo podr\u00e1 prorrogarse otros dos meses en caso necesario, teniendo en cuenta la complejidad y el n\u00famero de solicitudes.\u00a0 Le informaremos de cualquier pr\u00f3rroga en el plazo de un mes a partir de la recepci\u00f3n de la solicitud indicando los motivos de la dilaci\u00f3n.\u00a0<\/span><\/p>\n<p style=\"text-align: justify;\"><span style=\"font-weight: 400;\">Asimismo, los interesados tienen derecho a reclamar ante la Autoridad de Control competente (Agencia Espa\u00f1ola de Protecci\u00f3n de Datos) cuando consideren que ASOCIACI\u00d3N PARA EL FOMENTO DEL COLEGIO ALEM\u00c1N SANTA CRUZ DE TENERIFE ha vulnerado los derechos que la normativa de protecci\u00f3n de datos les reconoce en <\/span><a href=\"http:\/\/www.aepd.es\"><span style=\"font-weight: 400;\">www.aepd.es<\/span><\/a><span style=\"font-weight: 400;\">\u00a0<\/span><\/p>\n<p style=\"text-align: justify;\"><b>8. \u00bfEst\u00e1n seguros mis datos?<\/b><\/p>\n<p style=\"text-align: justify;\"><span style=\"font-weight: 400;\">ASOCIACI\u00d3N PARA EL FOMENTO DEL COLEGIO ALEM\u00c1N SANTA CRUZ DE TENERIFE tiene vigente un contrato con una empresa de Hosting para el alojamiento de su p\u00e1gina web. Es una empresa europea y dispone de los \u00faltimos sistemas en medidas de seguridad.\u00a0<\/span><\/p>\n<p style=\"text-align: justify;\"><span style=\"font-weight: 400;\">ASOCIACI\u00d3N PARA EL FOMENTO DEL COLEGIO ALEM\u00c1N SANTA CRUZ DE TENERIFE garantiza la adopci\u00f3n de las medidas oportunas para asegurar el tratamiento confidencial de sus datos habida cuenta del car\u00e1cter reservado de los mismos.\u00a0<\/span><\/p>\n<p style=\"text-align: justify;\"><span style=\"font-weight: 400;\">ASOCIACI\u00d3N PARA EL FOMENTO DEL COLEGIO ALEM\u00c1N SANTA CRUZ DE TENERIFE se compromete a que dichos datos permanezcan secretos, trat\u00e1ndolos con la m\u00e1xima reserva, y declara tener implantadas en su sistema de informaci\u00f3n, las pol\u00edticas de seguridad correspondientes al tipo de datos manejados conforme a lo dispuesto en el\u00a0 REGLAMENTO (UE) 2016\/679 DEL PARLAMENTO EUROPEO Y DEL CONSEJO de 27 de abril de 2016 relativo a la protecci\u00f3n de las personas f\u00edsicas en lo que respecta al <\/span><span style=\"font-weight: 400;\">Enlaces a otros sitios web<\/span><\/p>\n<p style=\"text-align: justify;\"><span style=\"font-weight: 400;\">Si opta por abandonar nuestro sitio Web a trav\u00e9s de enlaces a otros sitios Web no pertenecientes a nuestra entidad, ASOCIACI\u00d3N PARA EL FOMENTO DEL COLEGIO ALEM\u00c1N SANTA CRUZ DE TENERIFE no se har\u00e1 responsable de las pol\u00edticas de privacidad de dichos sitios Web ni de las cookies que estos puedan almacenar en el ordenador del usuario.<\/span><\/p>\n<p style=\"text-align: justify;\"><b>Versi\u00f3n: 2.1<\/b><\/p>\n<p><b>Fecha: 10\/06\/20<\/b><\/p>\n<div id=\"post-30261\" class=\"col-lg-12 col-md-12 post-30261 page type-page status-publish hentry\">\n<h1>\n<hr \/>\n<\/h1>\n<h1 class=\"page-title\">Pol\u00edtica de cookies<\/h1>\n<div class=\"news-body\">\n<p><strong>1. \u00bfQu\u00e9 son las Cookies?<\/strong><\/p>\n<p>Una cookie es un archivo de texto que un servidor web puede guardar en el disco duro\u00a0de tu equipo para almacenar alg\u00fan tipo de informaci\u00f3n sobre ti como usuario. Las\u00a0cookies se utilizan con diversas finalidades tales como almacenar datos para pr\u00f3ximas\u00a0visitas, para reconocer al usuario y evitar pedir de nuevo la autentificaci\u00f3n, para saber\u00a0que paginas visitas, o para guardar tus preferencias en \u00e1reas personalizables\u2026).<br \/>\nNormalmente los sitios web utilizan las cookies para obtener informaci\u00f3n estad\u00edstica\u00a0sobre sus p\u00e1ginas web, y analizar el comportamiento de sus clientes\/usuarios.<\/p>\n<p><strong>2. Tipos de cookies<\/strong><\/p>\n<p>Las cookies pueden clasificarse seg\u00fan los siguientes criterios:<br \/>\nSeg\u00fan quien instala la cookie \u00e9stas pueden ser:<\/p>\n<p><strong>Cookies propias<\/strong>: Son aqu\u00e9llas que se env\u00edan al equipo terminal del usuario desde un\u00a0equipo o dominio gestionado por el propio editor y desde el que se presta el servicio\u00a0solicitado por el usuario.<br \/>\n<strong>Cookies de terceros:<\/strong> Son aqu\u00e9llas que se env\u00edan al equipo terminal del usuario bien\u00a0desde un desde un equipo o dominio gestionado por nosotros o por un tercero, pero la\u00a0informaci\u00f3n que se recoja las cookies es gestionada por un tercero distinto del titular de\u00a0la web.<\/p>\n<p><em>Seg\u00fan su plazo de conservaci\u00f3n las cookies pueden ser:<\/em><\/p>\n<p><strong>Cookies de sesi\u00f3n:<\/strong> Son aquellas que duran el tiempo que el usuario est\u00e1 navegando\u00a0por la p\u00e1gina Web y se borran cuando finaliza la navegaci\u00f3n.<br \/>\n<strong>Cookies persistentes:<\/strong> Quedan almacenadas en el terminal del usuario, por un\u00a0tiempo m\u00e1s largo, facilitando as\u00ed el control de las preferencias elegidas sin tener que\u00a0repetir ciertos par\u00e1metros cada vez que se visite el sitio Web.<\/p>\n<p><em>Seg\u00fan su finalidad las cookies pueden ser:<\/em><\/p>\n<p><strong>Cookies t\u00e9cnicas:<\/strong> Las cookies t\u00e9cnicas son aquellas imprescindibles y estrictamente\u00a0necesarias para el correcto funcionamiento de un sitio Web y el uso de las diversas\u00a0opciones y servicios que ofrece. Por ejemplo, las de mantenimiento de sesi\u00f3n, las que\u00a0permiten utilizar elementos de seguridad, compartir contenido con redes sociales, etc.<br \/>\n<strong>Cookies de personalizaci\u00f3n:<\/strong> Permiten al usuario escoger o personalizar\u00a0caracter\u00edsticas de la p\u00e1gina Web como el idioma, configuraci\u00f3n regional o tipo de\u00a0navegador.<\/p>\n<p><strong>Cookies anal\u00edticas:<\/strong> Son las utilizadas por los portales Web, para elaborar perfiles de\u00a0navegaci\u00f3n y poder conocer las preferencias de los usuarios con el fin de mejorar la\u00a0oferta de productos y servicios. Permiten controlar \u00e1reas geogr\u00e1ficas de mayor inter\u00e9s\u00a0de un usuario, la informaci\u00f3n de la web de m\u00e1s aceptaci\u00f3n, etc.<br \/>\n<strong>Cookies publicitarias \/ de publicidad:<\/strong> Permiten la gesti\u00f3n de los espacios\u00a0publicitarios en base a criterios concretos. Por ejemplo, la frecuencia de acceso, el\u00a0contenido editado, etc. Las cookies de publicidad permiten a trav\u00e9s de la gesti\u00f3n de la\u00a0publicidad almacenar informaci\u00f3n del comportamiento a trav\u00e9s de la observaci\u00f3n de\u00a0h\u00e1bitos, estudiando los accesos y formando un perfil de preferencias del usuario, para\u00a0ofrecerle publicidad relacionada con los intereses de su perfil.<\/p>\n<p><strong>3. Cookies utilizadas en nuestra web<\/strong><br \/>\nwww.dstenerife.eu utiliza los siguientes tipos de cookies en la web:<br \/>\nCookies t\u00e9cnicas<br \/>\nPermiten al usuario navegar por la Web y usar funcionalidades como ver la pol\u00edtica de\u00a0cookies.<br \/>\nCookies instaladas en nuestro dominio web:<\/p>\n<p>&nbsp;<\/p>\n<table>\n<tbody>\n<tr>\n<td>Nombre de la cookie<\/td>\n<td>Finalidad<\/td>\n<td>Propia\/ de terceros<\/td>\n<td>Duraci\u00f3n<\/td>\n<td>\u00bfCuando se instala?<\/td>\n<\/tr>\n<tr>\n<td>viewed_cookie_policy<\/td>\n<td>T\u00e9cnica<\/td>\n<td>Propia<\/td>\n<td>1 a\u00f1o<\/td>\n<td>Cuando se acepta la pol\u00edtica de cookies<\/td>\n<\/tr>\n<tr>\n<td>cookielawinfo-checkbox-necessary<\/td>\n<td>T\u00e9cnica<\/td>\n<td>Propia<\/td>\n<td>1 hora<\/td>\n<td>Al acceder al sitio web<\/td>\n<\/tr>\n<\/tbody>\n<\/table>\n<p>&nbsp;<\/p>\n<p><strong>4. Informaci\u00f3n y obtenci\u00f3n del consentimiento para la instalaci\u00f3n<\/strong><\/p>\n<p>www.dstenerife.eu procurar\u00e1 en todo momento establecer mecanismos adecuados\u00a0para obtener el consentimiento del Usuario para la instalaci\u00f3n de cookies que lo\u00a0requieran. Cuando un usuario accede a nuestra web aparece un pop-up en el que se\u00a0informa de la existencia de cookies y de que si contin\u00faa navegando por nuestra p\u00e1gina\u00a0presta su consentimiento para la instalaci\u00f3n de cookies.<\/p>\n<p><strong>5. \u00bfC\u00f3mo puedo impedir la instalaci\u00f3n de cookies?<\/strong><\/p>\n<p>El usuario puede configurar su navegador para aceptar, o no, las cookies que recibe o<br \/>\npara que el navegador le avise cuando un servidor quiera guardar una cookie. Si se<br \/>\ndeshabilitan algunas cookies t\u00e9cnicas no se garantiza el correcto funcionamiento de<br \/>\nalgunas de las utilidades de la web.<br \/>\nEl usuario podr\u00e1 excluir que se almacenen en su terminal las cookies &amp;quot;anal\u00edticas y<br \/>\npublicitarias\u201d de Google Analytics mediante los sistemas de exclusi\u00f3n facilitados<br \/>\npor\u00a0Google Analytics.<\/p>\n<p>A continuaci\u00f3n, tambi\u00e9n le facilitamos algunos ejemplos de c\u00f3mo deshabilitar las<br \/>\ncookies:<br \/>\na) Mediante la configuraci\u00f3n del propio navegador:<\/p>\n<ul>\n<li>Internet Explorer: http:\/\/windows.microsoft.com\/es-es\/windows-vista\/block-or-<br \/>\nallow-cookies<\/li>\n<li>Firefox: https:\/\/support.mozilla.org\/es\/kb\/habilitar-y-deshabilitar-cookies-que-los-<br \/>\nsitios-web<\/li>\n<li>Safari: \u00a0http:\/\/support.apple.com\/kb\/HT1677?viewlocale=es_ES.<\/li>\n<li>Chrome: https:\/\/support.google.com\/accounts\/answer\/61416?hl=es.<\/li>\n<li>Opera: http:\/\/help.opera.com\/Windows\/11.50\/es-ES\/cookies.html<\/li>\n<\/ul>\n<p>Para ampliar esta informaci\u00f3n acuda a la p\u00e1gina de la Agencia Espa\u00f1ola de Protecci\u00f3n\u00a0de Datos que ayuda a configurar la privacidad en redes sociales, navegadores y\u00a0sistemas operativos m\u00f3viles. M\u00e1s informaci\u00f3n.<\/p>\n<p>b) Mediante herramientas de terceros:<br \/>\nExisten herramientas de terceros, disponibles on line, que permiten a los usuarios<br \/>\ndetectar las cookies en cada sitio web que visita y gestionar su desactivaci\u00f3n, por<br \/>\nejemplo:<br \/>\nhttp:\/\/www.ghostery. com<br \/>\nhttp:\/\/www.youronlinechoices.com\/es\/<\/p>\n<p><strong>6. \u00a0Enlaces a otros sitios web<\/strong><\/p>\n<p>Si opta por abandonar nuestro sitio Web a trav\u00e9s de enlaces a otros sitios Web no\u00a0pertenecientes a nuestra entidad, no nos haremos responsables de las pol\u00edticas de\u00a0privacidad de dichos sitios Web ni de las cookies que estos puedan almacenar en el\u00a0ordenador del usuario.<\/p>\n<p><strong>7. Actualizaci\u00f3n de nuestra pol\u00edtica de cookies<\/strong><\/p>\n<p>Esta pol\u00edtica se revisa peri\u00f3dicamente para asegurar su vigencia, por lo que puede ser\u00a0modificada. Le recomendamos que visite la p\u00e1gina con regularidad donde le\u00a0informaremos de cualquier actualizaci\u00f3n al respecto.<\/p>\n<p><strong>Fecha: 10\/06\/20<\/strong><br \/>\n<strong>Versi\u00f3n: V.1.0<\/strong><\/p>\n<\/div>\n<\/div>\n","protected":false},"excerpt":{"rendered":"<p>INFORMACI\u00d3N B\u00c1SICA DE PROTECCI\u00d3N DE DATOS Responsable\u00a0 ASOCIACI\u00d3N PARA EL FOMENTO DEL COLEGIO ALEM\u00c1N SANTA CRUZ [&hellip;]<\/p>\n","protected":false},"author":13,"featured_media":0,"parent":0,"menu_order":15,"comment_status":"closed","ping_status":"closed","template":"","meta":{"site-sidebar-layout":"default","site-content-layout":"default","ast-site-content-layout":"default","site-content-style":"default","site-sidebar-style":"default","ast-global-header-display":"","ast-banner-title-visibility":"","ast-main-header-display":"","ast-hfb-above-header-display":"","ast-hfb-below-header-display":"","ast-hfb-mobile-header-display":"","site-post-title":"","ast-breadcrumbs-content":"","ast-featured-img":"","footer-sml-layout":"","ast-disable-related-posts":"","theme-transparent-header-meta":"default","adv-header-id-meta":"","stick-header-meta":"default","header-above-stick-meta":"","header-main-stick-meta":"","header-below-stick-meta":"","astra-migrate-meta-layouts":"default","ast-page-background-enabled":"default","ast-page-background-meta":{"desktop":{"background-color":"","background-image":"","background-repeat":"repeat","background-position":"center center","background-size":"auto","background-attachment":"scroll","background-type":"","background-media":"","overlay-type":"","overlay-color":"","overlay-opacity":"","overlay-gradient":""},"tablet":{"background-color":"","background-image":"","background-repeat":"repeat","background-position":"center center","background-size":"auto","background-attachment":"scroll","background-type":"","background-media":"","overlay-type":"","overlay-color":"","overlay-opacity":"","overlay-gradient":""},"mobile":{"background-color":"","background-image":"","background-repeat":"repeat","background-position":"center center","background-size":"auto","background-attachment":"scroll","background-type":"","background-media":"","overlay-type":"","overlay-color":"","overlay-opacity":"","overlay-gradient":""}},"ast-content-background-meta":{"desktop":{"background-color":"var(--ast-global-color-5)","background-image":"","background-repeat":"repeat","background-position":"center center","background-size":"auto","background-attachment":"scroll","background-type":"","background-media":"","overlay-type":"","overlay-color":"","overlay-opacity":"","overlay-gradient":""},"tablet":{"background-color":"var(--ast-global-color-5)","background-image":"","background-repeat":"repeat","background-position":"center center","background-size":"auto","background-attachment":"scroll","background-type":"","background-media":"","overlay-type":"","overlay-color":"","overlay-opacity":"","overlay-gradient":""},"mobile":{"background-color":"var(--ast-global-color-5)","background-image":"","background-repeat":"repeat","background-position":"center center","background-size":"auto","background-attachment":"scroll","background-type":"","background-media":"","overlay-type":"","overlay-color":"","overlay-opacity":"","overlay-gradient":""}},"_jet_sm_ready_style":"","_jet_sm_style":"","_jet_sm_controls_values":"","_jet_sm_fonts_collection":"","_jet_sm_fonts_links":"","footnotes":""},"schlagwortedst":[],"class_list":["post-30269","page","type-page","status-publish","hentry"],"_links":{"self":[{"href":"https:\/\/staging.dst.deutsche-schule.eu\/es\/wp-json\/wp\/v2\/pages\/30269","targetHints":{"allow":["GET"]}}],"collection":[{"href":"https:\/\/staging.dst.deutsche-schule.eu\/es\/wp-json\/wp\/v2\/pages"}],"about":[{"href":"https:\/\/staging.dst.deutsche-schule.eu\/es\/wp-json\/wp\/v2\/types\/page"}],"author":[{"embeddable":true,"href":"https:\/\/staging.dst.deutsche-schule.eu\/es\/wp-json\/wp\/v2\/users\/13"}],"replies":[{"embeddable":true,"href":"https:\/\/staging.dst.deutsche-schule.eu\/es\/wp-json\/wp\/v2\/comments?post=30269"}],"version-history":[{"count":1,"href":"https:\/\/staging.dst.deutsche-schule.eu\/es\/wp-json\/wp\/v2\/pages\/30269\/revisions"}],"predecessor-version":[{"id":45270,"href":"https:\/\/staging.dst.deutsche-schule.eu\/es\/wp-json\/wp\/v2\/pages\/30269\/revisions\/45270"}],"wp:attachment":[{"href":"https:\/\/staging.dst.deutsche-schule.eu\/es\/wp-json\/wp\/v2\/media?parent=30269"}],"wp:term":[{"taxonomy":"schlagwortedst","embeddable":true,"href":"https:\/\/staging.dst.deutsche-schule.eu\/es\/wp-json\/wp\/v2\/schlagwortedst?post=30269"}],"curies":[{"name":"wp","href":"https:\/\/api.w.org\/{rel}","templated":true}]}}