{"id":29671,"date":"2020-06-05T16:06:50","date_gmt":"2020-06-05T16:06:50","guid":{"rendered":"https:\/\/stage.dst.deutsche-schule.eu\/?page_id=29671"},"modified":"2021-08-09T10:23:10","modified_gmt":"2021-08-09T10:23:10","slug":"inscripcion-y-precios-2020","status":"publish","type":"page","link":"https:\/\/staging.dst.deutsche-schule.eu\/es\/servicios\/inscripcion-y-precios-2020\/","title":{"rendered":"Inscripci\u00f3n y precios 2020\/21"},"content":{"rendered":"<p><strong>Centro infantil:<\/strong><\/p>\n<p>Pueden inscribir a sus hijos en nuestra Guarder\u00eda y en nuestro Kindergarten en los meses de noviembre a febrero.<\/p>\n<p><strong>Registros para la inscripci\u00f3n<\/strong><\/p>\n<p>KiKri (Guarder\u00eda): Si su hijo ha cumplido dos a\u00f1os antes del 31 de agosto, podr\u00e1 inscribirlo en nuestra Guarder\u00eda (KiKri).<\/p>\n<p>Kindergarten (Educaci\u00f3n Infantil): Si su hijo ha cumplido tres a\u00f1os antes del 31 de agosto, podr\u00e1 inscribirlo en nuestro Kindergarten.<\/p>\n<p>Si el n\u00famero de solicitudes superara la capacidad de admisi\u00f3n, los ni\u00f1os ser\u00edan seleccionados de acuerdo con unos criterios definidos. Los ni\u00f1os admitidos en la KiKri y en el Kindergarten posteriormente se distribuyen en peque\u00f1os grupos.<\/p>\n<p>Se podr\u00e1 admitir a un ni\u00f1o en cursos superiores del Kindergarten, siempre y cuando posea conocimientos previos del alem\u00e1n y haya plazas libres.<\/p>\n<p>Habr\u00e1 que presentar los siguientes documentos para la inscripci\u00f3n, y tendr\u00e1n que ser presentados en secretar\u00eda antes de finalizar el mes de febrero:<\/p>\n<p>Formularios Guarderia\/Centro infantil:\u00a0<a href=\"https:\/\/stage.dst.deutsche-schule.eu\/wp-content\/uploads\/2019\/11\/Anmeldeformular-2020.pdf\" target=\"_blank\" rel=\"noopener noreferrer\">Hojas de inscripci\u00f3n<\/a><\/p>\n<p>A tiempo se informa a los padres sobre la situaci\u00f3n de admisi\u00f3n. En caso de admisi\u00f3n, se pide a los padres que entreguen documentaci\u00f3n adicional y el pago de las cuotas de inscripci\u00f3n y dep\u00f3sito. Despu\u00e9s de la formalizaci\u00f3n de los tr\u00e1mites, el ni\u00f1o estar\u00e1 inscrito en el centro. Cuando se supere el n\u00famero de plazas, se proceder\u00e1 de acuerdo con los criterios. Se informa a los padres de que por el momento se encuentran en una lista de reserva. Despu\u00e9s del plazo de matriculaci\u00f3n, se tiene en cuenta la lista de reserva.<\/p>\n<p><strong><a href=\"https:\/\/stage.dst.deutsche-schule.eu\/wp-content\/uploads\/2020\/07\/KINDERGARTEN-KIKRI-QUOTEN-CUOTAS-2020-21.pdf\" target=\"_blank\" rel=\"noopener noreferrer\">Precios Centro infantil<\/a> (2020\/2021):<\/strong><\/p>\n<table style=\"width: 695px;\">\n<tbody>\n<tr>\n<td style=\"width: 444.31px;\">Inscripci\u00f3n (anualmente durante Preescolar)<\/td>\n<td style=\"width: 210.69px;\">350,00 \u20ac<\/td>\n<\/tr>\n<tr>\n<td style=\"width: 444.31px;\">Inscripci\u00f3n (anualmente durante Preescolar)<\/td>\n<td style=\"width: 210.69px;\">780,00 \u20ac<\/td>\n<\/tr>\n<tr>\n<td style=\"width: 444.31px;\">Cuota mensula (KiKri 11 cuotas \/ KiGa 10 cuotas)<\/td>\n<td style=\"width: 210.69px;\">380,00 \u20ac<\/td>\n<\/tr>\n<\/tbody>\n<\/table>\n<p>&nbsp;<\/p>\n<p>&nbsp;<\/p>\n<p><strong>Colegio:<\/strong><\/p>\n<p>Los alumnos que asisten al Kindergarten del Colegio Alem\u00e1n de Santa Cruz de Tenerife pasan a la Primaria del Colegio Alem\u00e1n. Adem\u00e1s, existe la posibilidad de inscribir a alumnos a partir de 1\u00ba de Primaria que tengan suficientes conocimientos del idioma alem\u00e1n. La decisi\u00f3n sobre la admisi\u00f3n la tomar\u00e1 individualmente la direcci\u00f3n del centro. Dado el caso, se podr\u00eda realizar pruebas de nivel para determinar el curso apropiado.<\/p>\n<p><a href=\"https:\/\/stage.dst.deutsche-schule.eu\/wp-content\/uploads\/2020\/07\/Schulgeldquoten-Cuotas-Escolar-Colegio-20-21.pdf\" target=\"_blank\" rel=\"noopener noreferrer\"><strong><u>Cuotas escolares<\/u><\/strong><\/a>\u00a0(Curso escolar 2020\/2021)<u><br \/>\n<\/u><\/p>\n<table style=\"width: 698px;\">\n<tbody>\n<tr>\n<td style=\"width: 227px;\">Clases 1 \u2013 8<\/td>\n<td style=\"width: 190.139px;\">10 x 325,00 \u20ac<\/td>\n<td style=\"width: 218.861px;\">3.250,00 \u20ac<\/td>\n<\/tr>\n<tr>\n<td style=\"width: 227px;\">Clases 9 \u2013 11<\/td>\n<td style=\"width: 190.139px;\">10 x 365,00 \u20ac<\/td>\n<td style=\"width: 218.861px;\">3.650,00 \u20ac<\/td>\n<\/tr>\n<tr>\n<td style=\"width: 227px;\">Clase 12<\/td>\n<td style=\"width: 190.139px;\">\u00a09 x 406,00 \u20ac<\/td>\n<td style=\"width: 218.861px;\">3.654,00 \u20ac<\/td>\n<\/tr>\n<\/tbody>\n<\/table>\n<p><strong><u>Para alumnos de nuevo ingreso:<\/u><\/strong><\/p>\n<table>\n<tbody>\n<tr>\n<td width=\"326\">Inscripci\u00f3n Clases 1 &#8211; 12<\/td>\n<td width=\"163\">850,00 \u20ac<\/td>\n<\/tr>\n<tr>\n<td width=\"326\">Dep\u00f3sito Clases 1 &#8211; 8<\/td>\n<td width=\"163\">900,00 \u20ac<\/td>\n<\/tr>\n<tr>\n<td width=\"326\">Dep\u00f3sito Clases 9 \u2013 12<\/td>\n<td width=\"163\">1.030,00 \u20ac<\/td>\n<\/tr>\n<\/tbody>\n<\/table>\n<p>El dep\u00f3sito se devolver\u00e1 (previa solicitud escrita) si el alumno ha completado su carrera escolar en el centro.<\/p>\n<ul>\n<li>Cursos voluntarios de preparaci\u00f3n a la universidad espa\u00f1ola (PAU) para alumnos de las clases 11 y 12. Precio: 30 euros mensuales por asignatura.<\/li>\n<li>L\u00dcZ (Hora de aprendizaje y repaso) entre las 14.10 h y las 15.40 h:13\u20ac por d\u00eda\/ mensual.<\/li>\n<li>Permanencia entre las 14.10 h y las 15.40 h:11\u20ac por d\u00eda\/ mensual.<\/li>\n<\/ul>\n<p>Los pagos estar\u00e1n al cobro el 5 de septiembre, octubre, noviembre, diciembre, enero, febrero, marzo, abril, mayo y junio, pudiendo s\u00f3lo realizarse mediante domiciliaci\u00f3n bancaria.<\/p>\n<blockquote><p><a href=\"https:\/\/stage.dst.deutsche-schule.eu\/es\/servicios\/inscripcion-y-precios\/becas-escolares\/\">Las solicitudes de becas<\/a>\u00a0que se conceden anualmente, est\u00e1n disponibles en secretar\u00eda y pueden ser presentadas en alem\u00e1n o espa\u00f1ol hasta el 30 de junio. La junta directiva decidir\u00e1 sobre su concesi\u00f3n.<\/p><\/blockquote>\n","protected":false},"excerpt":{"rendered":"<p>Centro infantil: Pueden inscribir a sus hijos en nuestra Guarder\u00eda y en nuestro Kindergarten en los [&hellip;]<\/p>\n","protected":false},"author":10,"featured_media":0,"parent":1939,"menu_order":9,"comment_status":"closed","ping_status":"closed","template":"","meta":{"site-sidebar-layout":"default","site-content-layout":"default","ast-site-content-layout":"default","site-content-style":"default","site-sidebar-style":"default","ast-global-header-display":"","ast-banner-title-visibility":"","ast-main-header-display":"","ast-hfb-above-header-display":"","ast-hfb-below-header-display":"","ast-hfb-mobile-header-display":"","site-post-title":"","ast-breadcrumbs-content":"","ast-featured-img":"","footer-sml-layout":"","ast-disable-related-posts":"","theme-transparent-header-meta":"default","adv-header-id-meta":"","stick-header-meta":"default","header-above-stick-meta":"","header-main-stick-meta":"","header-below-stick-meta":"","astra-migrate-meta-layouts":"default","ast-page-background-enabled":"default","ast-page-background-meta":{"desktop":{"background-color":"","background-image":"","background-repeat":"repeat","background-position":"center center","background-size":"auto","background-attachment":"scroll","background-type":"","background-media":"","overlay-type":"","overlay-color":"","overlay-opacity":"","overlay-gradient":""},"tablet":{"background-color":"","background-image":"","background-repeat":"repeat","background-position":"center center","background-size":"auto","background-attachment":"scroll","background-type":"","background-media":"","overlay-type":"","overlay-color":"","overlay-opacity":"","overlay-gradient":""},"mobile":{"background-color":"","background-image":"","background-repeat":"repeat","background-position":"center center","background-size":"auto","background-attachment":"scroll","background-type":"","background-media":"","overlay-type":"","overlay-color":"","overlay-opacity":"","overlay-gradient":""}},"ast-content-background-meta":{"desktop":{"background-color":"var(--ast-global-color-5)","background-image":"","background-repeat":"repeat","background-position":"center center","background-size":"auto","background-attachment":"scroll","background-type":"","background-media":"","overlay-type":"","overlay-color":"","overlay-opacity":"","overlay-gradient":""},"tablet":{"background-color":"var(--ast-global-color-5)","background-image":"","background-repeat":"repeat","background-position":"center center","background-size":"auto","background-attachment":"scroll","background-type":"","background-media":"","overlay-type":"","overlay-color":"","overlay-opacity":"","overlay-gradient":""},"mobile":{"background-color":"var(--ast-global-color-5)","background-image":"","background-repeat":"repeat","background-position":"center center","background-size":"auto","background-attachment":"scroll","background-type":"","background-media":"","overlay-type":"","overlay-color":"","overlay-opacity":"","overlay-gradient":""}},"_jet_sm_ready_style":"","_jet_sm_style":"","_jet_sm_controls_values":"","_jet_sm_fonts_collection":"","_jet_sm_fonts_links":"","footnotes":""},"schlagwortedst":[152],"class_list":["post-29671","page","type-page","status-publish","hentry","schlagwortedst-sideservice"],"_links":{"self":[{"href":"https:\/\/staging.dst.deutsche-schule.eu\/es\/wp-json\/wp\/v2\/pages\/29671","targetHints":{"allow":["GET"]}}],"collection":[{"href":"https:\/\/staging.dst.deutsche-schule.eu\/es\/wp-json\/wp\/v2\/pages"}],"about":[{"href":"https:\/\/staging.dst.deutsche-schule.eu\/es\/wp-json\/wp\/v2\/types\/page"}],"author":[{"embeddable":true,"href":"https:\/\/staging.dst.deutsche-schule.eu\/es\/wp-json\/wp\/v2\/users\/10"}],"replies":[{"embeddable":true,"href":"https:\/\/staging.dst.deutsche-schule.eu\/es\/wp-json\/wp\/v2\/comments?post=29671"}],"version-history":[{"count":3,"href":"https:\/\/staging.dst.deutsche-schule.eu\/es\/wp-json\/wp\/v2\/pages\/29671\/revisions"}],"predecessor-version":[{"id":45087,"href":"https:\/\/staging.dst.deutsche-schule.eu\/es\/wp-json\/wp\/v2\/pages\/29671\/revisions\/45087"}],"up":[{"embeddable":true,"href":"https:\/\/staging.dst.deutsche-schule.eu\/es\/wp-json\/wp\/v2\/pages\/1939"}],"wp:attachment":[{"href":"https:\/\/staging.dst.deutsche-schule.eu\/es\/wp-json\/wp\/v2\/media?parent=29671"}],"wp:term":[{"taxonomy":"schlagwortedst","embeddable":true,"href":"https:\/\/staging.dst.deutsche-schule.eu\/es\/wp-json\/wp\/v2\/schlagwortedst?post=29671"}],"curies":[{"name":"wp","href":"https:\/\/api.w.org\/{rel}","templated":true}]}}