{"id":1976,"date":"2015-04-25T23:01:02","date_gmt":"2015-04-25T23:01:02","guid":{"rendered":"http:\/\/dstenerife.ducklingit.com\/?page_id=1976"},"modified":"2021-08-09T15:25:47","modified_gmt":"2021-08-09T15:25:47","slug":"informaciones-para-padres","status":"publish","type":"page","link":"https:\/\/staging.dst.deutsche-schule.eu\/es\/kikri-y-kindergarten\/informaciones-para-padres\/","title":{"rendered":"Informaci\u00f3n para padres"},"content":{"rendered":"\t\t<div data-elementor-type=\"wp-page\" data-elementor-id=\"1976\" class=\"elementor elementor-1976 elementor-756\" data-elementor-post-type=\"page\">\n\t\t\t\t\t\t<section class=\"elementor-section elementor-top-section elementor-element elementor-element-5ca086fc elementor-section-boxed elementor-section-height-default elementor-section-height-default\" data-id=\"5ca086fc\" data-element_type=\"section\" data-settings=\"{&quot;_ob_glider_is_slider&quot;:&quot;no&quot;}\">\n\t\t\t\t\t\t<div class=\"elementor-container elementor-column-gap-default\">\n\t\t\t\t\t<div class=\"elementor-column elementor-col-100 elementor-top-column elementor-element elementor-element-57e93131\" data-id=\"57e93131\" data-element_type=\"column\">\n\t\t\t<div class=\"elementor-widget-wrap elementor-element-populated\">\n\t\t\t\t\t\t<div class=\"elementor-element elementor-element-6c9006e0 elementor-widget elementor-widget-text-editor\" data-id=\"6c9006e0\" data-element_type=\"widget\" data-settings=\"{&quot;_ob_postman_use&quot;:&quot;no&quot;,&quot;_ob_widget_stalker_use&quot;:&quot;no&quot;,&quot;_ob_shadough_use&quot;:&quot;no&quot;}\" data-widget_type=\"text-editor.default\">\n\t\t\t\t<div class=\"elementor-widget-container\">\n\t\t\t\t\t\t\t\t\t<p><strong>Horario de apertura<\/strong><\/p><p><strong>KiKri\u00a0\u00a0\u00a0\u00a0\u00a0\u00a0\u00a0\u00a0\u00a0\u00a0\u00a0\u00a0\u00a0\u00a0\u00a0\u00a0\u00a0\u00a0\u00a0\u00a0\u00a0\u00a0\u00a0\u00a0\u00a0\u00a0\u00a0\u00a0\u00a0\u00a0\u00a0\u00a0\u00a0\u00a0\u00a0\u00a0\u00a0\u00a0\u00a0\u00a0\u00a0\u00a0\u00a0\u00a0\u00a0\u00a0\u00a0\u00a0\u00a0\u00a0\u00a0\u00a0\u00a0\u00a0\u00a0\u00a0\u00a0\u00a0\u00a0\u00a0\u00a0\u00a0\u00a0\u00a0\u00a0\u00a0\u00a0\u00a0\u00a0\u00a0\u00a0\u00a0\u00a0\u00a0\u00a0\u00a0\u00a0\u00a0\u00a0\u00a0\u00a0\u00a0\u00a0\u00a0\u00a0\u00a0\u00a0\u00a0\u00a0\u00a0\u00a0\u00a0\u00a0\u00a0\u00a0\u00a0\u00a0\u00a0\u00a0 <\/strong><\/p><p>Horario de apertura:\u00a0\u00a0\u00a0\u00a0\u00a0\u00a0\u00a0\u00a0\u00a0\u00a0\u00a0\u00a0\u00a0\u00a0 07:30 &#8211; 15:40<\/p><p>Horario de tra\u00edda:\u00a0\u00a0\u00a0\u00a0\u00a0\u00a0\u00a0\u00a0\u00a0\u00a0\u00a0\u00a0\u00a0 \u00a0\u00a0\u00a0\u00a0\u00a0 07:30 &#8211; 09:00<\/p><p>Primera fase de recogida:\u00a0\u00a0\u00a0\u00a0\u00a0 12:00 &#8211; 13:00<\/p><p>Segunda fase de recogida:\u00a0\u00a0\u00a0\u00a0 15:00 &#8211; 15:40<\/p><p><strong>Kindergarten<\/strong><\/p><p>Horario de apertura:\u00a0\u00a0\u00a0\u00a0\u00a0\u00a0\u00a0\u00a0\u00a0\u00a0\u00a0\u00a0\u00a0\u00a0\u00a0\u00a0\u00a007:30 &#8211; 15:40<\/p><p>Horario de tra\u00edda:\u00a0\u00a0\u00a0\u00a0\u00a0\u00a0\u00a0\u00a0\u00a0\u00a0\u00a0\u00a0\u00a0\u00a0\u00a0\u00a0\u00a0\u00a0\u00a0\u00a0\u00a0 07:30 &#8211; 08:30<\/p><p>Primera fase de recogida:\u00a0\u00a0\u00a0\u00a0\u00a0\u00a0\u00a0\u00a013:00 &#8211; 13:45<\/p><p>Segunda fase de recogida:\u00a0\u00a0\u00a0\u00a0\u00a0\u00a0\u00a015:15 &#8211; 15:40<\/p><p><strong>Para el uso diario les rogamos traigan lo siguiente:<\/strong><\/p><p>Un bolsa o mochila con el nombre del ni\u00f1o. Por favor, eviten las mochilas con ruedas en la guarder\u00eda y Kindergarten. Ensayen con sus hijos para que abran y cierren ellos mismos las mochilas y expliquen tambi\u00e9n el contenido de las mismas, as\u00ed como el cuidado de las cosas que traen.<\/p><p>Diariamente deben llevar un desayuno sano, por ejemplo, un bocadillo, una pieza de fruta o algo de verdura. Tengan en cuenta, por favor, que los envases sean respetuosos con el medio ambiente y tambi\u00e9n que las latas y recipientes se puedan abrir y cerrar f\u00e1cilmente por los ni\u00f1os. Tambi\u00e9n deben estar marcadas con el \u00a0nombre.<\/p><p>Diariamente deben llevar una bebida, por ejemplo, agua, zumo sin az\u00facar a\u00f1adido o t\u00e9. Utilicen recipientes que cierren bien.<\/p><p>Eviten, por favor, dulces, bizcocho o chocolate.<\/p><p>Para evitar lesiones les pedimos que no traigan botellas o recipientes de cristal o pl\u00e1stico quebradizo para las bebidas y comidas.<\/p><p>Muchos ni\u00f1os no saben utilizar los tetrabrics con pajita. Como suelen contener mucho az\u00facar a\u00f1adido, mejor evitarlos.<\/p><p>Utilicen, por favor, para los alimentos fiambreras Tupperware, para no ocasionar basura innecesaria.<\/p><p>Sobre las dem\u00e1s cosas necesarias, como pa\u00f1ales (guarder\u00eda) o ropa de deporte, les informaremos en la primera reuni\u00f3n de padres.<\/p><p><strong>Reglas de recogida<\/strong><\/p><p>A principios de a\u00f1o obtendr\u00e1n un formulario donde podr\u00e1n indicar a todas las personas autorizadas que puedan recoger a sus hijos\/as, con nombre, foto y NIE. Si hubiera alg\u00fan cambio les pedimos, por favor, un n\u00famero de tel\u00e9fono personal o notificaci\u00f3n por escrito. Sin el consentimiento de los padres los ni\u00f1os no ser\u00e1n entregados a persona alguna.<\/p><p>Cualquier irregularidad en la recogida habitual se nos debe comunicar personalmente, telef\u00f3nicamente o por correo electr\u00f3nico. Si no estamos informados de antemano, los ni\u00f1os no podr\u00e1n abandonar la instituci\u00f3n.<\/p><p>Los hermanos menores de edad no est\u00e1n autorizados a recoger a los ni\u00f1os.<\/p><p><strong>Ni\u00f1os que utilizan el transporte escolar<\/strong><\/p><p>Todas las informaciones sobre el transporte del autob\u00fas (rutas, precio y horarios) los obtendr\u00e1n a trav\u00e9s de secretar\u00eda o en la p\u00e1gina web del colegio. El procedimiento de inscripci\u00f3n se efect\u00faa tambi\u00e9n a trav\u00e9s de la secretar\u00eda del colegio.<\/p><p>Si su hijo utiliza el transporte escolar, por favor, comun\u00edquelo a la profesora correspondiente. Todos los cambios que pudieran existir en los horarios se deber\u00e1n comunicar tanto a la empresa de transporte como a nosotros.<\/p><p><strong>Enfermedades<\/strong><\/p><p>En caso de enfermedades contagiosas hay que informar inmediatamente al Kindergarten en cuanto se tenga conocimiento de la misma. Si hubiera fiebre, resfriados, etc. les pedimos nos lo comuniquen a partir del tercer d\u00eda por tel\u00e9fono o por escrito.<\/p><p>En caso de alergias, asma o cualquier enfermedad cr\u00f3nica les pedimos un certificado m\u00e9dico. Los ant\u00eddotos contra las alergias, inhaladores contra el asma etc. que haya que suministrar a los ni\u00f1os nos lo dar\u00e1n personalmente a nosotros junto con el certificado m\u00e9dico. Asimismo incluir\u00e1n, por favor, un consentimiento por escrito y una descripci\u00f3n para la toma del medicamento.<\/p><p>Si existe fiebre, diarrea o v\u00f3mitos les pedimos que no traigan a los ni\u00f1os a la instituci\u00f3n para evitar contagios.<\/p><p>Si han dado de antemano medicamentos a los ni\u00f1os, les pedimos nos lo hagan saber para poder observar a los ni\u00f1os por si notamos alg\u00fan cambio en ellos.<\/p><p>Revisen regularmente a los ni\u00f1os por si existieran piojos o liendres. Si hay infestaci\u00f3n les rogamos lo traten debidamente y ese d\u00eda no lleven al ni\u00f1o a la instituci\u00f3n.<\/p><p><strong>Importante<\/strong><\/p><p>\u00a1Est\u00e9n atentos siempre a su tel\u00e9fono o correo electr\u00f3nico y devuelva la llamada en caso de que no pudi\u00e9ramos contactar con ustedes! Si hubiera cambios de n\u00famero de tel\u00e9fono, correo electr\u00f3nico o direcciones, comun\u00edquenlo en secretar\u00eda y a nosotros.<\/p><p><strong>Ropa extraviada<\/strong><\/p><p>Por favor, marquen toda la ropa como chaquetas, abrigos, pantalones, mochilas, etc. con el nombre. Solo as\u00ed podremos encontrar \u00a0y devolver la ropa.<\/p><p>Tanto en la guarder\u00eda como en el Kindergarten hay un lugar de ropa extraviada, donde ustedes mismos pueden buscar.<\/p><p><strong>Informaci\u00f3n para los padres<\/strong><\/p><p>Al comienzo del curso escolar del Kindergarten, tiene lugar una reuni\u00f3n de informaci\u00f3n para los nuevos padres. Aqu\u00ed se dan a conocer las distribuciones de los grupos y las informaciones para el primer d\u00eda de guarder\u00eda y Kindergarten. Los padres son invitados por escrito para ello.<\/p><p>Despu\u00e9s de la etapa de adaptaci\u00f3n tiene lugar una reuni\u00f3n de padres donde se les informar\u00e1 sobre el concepto \u00a0y el d\u00eda a d\u00eda pedag\u00f3gico en la instituci\u00f3n.<\/p><p>Todas las informaciones de fiestas, invitaciones a conversaciones de padres etc. se dar\u00e1n a conocer a trav\u00e9s de correo electr\u00f3nico con tiempo de antelaci\u00f3n.<\/p><p><strong>Trabajo de los padres en la educaci\u00f3n infantil<\/strong><\/p><p>En la primera reuni\u00f3n de padres se votar\u00e1n a dos representantes de padres por cada grupo. Estos act\u00faan como enlace de comunicaci\u00f3n entre la direcci\u00f3n del Kindergarten y los padres de los diferentes grupos. A lo largo del curso habr\u00e1 dos o tres encuentros, en los cuales se hablar\u00e1 sobre fiestas, excursiones y los intereses de cada grupo.<\/p><p>En cuesti\u00f3n de fiestas y excursiones dependemos del compromiso de los padres y nos alegramos de su participaci\u00f3n activa. Tambi\u00e9n en el d\u00eda a d\u00eda o por las tardes organizamos ofertas para y con los padres y nos alegramos de su participaci\u00f3n.<\/p><p>Si tuvieran ideas para excursiones etc. nos alegrar\u00edamos de sus propuestas y les pedimos que se pongan en contacto con el profesor correspondiente o con la direcci\u00f3n del Kindergarten.<\/p><p>Tambi\u00e9n pueden implicarse a trav\u00e9s de la Asociaci\u00f3n del Colegio y del Consejo de Padres. Las informaciones necesarias las pueden ver en la p\u00e1gina web del colegio o en secretar\u00eda.<\/p><p><strong>Comedor<\/strong><\/p><p>Los ni\u00f1os de la guarder\u00eda y del Kindergarten pueden comer en el comedor del colegio. Para los ni\u00f1os de la guarder\u00eda se prepara comida acorde a su edad y se sirve en el comedor de la guarder\u00eda. La comida en la guarder\u00eda \u00a0es obligatoria (3.50 \u20ac por d\u00eda)<\/p><p>Los ni\u00f1os del Kindergarten comen juntos en el comedor del colegio. Se pueden inscribir tanto para periodos largos como para d\u00edas individuales y se gestiona en la secretar\u00eda del colegio. Si hay cambios o inscripciones individuales deben hacerse el mismo d\u00eda en secretar\u00eda antes de las 09:00 horas.<\/p><p>El men\u00fa actual \u00a0se puede consultar en <a href=\"https:\/\/staging.dst.deutsche-schule.eu\/es\/servicios\/instituciones\/comedor-y-cafeteria\/\" target=\"_blank\" rel=\"noopener\">la p\u00e1gina web<\/a> del colegio.<\/p><p><strong>Actividades extraescolares<\/strong><\/p><p>Hay posibilidad para todos los ni\u00f1os\u00a0de participar en actividades en alem\u00e1n y espa\u00f1ol por las tardes. La oferta se puede ver ampliada en la p\u00e1gina web. Se pueden inscribir y desapuntar en las actividades al comienzo del primer y segundo curso escolar en la secretar\u00eda del colegio.<\/p><p><strong>Privacidad y protecci\u00f3n de datos<\/strong><\/p><p>Toda informaci\u00f3n sobre datos en relaci\u00f3n con las personas se tratar\u00e1n seg\u00fan las leyes de protecci\u00f3n de datos. Les pedimos tener los datos actualizados e informarnos de cualquier cambio.<\/p><p>Est\u00e1 prohibido hacer fotos y videos de los ni\u00f1os en todo el colegio. Con esto se protege la privacidad de los ni\u00f1os, pues la mayor\u00eda de las veces se filma tambi\u00e9n a ni\u00f1os ajenos. Hay regulaciones excepcionales en caso de fiestas y eventos, que ser\u00e1n comentados con ustedes\u00a0individualmente.<\/p><p><strong>Accidentes<\/strong><\/p><p>Si un ni\u00f1o se lesiona a lo largo del d\u00eda, tiene una ca\u00edda o accidente, nos ponemos inmediatamente en contacto con ustedes y les informamos sobre los mismos. En caso de emergencia se llamar\u00e1 a una ambulancia y se comunicar\u00e1 a los padres.<\/p><p>En caso de accidente se deber\u00e1 recoger en secretar\u00eda un certificado de accidente. Con \u00e9l podr\u00e1n ir a cualquier m\u00e9dico de su elecci\u00f3n. Con la presentaci\u00f3n de la factura y el certificado m\u00e9dico se les abonar\u00e1n los costes correspondientes.<\/p><p>Tambi\u00e9n est\u00e1 la posibilidad de acudir a Hospit\u00e9n Rambla o a la cl\u00ednica Parque en caso de accidente. Ellos se ponen en contacto directamente con el seguro correspondiente. De esta forma no hay ning\u00fan gasto para usted.<\/p><p><strong>Plan de emergencia<\/strong><\/p><p>En caso de avisos por temporal o cualquier otro suceso les pedimos sigan siempre las noticias y las tengan en cuenta. En caso de cualquier suspensi\u00f3n ser\u00e1n avisados a trav\u00e9s de la p\u00e1gina web y un servicio de SMS instalado especialmente en el Colegio Alem\u00e1n para estos casos.<\/p>\t\t\t\t\t\t\t\t<\/div>\n\t\t\t\t<\/div>\n\t\t\t\t\t<\/div>\n\t\t<\/div>\n\t\t\t\t\t<\/div>\n\t\t<\/section>\n\t\t\t\t<\/div>\n\t\t","protected":false},"excerpt":{"rendered":"<p>Horario de apertura KiKri\u00a0\u00a0\u00a0\u00a0\u00a0\u00a0\u00a0\u00a0\u00a0\u00a0\u00a0\u00a0\u00a0\u00a0\u00a0\u00a0\u00a0\u00a0\u00a0\u00a0\u00a0\u00a0\u00a0\u00a0\u00a0\u00a0\u00a0\u00a0\u00a0\u00a0\u00a0\u00a0\u00a0\u00a0\u00a0\u00a0\u00a0\u00a0\u00a0\u00a0\u00a0\u00a0\u00a0\u00a0\u00a0\u00a0\u00a0\u00a0\u00a0\u00a0\u00a0\u00a0\u00a0\u00a0\u00a0\u00a0\u00a0\u00a0\u00a0\u00a0\u00a0\u00a0\u00a0\u00a0\u00a0\u00a0\u00a0\u00a0\u00a0\u00a0\u00a0\u00a0\u00a0\u00a0\u00a0\u00a0\u00a0\u00a0\u00a0\u00a0\u00a0\u00a0\u00a0\u00a0\u00a0\u00a0\u00a0\u00a0\u00a0\u00a0\u00a0\u00a0\u00a0\u00a0\u00a0\u00a0\u00a0\u00a0\u00a0 Horario de apertura:\u00a0\u00a0\u00a0\u00a0\u00a0\u00a0\u00a0\u00a0\u00a0\u00a0\u00a0\u00a0\u00a0\u00a0 07:30 &#8211; 15:40 Horario de tra\u00edda:\u00a0\u00a0\u00a0\u00a0\u00a0\u00a0\u00a0\u00a0\u00a0\u00a0\u00a0\u00a0\u00a0 \u00a0\u00a0\u00a0\u00a0\u00a0 07:30 &#8211; [&hellip;]<\/p>\n","protected":false},"author":10,"featured_media":1780,"parent":1601,"menu_order":4,"comment_status":"closed","ping_status":"closed","template":"","meta":{"site-sidebar-layout":"default","site-content-layout":"default","ast-site-content-layout":"default","site-content-style":"default","site-sidebar-style":"default","ast-global-header-display":"","ast-banner-title-visibility":"","ast-main-header-display":"","ast-hfb-above-header-display":"","ast-hfb-below-header-display":"","ast-hfb-mobile-header-display":"","site-post-title":"","ast-breadcrumbs-content":"","ast-featured-img":"","footer-sml-layout":"","ast-disable-related-posts":"","theme-transparent-header-meta":"default","adv-header-id-meta":"","stick-header-meta":"default","header-above-stick-meta":"","header-main-stick-meta":"","header-below-stick-meta":"","astra-migrate-meta-layouts":"default","ast-page-background-enabled":"default","ast-page-background-meta":{"desktop":{"background-color":"","background-image":"","background-repeat":"repeat","background-position":"center center","background-size":"auto","background-attachment":"scroll","background-type":"","background-media":"","overlay-type":"","overlay-color":"","overlay-opacity":"","overlay-gradient":""},"tablet":{"background-color":"","background-image":"","background-repeat":"repeat","background-position":"center center","background-size":"auto","background-attachment":"scroll","background-type":"","background-media":"","overlay-type":"","overlay-color":"","overlay-opacity":"","overlay-gradient":""},"mobile":{"background-color":"","background-image":"","background-repeat":"repeat","background-position":"center center","background-size":"auto","background-attachment":"scroll","background-type":"","background-media":"","overlay-type":"","overlay-color":"","overlay-opacity":"","overlay-gradient":""}},"ast-content-background-meta":{"desktop":{"background-color":"var(--ast-global-color-5)","background-image":"","background-repeat":"repeat","background-position":"center center","background-size":"auto","background-attachment":"scroll","background-type":"","background-media":"","overlay-type":"","overlay-color":"","overlay-opacity":"","overlay-gradient":""},"tablet":{"background-color":"var(--ast-global-color-5)","background-image":"","background-repeat":"repeat","background-position":"center center","background-size":"auto","background-attachment":"scroll","background-type":"","background-media":"","overlay-type":"","overlay-color":"","overlay-opacity":"","overlay-gradient":""},"mobile":{"background-color":"var(--ast-global-color-5)","background-image":"","background-repeat":"repeat","background-position":"center center","background-size":"auto","background-attachment":"scroll","background-type":"","background-media":"","overlay-type":"","overlay-color":"","overlay-opacity":"","overlay-gradient":""}},"_jet_sm_ready_style":"","_jet_sm_style":"","_jet_sm_controls_values":"","_jet_sm_fonts_collection":"","_jet_sm_fonts_links":"","footnotes":""},"schlagwortedst":[149],"class_list":["post-1976","page","type-page","status-publish","has-post-thumbnail","hentry","schlagwortedst-sidekg"],"_links":{"self":[{"href":"https:\/\/staging.dst.deutsche-schule.eu\/es\/wp-json\/wp\/v2\/pages\/1976","targetHints":{"allow":["GET"]}}],"collection":[{"href":"https:\/\/staging.dst.deutsche-schule.eu\/es\/wp-json\/wp\/v2\/pages"}],"about":[{"href":"https:\/\/staging.dst.deutsche-schule.eu\/es\/wp-json\/wp\/v2\/types\/page"}],"author":[{"embeddable":true,"href":"https:\/\/staging.dst.deutsche-schule.eu\/es\/wp-json\/wp\/v2\/users\/10"}],"replies":[{"embeddable":true,"href":"https:\/\/staging.dst.deutsche-schule.eu\/es\/wp-json\/wp\/v2\/comments?post=1976"}],"version-history":[{"count":7,"href":"https:\/\/staging.dst.deutsche-schule.eu\/es\/wp-json\/wp\/v2\/pages\/1976\/revisions"}],"predecessor-version":[{"id":45181,"href":"https:\/\/staging.dst.deutsche-schule.eu\/es\/wp-json\/wp\/v2\/pages\/1976\/revisions\/45181"}],"up":[{"embeddable":true,"href":"https:\/\/staging.dst.deutsche-schule.eu\/es\/wp-json\/wp\/v2\/pages\/1601"}],"wp:featuredmedia":[{"embeddable":true,"href":"https:\/\/staging.dst.deutsche-schule.eu\/es\/wp-json\/wp\/v2\/media\/1780"}],"wp:attachment":[{"href":"https:\/\/staging.dst.deutsche-schule.eu\/es\/wp-json\/wp\/v2\/media?parent=1976"}],"wp:term":[{"taxonomy":"schlagwortedst","embeddable":true,"href":"https:\/\/staging.dst.deutsche-schule.eu\/es\/wp-json\/wp\/v2\/schlagwortedst?post=1976"}],"curies":[{"name":"wp","href":"https:\/\/api.w.org\/{rel}","templated":true}]}}