{"id":1601,"date":"2015-02-02T20:09:47","date_gmt":"2015-02-02T20:09:47","guid":{"rendered":"http:\/\/dstenerife.ducklingit.com\/?page_id=1601"},"modified":"2021-08-06T20:39:13","modified_gmt":"2021-08-06T20:39:13","slug":"kikri-y-kindergarten","status":"publish","type":"page","link":"https:\/\/staging.dst.deutsche-schule.eu\/es\/kikri-y-kindergarten\/","title":{"rendered":"Kikri y Kindergarten"},"content":{"rendered":"\t\t<div data-elementor-type=\"wp-page\" data-elementor-id=\"1601\" class=\"elementor elementor-1601 elementor-401\" data-elementor-post-type=\"page\">\n\t\t\t\t\t\t<section class=\"elementor-section elementor-top-section elementor-element elementor-element-7ee270fa elementor-section-boxed elementor-section-height-default elementor-section-height-default\" data-id=\"7ee270fa\" data-element_type=\"section\" data-settings=\"{&quot;_ob_glider_is_slider&quot;:&quot;no&quot;}\">\n\t\t\t\t\t\t<div class=\"elementor-container elementor-column-gap-default\">\n\t\t\t\t\t<div class=\"elementor-column elementor-col-100 elementor-top-column elementor-element elementor-element-71136871\" data-id=\"71136871\" data-element_type=\"column\">\n\t\t\t<div class=\"elementor-widget-wrap elementor-element-populated\">\n\t\t\t\t\t\t<div class=\"elementor-element elementor-element-7fa27891 elementor-position-top elementor-widget elementor-widget-image-box\" data-id=\"7fa27891\" data-element_type=\"widget\" data-settings=\"{&quot;_ob_widget_stalker_use&quot;:&quot;no&quot;,&quot;_ob_shadough_use&quot;:&quot;no&quot;}\" data-widget_type=\"image-box.default\">\n\t\t\t\t<div class=\"elementor-widget-container\">\n\t\t\t\t\t<div class=\"elementor-image-box-wrapper\"><figure class=\"elementor-image-box-img\"><img fetchpriority=\"high\" decoding=\"async\" width=\"600\" height=\"150\" src=\"https:\/\/staging.dst.deutsche-schule.eu\/wp-content\/uploads\/2015\/10\/kikri2_2014-11607901.jpg\" class=\"attachment-medium size-medium wp-image-2706\" alt=\"\" \/><\/figure><div class=\"elementor-image-box-content\"><h3 class=\"elementor-image-box-title\">Kikri y Kindergarten<\/h3><p class=\"elementor-image-box-description\">Aqu\u00ed encontrar\u00e1 informaci\u00f3n sobre el trabajo en la guarder\u00eda Kikri y el Centro Infantil Arco Iris (Kindergarten Regenbogen). Consulte tambi\u00e9n nuestros art\u00edculos sobre proyectos y eventos actuales.<\/p><\/div><\/div>\t\t\t\t<\/div>\n\t\t\t\t<\/div>\n\t\t\t\t<div class=\"elementor-element elementor-element-3181fbed elementor-widget elementor-widget-video\" data-id=\"3181fbed\" data-element_type=\"widget\" data-settings=\"{&quot;youtube_url&quot;:&quot;https:\\\/\\\/www.youtube.com\\\/embed\\\/6ejuqSqECtY&quot;,&quot;lazy_load&quot;:&quot;yes&quot;,&quot;yt_privacy&quot;:&quot;yes&quot;,&quot;show_image_overlay&quot;:&quot;yes&quot;,&quot;image_overlay&quot;:{&quot;url&quot;:&quot;https:\\\/\\\/staging.dst.deutsche-schule.eu\\\/wp-content\\\/uploads\\\/2021\\\/05\\\/kgfilm.jpg&quot;,&quot;id&quot;:40371,&quot;size&quot;:&quot;&quot;},&quot;lightbox&quot;:&quot;yes&quot;,&quot;lightbox_content_animation&quot;:&quot;fadeIn&quot;,&quot;video_type&quot;:&quot;youtube&quot;,&quot;controls&quot;:&quot;yes&quot;,&quot;_ob_widget_stalker_use&quot;:&quot;no&quot;,&quot;_ob_shadough_use&quot;:&quot;no&quot;}\" data-widget_type=\"video.default\">\n\t\t\t\t<div class=\"elementor-widget-container\">\n\t\t\t\t\t\t\t<div class=\"elementor-wrapper elementor-open-lightbox\">\n\t\t\t\t\t\t\t<div class=\"elementor-custom-embed-image-overlay\" data-elementor-open-lightbox=\"yes\" data-elementor-lightbox=\"{&quot;type&quot;:&quot;video&quot;,&quot;videoType&quot;:&quot;youtube&quot;,&quot;url&quot;:&quot;https:\\\/\\\/www.youtube-nocookie.com\\\/embed\\\/6ejuqSqECtY?feature=oembed&amp;start&amp;end&amp;wmode=opaque&amp;loop=0&amp;controls=1&amp;mute=0&amp;rel=0&amp;cc_load_policy=0&quot;,&quot;autoplay&quot;:&quot;&quot;,&quot;modalOptions&quot;:{&quot;id&quot;:&quot;elementor-lightbox-3181fbed&quot;,&quot;entranceAnimation&quot;:&quot;fadeIn&quot;,&quot;entranceAnimation_tablet&quot;:&quot;&quot;,&quot;entranceAnimation_mobile&quot;:&quot;&quot;,&quot;videoAspectRatio&quot;:&quot;169&quot;}}\" data-e-action-hash=\"#elementor-action%3Aaction%3Dlightbox%26settings%3DeyJ0eXBlIjoidmlkZW8iLCJ2aWRlb1R5cGUiOiJ5b3V0dWJlIiwidXJsIjoiaHR0cHM6XC9cL3d3dy55b3V0dWJlLW5vY29va2llLmNvbVwvZW1iZWRcLzZlanVxU3FFQ3RZP2ZlYXR1cmU9b2VtYmVkJnN0YXJ0JmVuZCZ3bW9kZT1vcGFxdWUmbG9vcD0wJmNvbnRyb2xzPTEmbXV0ZT0wJnJlbD0wJmNjX2xvYWRfcG9saWN5PTAiLCJhdXRvcGxheSI6IiIsIm1vZGFsT3B0aW9ucyI6eyJpZCI6ImVsZW1lbnRvci1saWdodGJveC0zMTgxZmJlZCIsImVudHJhbmNlQW5pbWF0aW9uIjoiZmFkZUluIiwiZW50cmFuY2VBbmltYXRpb25fdGFibGV0IjoiIiwiZW50cmFuY2VBbmltYXRpb25fbW9iaWxlIjoiIiwidmlkZW9Bc3BlY3RSYXRpbyI6IjE2OSJ9fQ%3D%3D\">\n\t\t\t\t\t\t\t\t\t\t\t<img decoding=\"async\" width=\"1920\" height=\"862\" src=\"https:\/\/staging.dst.deutsche-schule.eu\/wp-content\/uploads\/2021\/05\/kgfilm.jpg\" class=\"attachment-full size-full wp-image-40371\" alt=\"\" srcset=\"https:\/\/staging.dst.deutsche-schule.eu\/wp-content\/uploads\/2021\/05\/kgfilm.jpg 1920w, https:\/\/staging.dst.deutsche-schule.eu\/wp-content\/uploads\/2021\/05\/kgfilm-752x338.jpg 752w, https:\/\/staging.dst.deutsche-schule.eu\/wp-content\/uploads\/2021\/05\/kgfilm-1280x575.jpg 1280w, https:\/\/staging.dst.deutsche-schule.eu\/wp-content\/uploads\/2021\/05\/kgfilm-768x345.jpg 768w, https:\/\/staging.dst.deutsche-schule.eu\/wp-content\/uploads\/2021\/05\/kgfilm-1536x690.jpg 1536w, https:\/\/staging.dst.deutsche-schule.eu\/wp-content\/uploads\/2021\/05\/kgfilm-320x144.jpg 320w\" sizes=\"(max-width: 1920px) 100vw, 1920px\" \/>\t\t\t\t\t\t\t\t\t\t\t\t\t\t\t\t<div class=\"elementor-custom-embed-play\" role=\"button\" aria-label=\"Reproducir v\u00eddeo\" tabindex=\"0\">\n\t\t\t\t\t\t\t<i aria-hidden=\"true\" class=\"eicon-play\"><\/i>\t\t\t\t\t\t<\/div>\n\t\t\t\t\t\t\t\t\t<\/div>\n\t\t\t\t\t<\/div>\n\t\t\t\t\t\t<\/div>\n\t\t\t\t<\/div>\n\t\t\t\t\t<\/div>\n\t\t<\/div>\n\t\t\t\t\t<\/div>\n\t\t<\/section>\n\t\t\t\t<section class=\"elementor-section elementor-top-section elementor-element elementor-element-5e619bd5 elementor-section-boxed elementor-section-height-default elementor-section-height-default\" data-id=\"5e619bd5\" data-element_type=\"section\" data-settings=\"{&quot;_ob_glider_is_slider&quot;:&quot;no&quot;}\">\n\t\t\t\t\t\t<div class=\"elementor-container elementor-column-gap-default\">\n\t\t\t\t\t<div class=\"elementor-column elementor-col-100 elementor-top-column elementor-element elementor-element-654751a1\" data-id=\"654751a1\" data-element_type=\"column\">\n\t\t\t<div class=\"elementor-widget-wrap elementor-element-populated\">\n\t\t\t\t\t\t<div class=\"elementor-element elementor-element-69443165 elementor-widget elementor-widget-jet-listing-grid\" data-id=\"69443165\" data-element_type=\"widget\" data-settings=\"{&quot;columns&quot;:3,&quot;columns_tablet&quot;:&quot;2&quot;,&quot;columns_mobile&quot;:&quot;1&quot;,&quot;_ob_widget_stalker_use&quot;:&quot;no&quot;,&quot;_ob_shadough_use&quot;:&quot;no&quot;}\" data-widget_type=\"jet-listing-grid.default\">\n\t\t\t\t<div class=\"elementor-widget-container\">\n\t\t\t\t\t<div class=\"jet-listing-grid jet-listing\"><div class=\"jet-listing-grid__slider\" data-slider_options=\"{&quot;slidesToShow&quot;:{&quot;desktop&quot;:3,&quot;tablet&quot;:2,&quot;mobile&quot;:1},&quot;autoplaySpeed&quot;:5000,&quot;autoplay&quot;:true,&quot;infinite&quot;:true,&quot;centerMode&quot;:false,&quot;speed&quot;:500,&quot;arrows&quot;:true,&quot;dots&quot;:false,&quot;slidesToScroll&quot;:1,&quot;prevArrow&quot;:&quot;&lt;div class=&#039;jet-listing-grid__slider-icon prev-arrow &#039; role=&#039;button&#039; aria-label=&#039;Previous&#039;&gt;&lt;svg width=&#039;180&#039; height=&#039;180&#039; viewBox=&#039;0 0 180 180&#039; fill=&#039;none&#039; xmlns=&#039;http:\\\/\\\/www.w3.org\\\/2000\\\/svg&#039;&gt;&lt;path d=&#039;M120 44.5V135.5C120 137.26 119.34 138.784 118.021 140.07C116.701 141.357 115.139 142 113.333 142C111.528 142 109.965 141.357 108.646 140.07L61.9792 94.5703C60.6597 93.2839 60 91.7604 60 90C60 88.2396 60.6597 86.7161 61.9792 85.4297L108.646 39.9297C109.965 38.6432 111.528 38 113.333 38C115.139 38 116.701 38.6432 118.021 39.9297C119.34 41.2161 120 42.7396 120 44.5Z&#039; fill=&#039;black&#039;\\\/&gt;&lt;\\\/svg&gt;&lt;\\\/div&gt;&quot;,&quot;nextArrow&quot;:&quot;&lt;div class=&#039;jet-listing-grid__slider-icon next-arrow &#039; role=&#039;button&#039; aria-label=&#039;Next&#039;&gt;&lt;svg width=&#039;180&#039; height=&#039;180&#039; viewBox=&#039;0 0 180 180&#039; fill=&#039;none&#039; xmlns=&#039;http:\\\/\\\/www.w3.org\\\/2000\\\/svg&#039;&gt;&lt;path d=&#039;M120 44.5V135.5C120 137.26 119.34 138.784 118.021 140.07C116.701 141.357 115.139 142 113.333 142C111.528 142 109.965 141.357 108.646 140.07L61.9792 94.5703C60.6597 93.2839 60 91.7604 60 90C60 88.2396 60.6597 86.7161 61.9792 85.4297L108.646 39.9297C109.965 38.6432 111.528 38 113.333 38C115.139 38 116.701 38.6432 118.021 39.9297C119.34 41.2161 120 42.7396 120 44.5Z&#039; fill=&#039;black&#039;\\\/&gt;&lt;\\\/svg&gt;&lt;\\\/div&gt;&quot;,&quot;rtl&quot;:false,&quot;itemsCount&quot;:9,&quot;fade&quot;:false}\" dir=\"ltr\"><div class=\"jet-listing-grid__items grid-col-desk-3 grid-col-tablet-2 grid-col-mobile-1 jet-listing-grid--35663\"  data-nav=\"{&quot;enabled&quot;:true,&quot;type&quot;:&quot;click&quot;,&quot;more_el&quot;:&quot;#LoadMore&quot;,&quot;query&quot;:{&quot;post_status&quot;:[&quot;publish&quot;],&quot;post_type&quot;:&quot;post&quot;,&quot;posts_per_page&quot;:&quot;9&quot;,&quot;paged&quot;:&quot;1&quot;,&quot;ignore_sticky_posts&quot;:&quot;1&quot;,&quot;tax_query&quot;:[{&quot;taxonomy&quot;:&quot;category&quot;,&quot;field&quot;:&quot;IN&quot;,&quot;terms&quot;:[&quot;126&quot;],&quot;operator&quot;:&quot;IN&quot;}],&quot;suppress_filters&quot;:false,&quot;jet_smart_filters&quot;:&quot;jet-engine\\\/default&quot;},&quot;widget_settings&quot;:{&quot;lisitng_id&quot;:35663,&quot;posts_num&quot;:9,&quot;columns&quot;:3,&quot;columns_tablet&quot;:2,&quot;columns_mobile&quot;:1,&quot;is_archive_template&quot;:&quot;&quot;,&quot;post_status&quot;:[&quot;publish&quot;],&quot;use_random_posts_num&quot;:&quot;&quot;,&quot;max_posts_num&quot;:9,&quot;not_found_message&quot;:&quot;No data was found&quot;,&quot;is_masonry&quot;:false,&quot;equal_columns_height&quot;:&quot;&quot;,&quot;use_load_more&quot;:&quot;yes&quot;,&quot;load_more_id&quot;:&quot;LoadMore&quot;,&quot;load_more_type&quot;:&quot;click&quot;,&quot;load_more_offset&quot;:{&quot;unit&quot;:&quot;px&quot;,&quot;size&quot;:0,&quot;sizes&quot;:[]},&quot;use_custom_post_types&quot;:&quot;&quot;,&quot;custom_post_types&quot;:[],&quot;hide_widget_if&quot;:&quot;&quot;,&quot;carousel_enabled&quot;:&quot;yes&quot;,&quot;slides_to_scroll&quot;:&quot;1&quot;,&quot;arrows&quot;:&quot;true&quot;,&quot;arrow_icon&quot;:&quot;fa fa-caret-left&quot;,&quot;dots&quot;:&quot;&quot;,&quot;autoplay&quot;:&quot;true&quot;,&quot;autoplay_speed&quot;:5000,&quot;infinite&quot;:&quot;true&quot;,&quot;center_mode&quot;:&quot;&quot;,&quot;effect&quot;:&quot;slide&quot;,&quot;speed&quot;:500,&quot;inject_alternative_items&quot;:&quot;&quot;,&quot;injection_items&quot;:[],&quot;scroll_slider_enabled&quot;:&quot;&quot;,&quot;scroll_slider_on&quot;:[&quot;desktop&quot;,&quot;tablet&quot;,&quot;mobile&quot;],&quot;custom_query&quot;:false,&quot;custom_query_id&quot;:&quot;&quot;,&quot;_element_id&quot;:&quot;&quot;}}\" data-page=\"1\" data-pages=\"2\" data-listing-source=\"posts\" data-listing-id=\"35663\" data-query-id=\"\"><style>.elementor-44110 .elementor-element.elementor-element-697b234:not(.elementor-motion-effects-element-type-background), .elementor-44110 .elementor-element.elementor-element-697b234 > .elementor-motion-effects-container > .elementor-motion-effects-layer{background-color:var( --e-global-color-b56eafb );}.elementor-44110 .elementor-element.elementor-element-697b234 > .elementor-container{max-width:800px;min-height:480px;}.elementor-44110 .elementor-element.elementor-element-697b234{transition:background 0.3s, border 0.3s, border-radius 0.3s, box-shadow 0.3s;margin-top:0px;margin-bottom:16px;}.elementor-44110 .elementor-element.elementor-element-697b234 > .elementor-background-overlay{transition:background 0.3s, border-radius 0.3s, opacity 0.3s;}.elementor-bc-flex-widget .elementor-44110 .elementor-element.elementor-element-70fa1718.elementor-column .elementor-widget-wrap{align-items:flex-start;}.elementor-44110 .elementor-element.elementor-element-70fa1718.elementor-column.elementor-element[data-element_type=\"column\"] > .elementor-widget-wrap.elementor-element-populated{align-content:flex-start;align-items:flex-start;}.elementor-44110 .elementor-element.elementor-element-70fa1718 > .elementor-widget-wrap > .elementor-widget:not(.elementor-widget__width-auto):not(.elementor-widget__width-initial):not(:last-child):not(.elementor-absolute){margin-block-end:8px;}.elementor-44110 .elementor-element.elementor-element-70fa1718 > .elementor-element-populated{border-style:solid;border-width:1px 1px 1px 1px;border-color:#E0E0E073;margin:0px 0px 0px 0px;--e-column-margin-right:0px;--e-column-margin-left:0px;padding:0em 0em 0em 0em;}.elementor-44110 .elementor-element.elementor-element-70fa1718 > .elementor-element-populated, .elementor-44110 .elementor-element.elementor-element-70fa1718 > .elementor-element-populated > .elementor-background-overlay, .elementor-44110 .elementor-element.elementor-element-70fa1718 > .elementor-background-slideshow{border-radius:8px 8px 0px 0px;}.elementor-44110 .elementor-element.elementor-element-4a98a9c > .elementor-widget-container{margin:0em 0em 0em 0em;}.elementor-44110 .elementor-element.elementor-element-4a98a9c {filter:drop-shadow(0px 0px 5px #00000030);}.elementor-44110 .elementor-element.elementor-element-4a98a9c .jet-listing-dynamic-image{justify-content:center;}.elementor-44110 .elementor-element.elementor-element-4a98a9c .jet-listing-dynamic-image img{border-radius:16px 16px 0px 0px;}.elementor-44110 .elementor-element.elementor-element-9103d11 .jet-listing-dynamic-field.display-multiline, .elementor-44110 .elementor-element.elementor-element-9103d11 .jet-listing-dynamic-field.display-inline .jet-listing-dynamic-field__inline-wrap{background-color:#FFFFFFE6;}.elementor-44110 .elementor-element.elementor-element-9103d11 > .elementor-widget-container{margin:-1.5em 1em -1em 1em;padding:1px 8px 1px 8px;}.elementor-44110 .elementor-element.elementor-element-9103d11 .jet-listing-dynamic-field__content{color:var( --e-global-color-text );text-align:center;}.elementor-44110 .elementor-element.elementor-element-9103d11 .jet-listing-dynamic-field .jet-listing-dynamic-field__inline-wrap{width:auto;}.elementor-44110 .elementor-element.elementor-element-9103d11 .jet-listing-dynamic-field .jet-listing-dynamic-field__content{width:auto;}.elementor-44110 .elementor-element.elementor-element-9103d11 .jet-listing-dynamic-field{justify-content:center;}.elementor-44110 .elementor-element.elementor-element-9103d11 .jet-listing-dynamic-field.display-multiline{padding:0em 1em 0em 1em;border-radius:9px 9px 9px 9px;}.elementor-44110 .elementor-element.elementor-element-9103d11 .jet-listing-dynamic-field.display-inline .jet-listing-dynamic-field__inline-wrap{padding:0em 1em 0em 1em;border-radius:9px 9px 9px 9px;}.elementor-44110 .elementor-element.elementor-element-f156560 > .elementor-widget-container{margin:8px 0px 0px 0px;padding:0px 0px 0px 0px;}.elementor-44110 .elementor-element.elementor-element-f156560 .jet-listing-dynamic-field__content{color:var( --e-global-color-2ac9136 );font-family:var( --e-global-typography-primary-font-family ), Sans-serif;font-weight:var( --e-global-typography-primary-font-weight );font-style:var( --e-global-typography-primary-font-style );text-align:center;}.elementor-44110 .elementor-element.elementor-element-f156560 .jet-listing-dynamic-field .jet-listing-dynamic-field__inline-wrap{width:auto;}.elementor-44110 .elementor-element.elementor-element-f156560 .jet-listing-dynamic-field .jet-listing-dynamic-field__content{width:auto;}.elementor-44110 .elementor-element.elementor-element-f156560 .jet-listing-dynamic-field{justify-content:center;}.elementor-44110 .elementor-element.elementor-element-27040c8 .jet-listing-dynamic-field__content{font-family:\"Open Sans\", Sans-serif;font-size:0.95em;font-weight:400;text-align:left;}.elementor-44110 .elementor-element.elementor-element-27040c8 .jet-listing-dynamic-field .jet-listing-dynamic-field__inline-wrap{width:auto;}.elementor-44110 .elementor-element.elementor-element-27040c8 .jet-listing-dynamic-field .jet-listing-dynamic-field__content{width:auto;}.elementor-44110 .elementor-element.elementor-element-27040c8 .jet-listing-dynamic-field{justify-content:flex-start;}.elementor-44110 .elementor-element.elementor-element-27040c8 .jet-listing-dynamic-field.display-multiline{padding:0em 1em 0em 1em;}.elementor-44110 .elementor-element.elementor-element-27040c8 .jet-listing-dynamic-field.display-inline .jet-listing-dynamic-field__inline-wrap{padding:0em 1em 0em 1em;}.elementor-44110 .elementor-element.elementor-element-c0667d9 > .elementor-widget-container{padding:0em 2em 0em 0em;}body:not(.rtl) .elementor-44110 .elementor-element.elementor-element-c0667d9{left:10px;}body.rtl .elementor-44110 .elementor-element.elementor-element-c0667d9{right:10px;}.elementor-44110 .elementor-element.elementor-element-c0667d9{bottom:8px;}.elementor-44110 .elementor-element.elementor-element-c0667d9 .jet-listing-dynamic-link__link{align-self:flex-end;flex-direction:row;}.elementor-44110 .elementor-element.elementor-element-c0667d9 .jet-listing-dynamic-link__icon{order:1;}.jet-listing-item.single-jet-engine.elementor-page-44110 > .elementor{width:360px;margin-left:auto;margin-right:auto;}\/* Start custom CSS for column, class: .elementor-element-70fa1718 *\/.elementor-44110 elementor-35663 .elementor-element.elementor-element-70fa1718 {\n    box-shadow: 2px 2px 5px silver;\n    min-height: 440px;\n}\/* End custom CSS *\/<\/style><div class=\"jet-listing-grid__item jet-listing-dynamic-post-43501\" data-post-id=\"43501\" ><div class=\"jet-engine-listing-overlay-wrap\" data-url=\"https:\/\/staging.dst.deutsche-schule.eu\/es\/despedida-del-kindergarten-y-bienvenida-a-k3\/\">\t\t<div data-elementor-type=\"jet-listing-items\" data-elementor-id=\"44110\" class=\"elementor elementor-44110 elementor-35663\" data-elementor-post-type=\"jet-engine\">\n\t\t\t\t\t\t<article class=\"elementor-section elementor-top-section elementor-element elementor-element-697b234 elementor-section-items-top elementor-section-height-min-height elementor-section-boxed elementor-section-height-default\" data-id=\"697b234\" data-element_type=\"section\" data-settings=\"{&quot;background_background&quot;:&quot;classic&quot;,&quot;_ob_glider_is_slider&quot;:&quot;no&quot;}\">\n\t\t\t\t\t\t<div class=\"elementor-container elementor-column-gap-default\">\n\t\t\t\t\t<div class=\"elementor-column elementor-col-100 elementor-top-column elementor-element elementor-element-70fa1718\" data-id=\"70fa1718\" data-element_type=\"column\">\n\t\t\t<div class=\"elementor-widget-wrap elementor-element-populated\">\n\t\t\t\t\t\t<div class=\"elementor-element elementor-element-4a98a9c elementor-widget elementor-widget-jet-listing-dynamic-image\" data-id=\"4a98a9c\" data-element_type=\"widget\" data-settings=\"{&quot;_ob_shadough_use&quot;:&quot;yes&quot;}\" data-widget_type=\"jet-listing-dynamic-image.default\">\n\t\t\t\t<div class=\"elementor-widget-container\">\n\t\t\t\t\t<div class=\"jet-listing jet-listing-dynamic-image\"><a href=\"https:\/\/staging.dst.deutsche-schule.eu\/es\/despedida-del-kindergarten-y-bienvenida-a-k3\/\" class=\"jet-listing-dynamic-image__link\"><img decoding=\"async\" width=\"375\" height=\"250\" src=\"https:\/\/staging.dst.deutsche-schule.eu\/wp-content\/uploads\/2021\/07\/Abschied-Kindergarten__image1-5-375x250.jpeg\" class=\"jet-listing-dynamic-image__img attachment-dst-thumb-featured size-dst-thumb-featured wp-post-image\" alt=\"Abschied Kindergarten__image1-5\" loading=\"eager\" \/><\/a><\/div>\t\t\t\t<\/div>\n\t\t\t\t<\/div>\n\t\t\t\t<div class=\"elementor-element elementor-element-9103d11 elementor-widget elementor-widget-jet-listing-dynamic-field\" data-id=\"9103d11\" data-element_type=\"widget\" data-settings=\"{&quot;_ob_widget_stalker_use&quot;:&quot;no&quot;,&quot;_ob_shadough_use&quot;:&quot;no&quot;}\" data-widget_type=\"jet-listing-dynamic-field.default\">\n\t\t\t\t<div class=\"elementor-widget-container\">\n\t\t\t\t\t<div class=\"jet-listing jet-listing-dynamic-field display-inline\"><div class=\"jet-listing-dynamic-field__inline-wrap\"><div class=\"jet-listing-dynamic-field__content\"> julio 14, 2021 <\/div><\/div><\/div>\t\t\t\t<\/div>\n\t\t\t\t<\/div>\n\t\t\t\t<div class=\"elementor-element elementor-element-f156560 elementor-widget elementor-widget-jet-listing-dynamic-field\" data-id=\"f156560\" data-element_type=\"widget\" data-settings=\"{&quot;_ob_widget_stalker_use&quot;:&quot;no&quot;,&quot;_ob_shadough_use&quot;:&quot;no&quot;}\" data-widget_type=\"jet-listing-dynamic-field.default\">\n\t\t\t\t<div class=\"elementor-widget-container\">\n\t\t\t\t\t<div class=\"jet-listing jet-listing-dynamic-field display-inline\"><div class=\"jet-listing-dynamic-field__inline-wrap\"><div class=\"jet-listing-dynamic-field__content\">Despedida del Kindergarten y bienvenida a K3+<\/div><\/div><\/div>\t\t\t\t<\/div>\n\t\t\t\t<\/div>\n\t\t\t\t<div class=\"elementor-element elementor-element-27040c8 elementor-widget elementor-widget-jet-listing-dynamic-field\" data-id=\"27040c8\" data-element_type=\"widget\" data-settings=\"{&quot;_ob_widget_stalker_use&quot;:&quot;no&quot;,&quot;_ob_shadough_use&quot;:&quot;no&quot;}\" data-widget_type=\"jet-listing-dynamic-field.default\">\n\t\t\t\t<div class=\"elementor-widget-container\">\n\t\t\t\t\t<div class=\"jet-listing jet-listing-dynamic-field display-inline\"><div class=\"jet-listing-dynamic-field__inline-wrap\"><div class=\"jet-listing-dynamic-field__content\">Despedida del Kindergarten y bienvenida a K3+ &nbsp;<\/div><\/div><\/div>\t\t\t\t<\/div>\n\t\t\t\t<\/div>\n\t\t\t\t<div class=\"elementor-element elementor-element-c0667d9 elementor-absolute elementor-widget elementor-widget-jet-listing-dynamic-link\" data-id=\"c0667d9\" data-element_type=\"widget\" data-settings=\"{&quot;_position&quot;:&quot;absolute&quot;,&quot;_ob_widget_stalker_use&quot;:&quot;no&quot;,&quot;_ob_shadough_use&quot;:&quot;no&quot;}\" data-widget_type=\"jet-listing-dynamic-link.default\">\n\t\t\t\t<div class=\"elementor-widget-container\">\n\t\t\t\t\t<div class=\"jet-listing jet-listing-dynamic-link\"><a href=\"https:\/\/staging.dst.deutsche-schule.eu\/es\/despedida-del-kindergarten-y-bienvenida-a-k3\/\" class=\"jet-listing-dynamic-link__link\"><span class=\"jet-listing-dynamic-link__label\">m\u00e1s<\/span><\/a><\/div>\t\t\t\t<\/div>\n\t\t\t\t<\/div>\n\t\t\t\t\t<\/div>\n\t\t<\/div>\n\t\t\t\t\t<\/div>\n\t\t<\/article>\n\t\t\t\t<\/div>\n\t\t<a href=\"https:\/\/staging.dst.deutsche-schule.eu\/es\/despedida-del-kindergarten-y-bienvenida-a-k3\/\" class=\"jet-engine-listing-overlay-link\"><\/a><\/div><\/div><div class=\"jet-listing-grid__item jet-listing-dynamic-post-43325\" data-post-id=\"43325\" ><div class=\"jet-engine-listing-overlay-wrap\" data-url=\"https:\/\/staging.dst.deutsche-schule.eu\/es\/verano-en-el-kindergarten-2021\/\">\t\t<div data-elementor-type=\"jet-listing-items\" data-elementor-id=\"44110\" class=\"elementor elementor-44110 elementor-35663\" data-elementor-post-type=\"jet-engine\">\n\t\t\t\t\t\t<article class=\"elementor-section elementor-top-section elementor-element elementor-element-697b234 elementor-section-items-top elementor-section-height-min-height elementor-section-boxed elementor-section-height-default\" data-id=\"697b234\" data-element_type=\"section\" data-settings=\"{&quot;background_background&quot;:&quot;classic&quot;,&quot;_ob_glider_is_slider&quot;:&quot;no&quot;}\">\n\t\t\t\t\t\t<div class=\"elementor-container elementor-column-gap-default\">\n\t\t\t\t\t<div class=\"elementor-column elementor-col-100 elementor-top-column elementor-element elementor-element-70fa1718\" data-id=\"70fa1718\" data-element_type=\"column\">\n\t\t\t<div class=\"elementor-widget-wrap elementor-element-populated\">\n\t\t\t\t\t\t<div class=\"elementor-element elementor-element-4a98a9c elementor-widget elementor-widget-jet-listing-dynamic-image\" data-id=\"4a98a9c\" data-element_type=\"widget\" data-settings=\"{&quot;_ob_shadough_use&quot;:&quot;yes&quot;}\" data-widget_type=\"jet-listing-dynamic-image.default\">\n\t\t\t\t<div class=\"elementor-widget-container\">\n\t\t\t\t\t<div class=\"jet-listing jet-listing-dynamic-image\"><a href=\"https:\/\/staging.dst.deutsche-schule.eu\/es\/verano-en-el-kindergarten-2021\/\" class=\"jet-listing-dynamic-image__link\"><img decoding=\"async\" width=\"375\" height=\"250\" src=\"https:\/\/staging.dst.deutsche-schule.eu\/wp-content\/uploads\/2021\/07\/Sommer_2021_KIGA_20210706_092457-e1628523472393-375x250.jpg\" class=\"jet-listing-dynamic-image__img attachment-dst-thumb-featured size-dst-thumb-featured wp-post-image\" alt=\"Sommer_2021_KIGA_20210706_092457\" loading=\"eager\" \/><\/a><\/div>\t\t\t\t<\/div>\n\t\t\t\t<\/div>\n\t\t\t\t<div class=\"elementor-element elementor-element-9103d11 elementor-widget elementor-widget-jet-listing-dynamic-field\" data-id=\"9103d11\" data-element_type=\"widget\" data-settings=\"{&quot;_ob_widget_stalker_use&quot;:&quot;no&quot;,&quot;_ob_shadough_use&quot;:&quot;no&quot;}\" data-widget_type=\"jet-listing-dynamic-field.default\">\n\t\t\t\t<div class=\"elementor-widget-container\">\n\t\t\t\t\t<div class=\"jet-listing jet-listing-dynamic-field display-inline\"><div class=\"jet-listing-dynamic-field__inline-wrap\"><div class=\"jet-listing-dynamic-field__content\"> julio 14, 2021 <\/div><\/div><\/div>\t\t\t\t<\/div>\n\t\t\t\t<\/div>\n\t\t\t\t<div class=\"elementor-element elementor-element-f156560 elementor-widget elementor-widget-jet-listing-dynamic-field\" data-id=\"f156560\" data-element_type=\"widget\" data-settings=\"{&quot;_ob_widget_stalker_use&quot;:&quot;no&quot;,&quot;_ob_shadough_use&quot;:&quot;no&quot;}\" data-widget_type=\"jet-listing-dynamic-field.default\">\n\t\t\t\t<div class=\"elementor-widget-container\">\n\t\t\t\t\t<div class=\"jet-listing jet-listing-dynamic-field display-inline\"><div class=\"jet-listing-dynamic-field__inline-wrap\"><div class=\"jet-listing-dynamic-field__content\">Verano en el Kindergarten 2021<\/div><\/div><\/div>\t\t\t\t<\/div>\n\t\t\t\t<\/div>\n\t\t\t\t<div class=\"elementor-element elementor-element-27040c8 elementor-widget elementor-widget-jet-listing-dynamic-field\" data-id=\"27040c8\" data-element_type=\"widget\" data-settings=\"{&quot;_ob_widget_stalker_use&quot;:&quot;no&quot;,&quot;_ob_shadough_use&quot;:&quot;no&quot;}\" data-widget_type=\"jet-listing-dynamic-field.default\">\n\t\t\t\t<div class=\"elementor-widget-container\">\n\t\t\t\t\t<div class=\"jet-listing jet-listing-dynamic-field display-inline\"><div class=\"jet-listing-dynamic-field__inline-wrap\"><div class=\"jet-listing-dynamic-field__content\">Hace mucho calor y estamos disfrutando de nuestras piscinas. En estos d\u00edas hemos realizado diferentes actividades con agua:...<\/div><\/div><\/div>\t\t\t\t<\/div>\n\t\t\t\t<\/div>\n\t\t\t\t<div class=\"elementor-element elementor-element-c0667d9 elementor-absolute elementor-widget elementor-widget-jet-listing-dynamic-link\" data-id=\"c0667d9\" data-element_type=\"widget\" data-settings=\"{&quot;_position&quot;:&quot;absolute&quot;,&quot;_ob_widget_stalker_use&quot;:&quot;no&quot;,&quot;_ob_shadough_use&quot;:&quot;no&quot;}\" data-widget_type=\"jet-listing-dynamic-link.default\">\n\t\t\t\t<div class=\"elementor-widget-container\">\n\t\t\t\t\t<div class=\"jet-listing jet-listing-dynamic-link\"><a href=\"https:\/\/staging.dst.deutsche-schule.eu\/es\/verano-en-el-kindergarten-2021\/\" class=\"jet-listing-dynamic-link__link\"><span class=\"jet-listing-dynamic-link__label\">m\u00e1s<\/span><\/a><\/div>\t\t\t\t<\/div>\n\t\t\t\t<\/div>\n\t\t\t\t\t<\/div>\n\t\t<\/div>\n\t\t\t\t\t<\/div>\n\t\t<\/article>\n\t\t\t\t<\/div>\n\t\t<a href=\"https:\/\/staging.dst.deutsche-schule.eu\/es\/verano-en-el-kindergarten-2021\/\" class=\"jet-engine-listing-overlay-link\"><\/a><\/div><\/div><div class=\"jet-listing-grid__item jet-listing-dynamic-post-42791\" data-post-id=\"42791\" ><div class=\"jet-engine-listing-overlay-wrap\" data-url=\"https:\/\/staging.dst.deutsche-schule.eu\/es\/polizei-im-kindergarten\/\">\t\t<div data-elementor-type=\"jet-listing-items\" data-elementor-id=\"44110\" class=\"elementor elementor-44110 elementor-35663\" data-elementor-post-type=\"jet-engine\">\n\t\t\t\t\t\t<article class=\"elementor-section elementor-top-section elementor-element elementor-element-697b234 elementor-section-items-top elementor-section-height-min-height elementor-section-boxed elementor-section-height-default\" data-id=\"697b234\" data-element_type=\"section\" data-settings=\"{&quot;background_background&quot;:&quot;classic&quot;,&quot;_ob_glider_is_slider&quot;:&quot;no&quot;}\">\n\t\t\t\t\t\t<div class=\"elementor-container elementor-column-gap-default\">\n\t\t\t\t\t<div class=\"elementor-column elementor-col-100 elementor-top-column elementor-element elementor-element-70fa1718\" data-id=\"70fa1718\" data-element_type=\"column\">\n\t\t\t<div class=\"elementor-widget-wrap elementor-element-populated\">\n\t\t\t\t\t\t<div class=\"elementor-element elementor-element-4a98a9c elementor-widget elementor-widget-jet-listing-dynamic-image\" data-id=\"4a98a9c\" data-element_type=\"widget\" data-settings=\"{&quot;_ob_shadough_use&quot;:&quot;yes&quot;}\" data-widget_type=\"jet-listing-dynamic-image.default\">\n\t\t\t\t<div class=\"elementor-widget-container\">\n\t\t\t\t\t<div class=\"jet-listing jet-listing-dynamic-image\"><a href=\"https:\/\/staging.dst.deutsche-schule.eu\/es\/polizei-im-kindergarten\/\" class=\"jet-listing-dynamic-image__link\"><img decoding=\"async\" width=\"375\" height=\"250\" src=\"https:\/\/staging.dst.deutsche-schule.eu\/wp-content\/uploads\/2021\/06\/Polizei-im-Kindergarten-375x250.jpg\" class=\"jet-listing-dynamic-image__img attachment-dst-thumb-featured size-dst-thumb-featured wp-post-image\" alt=\"Polizei im Kindergarten\" loading=\"eager\" \/><\/a><\/div>\t\t\t\t<\/div>\n\t\t\t\t<\/div>\n\t\t\t\t<div class=\"elementor-element elementor-element-9103d11 elementor-widget elementor-widget-jet-listing-dynamic-field\" data-id=\"9103d11\" data-element_type=\"widget\" data-settings=\"{&quot;_ob_widget_stalker_use&quot;:&quot;no&quot;,&quot;_ob_shadough_use&quot;:&quot;no&quot;}\" data-widget_type=\"jet-listing-dynamic-field.default\">\n\t\t\t\t<div class=\"elementor-widget-container\">\n\t\t\t\t\t<div class=\"jet-listing jet-listing-dynamic-field display-inline\"><div class=\"jet-listing-dynamic-field__inline-wrap\"><div class=\"jet-listing-dynamic-field__content\"> junio 17, 2021 <\/div><\/div><\/div>\t\t\t\t<\/div>\n\t\t\t\t<\/div>\n\t\t\t\t<div class=\"elementor-element elementor-element-f156560 elementor-widget elementor-widget-jet-listing-dynamic-field\" data-id=\"f156560\" data-element_type=\"widget\" data-settings=\"{&quot;_ob_widget_stalker_use&quot;:&quot;no&quot;,&quot;_ob_shadough_use&quot;:&quot;no&quot;}\" data-widget_type=\"jet-listing-dynamic-field.default\">\n\t\t\t\t<div class=\"elementor-widget-container\">\n\t\t\t\t\t<div class=\"jet-listing jet-listing-dynamic-field display-inline\"><div class=\"jet-listing-dynamic-field__inline-wrap\"><div class=\"jet-listing-dynamic-field__content\">Visita de la polic\u00eda en el Kindergarten<\/div><\/div><\/div>\t\t\t\t<\/div>\n\t\t\t\t<\/div>\n\t\t\t\t<div class=\"elementor-element elementor-element-27040c8 elementor-widget elementor-widget-jet-listing-dynamic-field\" data-id=\"27040c8\" data-element_type=\"widget\" data-settings=\"{&quot;_ob_widget_stalker_use&quot;:&quot;no&quot;,&quot;_ob_shadough_use&quot;:&quot;no&quot;}\" data-widget_type=\"jet-listing-dynamic-field.default\">\n\t\t\t\t<div class=\"elementor-widget-container\">\n\t\t\t\t\t<div class=\"jet-listing jet-listing-dynamic-field display-inline\"><div class=\"jet-listing-dynamic-field__inline-wrap\"><div class=\"jet-listing-dynamic-field__content\">El pasado mi\u00e9rcoles y jueves nos visit\u00f3 la polic\u00eda. En el aparcamiento del colegio la polic\u00eda mont\u00f3 un...<\/div><\/div><\/div>\t\t\t\t<\/div>\n\t\t\t\t<\/div>\n\t\t\t\t<div class=\"elementor-element elementor-element-c0667d9 elementor-absolute elementor-widget elementor-widget-jet-listing-dynamic-link\" data-id=\"c0667d9\" data-element_type=\"widget\" data-settings=\"{&quot;_position&quot;:&quot;absolute&quot;,&quot;_ob_widget_stalker_use&quot;:&quot;no&quot;,&quot;_ob_shadough_use&quot;:&quot;no&quot;}\" data-widget_type=\"jet-listing-dynamic-link.default\">\n\t\t\t\t<div class=\"elementor-widget-container\">\n\t\t\t\t\t<div class=\"jet-listing jet-listing-dynamic-link\"><a href=\"https:\/\/staging.dst.deutsche-schule.eu\/es\/polizei-im-kindergarten\/\" class=\"jet-listing-dynamic-link__link\"><span class=\"jet-listing-dynamic-link__label\">m\u00e1s<\/span><\/a><\/div>\t\t\t\t<\/div>\n\t\t\t\t<\/div>\n\t\t\t\t\t<\/div>\n\t\t<\/div>\n\t\t\t\t\t<\/div>\n\t\t<\/article>\n\t\t\t\t<\/div>\n\t\t<a href=\"https:\/\/staging.dst.deutsche-schule.eu\/es\/polizei-im-kindergarten\/\" class=\"jet-engine-listing-overlay-link\"><\/a><\/div><\/div><div class=\"jet-listing-grid__item jet-listing-dynamic-post-41687\" data-post-id=\"41687\" ><div class=\"jet-engine-listing-overlay-wrap\" data-url=\"https:\/\/staging.dst.deutsche-schule.eu\/es\/kiga-tag-der-kanaren-2021\/\">\t\t<div data-elementor-type=\"jet-listing-items\" data-elementor-id=\"44110\" class=\"elementor elementor-44110 elementor-35663\" data-elementor-post-type=\"jet-engine\">\n\t\t\t\t\t\t<article class=\"elementor-section elementor-top-section elementor-element elementor-element-697b234 elementor-section-items-top elementor-section-height-min-height elementor-section-boxed elementor-section-height-default\" data-id=\"697b234\" data-element_type=\"section\" data-settings=\"{&quot;background_background&quot;:&quot;classic&quot;,&quot;_ob_glider_is_slider&quot;:&quot;no&quot;}\">\n\t\t\t\t\t\t<div class=\"elementor-container elementor-column-gap-default\">\n\t\t\t\t\t<div class=\"elementor-column elementor-col-100 elementor-top-column elementor-element elementor-element-70fa1718\" data-id=\"70fa1718\" data-element_type=\"column\">\n\t\t\t<div class=\"elementor-widget-wrap elementor-element-populated\">\n\t\t\t\t\t\t<div class=\"elementor-element elementor-element-4a98a9c elementor-widget elementor-widget-jet-listing-dynamic-image\" data-id=\"4a98a9c\" data-element_type=\"widget\" data-settings=\"{&quot;_ob_shadough_use&quot;:&quot;yes&quot;}\" data-widget_type=\"jet-listing-dynamic-image.default\">\n\t\t\t\t<div class=\"elementor-widget-container\">\n\t\t\t\t\t<div class=\"jet-listing jet-listing-dynamic-image\"><a href=\"https:\/\/staging.dst.deutsche-schule.eu\/es\/kiga-tag-der-kanaren-2021\/\" class=\"jet-listing-dynamic-image__link\"><img decoding=\"async\" width=\"375\" height=\"250\" src=\"https:\/\/staging.dst.deutsche-schule.eu\/wp-content\/uploads\/2021\/06\/image10-1-375x250.jpeg\" class=\"jet-listing-dynamic-image__img attachment-dst-thumb-featured size-dst-thumb-featured wp-post-image\" alt=\"image10 (1)\" loading=\"eager\" \/><\/a><\/div>\t\t\t\t<\/div>\n\t\t\t\t<\/div>\n\t\t\t\t<div class=\"elementor-element elementor-element-9103d11 elementor-widget elementor-widget-jet-listing-dynamic-field\" data-id=\"9103d11\" data-element_type=\"widget\" data-settings=\"{&quot;_ob_widget_stalker_use&quot;:&quot;no&quot;,&quot;_ob_shadough_use&quot;:&quot;no&quot;}\" data-widget_type=\"jet-listing-dynamic-field.default\">\n\t\t\t\t<div class=\"elementor-widget-container\">\n\t\t\t\t\t<div class=\"jet-listing jet-listing-dynamic-field display-inline\"><div class=\"jet-listing-dynamic-field__inline-wrap\"><div class=\"jet-listing-dynamic-field__content\"> junio 3, 2021 <\/div><\/div><\/div>\t\t\t\t<\/div>\n\t\t\t\t<\/div>\n\t\t\t\t<div class=\"elementor-element elementor-element-f156560 elementor-widget elementor-widget-jet-listing-dynamic-field\" data-id=\"f156560\" data-element_type=\"widget\" data-settings=\"{&quot;_ob_widget_stalker_use&quot;:&quot;no&quot;,&quot;_ob_shadough_use&quot;:&quot;no&quot;}\" data-widget_type=\"jet-listing-dynamic-field.default\">\n\t\t\t\t<div class=\"elementor-widget-container\">\n\t\t\t\t\t<div class=\"jet-listing jet-listing-dynamic-field display-inline\"><div class=\"jet-listing-dynamic-field__inline-wrap\"><div class=\"jet-listing-dynamic-field__content\">Kindergarten: D\u00eda de Canarias 2021<\/div><\/div><\/div>\t\t\t\t<\/div>\n\t\t\t\t<\/div>\n\t\t\t\t<div class=\"elementor-element elementor-element-27040c8 elementor-widget elementor-widget-jet-listing-dynamic-field\" data-id=\"27040c8\" data-element_type=\"widget\" data-settings=\"{&quot;_ob_widget_stalker_use&quot;:&quot;no&quot;,&quot;_ob_shadough_use&quot;:&quot;no&quot;}\" data-widget_type=\"jet-listing-dynamic-field.default\">\n\t\t\t\t<div class=\"elementor-widget-container\">\n\t\t\t\t\t<div class=\"jet-listing jet-listing-dynamic-field display-inline\"><div class=\"jet-listing-dynamic-field__inline-wrap\"><div class=\"jet-listing-dynamic-field__content\">El viernes d\u00eda 28 de mayo el Kindergarten celebr\u00f3 el D\u00eda de Canarias. Cada clase se hab\u00eda preparado...<\/div><\/div><\/div>\t\t\t\t<\/div>\n\t\t\t\t<\/div>\n\t\t\t\t<div class=\"elementor-element elementor-element-c0667d9 elementor-absolute elementor-widget elementor-widget-jet-listing-dynamic-link\" data-id=\"c0667d9\" data-element_type=\"widget\" data-settings=\"{&quot;_position&quot;:&quot;absolute&quot;,&quot;_ob_widget_stalker_use&quot;:&quot;no&quot;,&quot;_ob_shadough_use&quot;:&quot;no&quot;}\" data-widget_type=\"jet-listing-dynamic-link.default\">\n\t\t\t\t<div class=\"elementor-widget-container\">\n\t\t\t\t\t<div class=\"jet-listing jet-listing-dynamic-link\"><a href=\"https:\/\/staging.dst.deutsche-schule.eu\/es\/kiga-tag-der-kanaren-2021\/\" class=\"jet-listing-dynamic-link__link\"><span class=\"jet-listing-dynamic-link__label\">m\u00e1s<\/span><\/a><\/div>\t\t\t\t<\/div>\n\t\t\t\t<\/div>\n\t\t\t\t\t<\/div>\n\t\t<\/div>\n\t\t\t\t\t<\/div>\n\t\t<\/article>\n\t\t\t\t<\/div>\n\t\t<a href=\"https:\/\/staging.dst.deutsche-schule.eu\/es\/kiga-tag-der-kanaren-2021\/\" class=\"jet-engine-listing-overlay-link\"><\/a><\/div><\/div><div class=\"jet-listing-grid__item jet-listing-dynamic-post-36316\" data-post-id=\"36316\" ><div class=\"jet-engine-listing-overlay-wrap\" data-url=\"https:\/\/staging.dst.deutsche-schule.eu\/es\/projekt-giraffensprache\/\">\t\t<div data-elementor-type=\"jet-listing-items\" data-elementor-id=\"44110\" class=\"elementor elementor-44110 elementor-35663\" data-elementor-post-type=\"jet-engine\">\n\t\t\t\t\t\t<article class=\"elementor-section elementor-top-section elementor-element elementor-element-697b234 elementor-section-items-top elementor-section-height-min-height elementor-section-boxed elementor-section-height-default\" data-id=\"697b234\" data-element_type=\"section\" data-settings=\"{&quot;background_background&quot;:&quot;classic&quot;,&quot;_ob_glider_is_slider&quot;:&quot;no&quot;}\">\n\t\t\t\t\t\t<div class=\"elementor-container elementor-column-gap-default\">\n\t\t\t\t\t<div class=\"elementor-column elementor-col-100 elementor-top-column elementor-element elementor-element-70fa1718\" data-id=\"70fa1718\" data-element_type=\"column\">\n\t\t\t<div class=\"elementor-widget-wrap elementor-element-populated\">\n\t\t\t\t\t\t<div class=\"elementor-element elementor-element-4a98a9c elementor-widget elementor-widget-jet-listing-dynamic-image\" data-id=\"4a98a9c\" data-element_type=\"widget\" data-settings=\"{&quot;_ob_shadough_use&quot;:&quot;yes&quot;}\" data-widget_type=\"jet-listing-dynamic-image.default\">\n\t\t\t\t<div class=\"elementor-widget-container\">\n\t\t\t\t\t<div class=\"jet-listing jet-listing-dynamic-image\"><a href=\"https:\/\/staging.dst.deutsche-schule.eu\/es\/projekt-giraffensprache\/\" class=\"jet-listing-dynamic-image__link\"><img decoding=\"async\" width=\"375\" height=\"250\" src=\"https:\/\/staging.dst.deutsche-schule.eu\/wp-content\/uploads\/2021\/03\/IMG_20210305_105636-1-375x250.jpg\" class=\"jet-listing-dynamic-image__img attachment-dst-thumb-featured size-dst-thumb-featured wp-post-image\" alt=\"IMG_20210305_105636-1\" loading=\"eager\" \/><\/a><\/div>\t\t\t\t<\/div>\n\t\t\t\t<\/div>\n\t\t\t\t<div class=\"elementor-element elementor-element-9103d11 elementor-widget elementor-widget-jet-listing-dynamic-field\" data-id=\"9103d11\" data-element_type=\"widget\" data-settings=\"{&quot;_ob_widget_stalker_use&quot;:&quot;no&quot;,&quot;_ob_shadough_use&quot;:&quot;no&quot;}\" data-widget_type=\"jet-listing-dynamic-field.default\">\n\t\t\t\t<div class=\"elementor-widget-container\">\n\t\t\t\t\t<div class=\"jet-listing jet-listing-dynamic-field display-inline\"><div class=\"jet-listing-dynamic-field__inline-wrap\"><div class=\"jet-listing-dynamic-field__content\"> marzo 17, 2021 <\/div><\/div><\/div>\t\t\t\t<\/div>\n\t\t\t\t<\/div>\n\t\t\t\t<div class=\"elementor-element elementor-element-f156560 elementor-widget elementor-widget-jet-listing-dynamic-field\" data-id=\"f156560\" data-element_type=\"widget\" data-settings=\"{&quot;_ob_widget_stalker_use&quot;:&quot;no&quot;,&quot;_ob_shadough_use&quot;:&quot;no&quot;}\" data-widget_type=\"jet-listing-dynamic-field.default\">\n\t\t\t\t<div class=\"elementor-widget-container\">\n\t\t\t\t\t<div class=\"jet-listing jet-listing-dynamic-field display-inline\"><div class=\"jet-listing-dynamic-field__inline-wrap\"><div class=\"jet-listing-dynamic-field__content\">Proyecto: el idioma de las jirafas<\/div><\/div><\/div>\t\t\t\t<\/div>\n\t\t\t\t<\/div>\n\t\t\t\t<div class=\"elementor-element elementor-element-27040c8 elementor-widget elementor-widget-jet-listing-dynamic-field\" data-id=\"27040c8\" data-element_type=\"widget\" data-settings=\"{&quot;_ob_widget_stalker_use&quot;:&quot;no&quot;,&quot;_ob_shadough_use&quot;:&quot;no&quot;}\" data-widget_type=\"jet-listing-dynamic-field.default\">\n\t\t\t\t<div class=\"elementor-widget-container\">\n\t\t\t\t\t<div class=\"jet-listing jet-listing-dynamic-field display-inline\"><div class=\"jet-listing-dynamic-field__inline-wrap\"><div class=\"jet-listing-dynamic-field__content\">Las maestras del Kinder est\u00e1n trabajado el proyecto \u00abEl idioma de las jirafas\u00bb. Se basa en la comunicaci\u00f3n...<\/div><\/div><\/div>\t\t\t\t<\/div>\n\t\t\t\t<\/div>\n\t\t\t\t<div class=\"elementor-element elementor-element-c0667d9 elementor-absolute elementor-widget elementor-widget-jet-listing-dynamic-link\" data-id=\"c0667d9\" data-element_type=\"widget\" data-settings=\"{&quot;_position&quot;:&quot;absolute&quot;,&quot;_ob_widget_stalker_use&quot;:&quot;no&quot;,&quot;_ob_shadough_use&quot;:&quot;no&quot;}\" data-widget_type=\"jet-listing-dynamic-link.default\">\n\t\t\t\t<div class=\"elementor-widget-container\">\n\t\t\t\t\t<div class=\"jet-listing jet-listing-dynamic-link\"><a href=\"https:\/\/staging.dst.deutsche-schule.eu\/es\/projekt-giraffensprache\/\" class=\"jet-listing-dynamic-link__link\"><span class=\"jet-listing-dynamic-link__label\">m\u00e1s<\/span><\/a><\/div>\t\t\t\t<\/div>\n\t\t\t\t<\/div>\n\t\t\t\t\t<\/div>\n\t\t<\/div>\n\t\t\t\t\t<\/div>\n\t\t<\/article>\n\t\t\t\t<\/div>\n\t\t<a href=\"https:\/\/staging.dst.deutsche-schule.eu\/es\/projekt-giraffensprache\/\" class=\"jet-engine-listing-overlay-link\"><\/a><\/div><\/div><div class=\"jet-listing-grid__item jet-listing-dynamic-post-32695\" data-post-id=\"32695\" ><div class=\"jet-engine-listing-overlay-wrap\" data-url=\"https:\/\/staging.dst.deutsche-schule.eu\/es\/carnaval-en-el-kindergarten-2021\/\">\t\t<div data-elementor-type=\"jet-listing-items\" data-elementor-id=\"44110\" class=\"elementor elementor-44110 elementor-35663\" data-elementor-post-type=\"jet-engine\">\n\t\t\t\t\t\t<article class=\"elementor-section elementor-top-section elementor-element elementor-element-697b234 elementor-section-items-top elementor-section-height-min-height elementor-section-boxed elementor-section-height-default\" data-id=\"697b234\" data-element_type=\"section\" data-settings=\"{&quot;background_background&quot;:&quot;classic&quot;,&quot;_ob_glider_is_slider&quot;:&quot;no&quot;}\">\n\t\t\t\t\t\t<div class=\"elementor-container elementor-column-gap-default\">\n\t\t\t\t\t<div class=\"elementor-column elementor-col-100 elementor-top-column elementor-element elementor-element-70fa1718\" data-id=\"70fa1718\" data-element_type=\"column\">\n\t\t\t<div class=\"elementor-widget-wrap elementor-element-populated\">\n\t\t\t\t\t\t<div class=\"elementor-element elementor-element-4a98a9c elementor-widget elementor-widget-jet-listing-dynamic-image\" data-id=\"4a98a9c\" data-element_type=\"widget\" data-settings=\"{&quot;_ob_shadough_use&quot;:&quot;yes&quot;}\" data-widget_type=\"jet-listing-dynamic-image.default\">\n\t\t\t\t<div class=\"elementor-widget-container\">\n\t\t\t\t\t<div class=\"jet-listing jet-listing-dynamic-image\"><a href=\"https:\/\/staging.dst.deutsche-schule.eu\/es\/carnaval-en-el-kindergarten-2021\/\" class=\"jet-listing-dynamic-image__link\"><img decoding=\"async\" width=\"375\" height=\"250\" src=\"https:\/\/staging.dst.deutsche-schule.eu\/wp-content\/uploads\/2021\/02\/IMG_20210212_083020-scaled-375x250.jpg\" class=\"jet-listing-dynamic-image__img attachment-dst-thumb-featured size-dst-thumb-featured wp-post-image\" alt=\"IMG_20210212_083020\" loading=\"eager\" \/><\/a><\/div>\t\t\t\t<\/div>\n\t\t\t\t<\/div>\n\t\t\t\t<div class=\"elementor-element elementor-element-9103d11 elementor-widget elementor-widget-jet-listing-dynamic-field\" data-id=\"9103d11\" data-element_type=\"widget\" data-settings=\"{&quot;_ob_widget_stalker_use&quot;:&quot;no&quot;,&quot;_ob_shadough_use&quot;:&quot;no&quot;}\" data-widget_type=\"jet-listing-dynamic-field.default\">\n\t\t\t\t<div class=\"elementor-widget-container\">\n\t\t\t\t\t<div class=\"jet-listing jet-listing-dynamic-field display-inline\"><div class=\"jet-listing-dynamic-field__inline-wrap\"><div class=\"jet-listing-dynamic-field__content\"> febrero 13, 2021 <\/div><\/div><\/div>\t\t\t\t<\/div>\n\t\t\t\t<\/div>\n\t\t\t\t<div class=\"elementor-element elementor-element-f156560 elementor-widget elementor-widget-jet-listing-dynamic-field\" data-id=\"f156560\" data-element_type=\"widget\" data-settings=\"{&quot;_ob_widget_stalker_use&quot;:&quot;no&quot;,&quot;_ob_shadough_use&quot;:&quot;no&quot;}\" data-widget_type=\"jet-listing-dynamic-field.default\">\n\t\t\t\t<div class=\"elementor-widget-container\">\n\t\t\t\t\t<div class=\"jet-listing jet-listing-dynamic-field display-inline\"><div class=\"jet-listing-dynamic-field__inline-wrap\"><div class=\"jet-listing-dynamic-field__content\">Carnaval en el Kindergarten 2021<\/div><\/div><\/div>\t\t\t\t<\/div>\n\t\t\t\t<\/div>\n\t\t\t\t<div class=\"elementor-element elementor-element-27040c8 elementor-widget elementor-widget-jet-listing-dynamic-field\" data-id=\"27040c8\" data-element_type=\"widget\" data-settings=\"{&quot;_ob_widget_stalker_use&quot;:&quot;no&quot;,&quot;_ob_shadough_use&quot;:&quot;no&quot;}\" data-widget_type=\"jet-listing-dynamic-field.default\">\n\t\t\t\t<div class=\"elementor-widget-container\">\n\t\t\t\t\t<div class=\"jet-listing jet-listing-dynamic-field display-inline\"><div class=\"jet-listing-dynamic-field__inline-wrap\"><div class=\"jet-listing-dynamic-field__content\">Del\u00a08.2. al 12.2.2021 tuvo lugar en el Kindergarten la semana loca de carnaval. Empezamos el lunes con los...<\/div><\/div><\/div>\t\t\t\t<\/div>\n\t\t\t\t<\/div>\n\t\t\t\t<div class=\"elementor-element elementor-element-c0667d9 elementor-absolute elementor-widget elementor-widget-jet-listing-dynamic-link\" data-id=\"c0667d9\" data-element_type=\"widget\" data-settings=\"{&quot;_position&quot;:&quot;absolute&quot;,&quot;_ob_widget_stalker_use&quot;:&quot;no&quot;,&quot;_ob_shadough_use&quot;:&quot;no&quot;}\" data-widget_type=\"jet-listing-dynamic-link.default\">\n\t\t\t\t<div class=\"elementor-widget-container\">\n\t\t\t\t\t<div class=\"jet-listing jet-listing-dynamic-link\"><a href=\"https:\/\/staging.dst.deutsche-schule.eu\/es\/carnaval-en-el-kindergarten-2021\/\" class=\"jet-listing-dynamic-link__link\"><span class=\"jet-listing-dynamic-link__label\">m\u00e1s<\/span><\/a><\/div>\t\t\t\t<\/div>\n\t\t\t\t<\/div>\n\t\t\t\t\t<\/div>\n\t\t<\/div>\n\t\t\t\t\t<\/div>\n\t\t<\/article>\n\t\t\t\t<\/div>\n\t\t<a href=\"https:\/\/staging.dst.deutsche-schule.eu\/es\/carnaval-en-el-kindergarten-2021\/\" class=\"jet-engine-listing-overlay-link\"><\/a><\/div><\/div><div class=\"jet-listing-grid__item jet-listing-dynamic-post-32273\" data-post-id=\"32273\" ><div class=\"jet-engine-listing-overlay-wrap\" data-url=\"https:\/\/staging.dst.deutsche-schule.eu\/es\/kikri-video-buenos-dias-soy-nikolaus\/\">\t\t<div data-elementor-type=\"jet-listing-items\" data-elementor-id=\"44110\" class=\"elementor elementor-44110 elementor-35663\" data-elementor-post-type=\"jet-engine\">\n\t\t\t\t\t\t<article class=\"elementor-section elementor-top-section elementor-element elementor-element-697b234 elementor-section-items-top elementor-section-height-min-height elementor-section-boxed elementor-section-height-default\" data-id=\"697b234\" data-element_type=\"section\" data-settings=\"{&quot;background_background&quot;:&quot;classic&quot;,&quot;_ob_glider_is_slider&quot;:&quot;no&quot;}\">\n\t\t\t\t\t\t<div class=\"elementor-container elementor-column-gap-default\">\n\t\t\t\t\t<div class=\"elementor-column elementor-col-100 elementor-top-column elementor-element elementor-element-70fa1718\" data-id=\"70fa1718\" data-element_type=\"column\">\n\t\t\t<div class=\"elementor-widget-wrap elementor-element-populated\">\n\t\t\t\t\t\t<div class=\"elementor-element elementor-element-4a98a9c elementor-widget elementor-widget-jet-listing-dynamic-image\" data-id=\"4a98a9c\" data-element_type=\"widget\" data-settings=\"{&quot;_ob_shadough_use&quot;:&quot;yes&quot;}\" data-widget_type=\"jet-listing-dynamic-image.default\">\n\t\t\t\t<div class=\"elementor-widget-container\">\n\t\t\t\t\t<div class=\"jet-listing jet-listing-dynamic-image\"><a href=\"https:\/\/staging.dst.deutsche-schule.eu\/es\/kikri-video-buenos-dias-soy-nikolaus\/\" class=\"jet-listing-dynamic-image__link\"><img decoding=\"async\" width=\"285\" height=\"190\" src=\"https:\/\/staging.dst.deutsche-schule.eu\/wp-content\/uploads\/2020\/12\/Kikri-Weihnachten-285x190.png\" class=\"jet-listing-dynamic-image__img attachment-dst-thumb-featured size-dst-thumb-featured wp-post-image\" alt=\"Kikri Weihnachten\" loading=\"eager\" \/><\/a><\/div>\t\t\t\t<\/div>\n\t\t\t\t<\/div>\n\t\t\t\t<div class=\"elementor-element elementor-element-9103d11 elementor-widget elementor-widget-jet-listing-dynamic-field\" data-id=\"9103d11\" data-element_type=\"widget\" data-settings=\"{&quot;_ob_widget_stalker_use&quot;:&quot;no&quot;,&quot;_ob_shadough_use&quot;:&quot;no&quot;}\" data-widget_type=\"jet-listing-dynamic-field.default\">\n\t\t\t\t<div class=\"elementor-widget-container\">\n\t\t\t\t\t<div class=\"jet-listing jet-listing-dynamic-field display-inline\"><div class=\"jet-listing-dynamic-field__inline-wrap\"><div class=\"jet-listing-dynamic-field__content\"> diciembre 19, 2020 <\/div><\/div><\/div>\t\t\t\t<\/div>\n\t\t\t\t<\/div>\n\t\t\t\t<div class=\"elementor-element elementor-element-f156560 elementor-widget elementor-widget-jet-listing-dynamic-field\" data-id=\"f156560\" data-element_type=\"widget\" data-settings=\"{&quot;_ob_widget_stalker_use&quot;:&quot;no&quot;,&quot;_ob_shadough_use&quot;:&quot;no&quot;}\" data-widget_type=\"jet-listing-dynamic-field.default\">\n\t\t\t\t<div class=\"elementor-widget-container\">\n\t\t\t\t\t<div class=\"jet-listing jet-listing-dynamic-field display-inline\"><div class=\"jet-listing-dynamic-field__inline-wrap\"><div class=\"jet-listing-dynamic-field__content\">Kikri - V\u00eddeo: Buenos d\u00edas, soy Nikolaus<\/div><\/div><\/div>\t\t\t\t<\/div>\n\t\t\t\t<\/div>\n\t\t\t\t<div class=\"elementor-element elementor-element-27040c8 elementor-widget elementor-widget-jet-listing-dynamic-field\" data-id=\"27040c8\" data-element_type=\"widget\" data-settings=\"{&quot;_ob_widget_stalker_use&quot;:&quot;no&quot;,&quot;_ob_shadough_use&quot;:&quot;no&quot;}\" data-widget_type=\"jet-listing-dynamic-field.default\">\n\t\t\t\t<div class=\"elementor-widget-container\">\n\t\t\t\t\t<div class=\"jet-listing jet-listing-dynamic-field display-inline\"><div class=\"jet-listing-dynamic-field__inline-wrap\"><div class=\"jet-listing-dynamic-field__content\">\u00abEl grupo de los enanos\u00bb (Zwergengruppe) de la guarder\u00eda Kikri ha interpretado en este maravilloso v\u00eddeo la canci\u00f3n...<\/div><\/div><\/div>\t\t\t\t<\/div>\n\t\t\t\t<\/div>\n\t\t\t\t<div class=\"elementor-element elementor-element-c0667d9 elementor-absolute elementor-widget elementor-widget-jet-listing-dynamic-link\" data-id=\"c0667d9\" data-element_type=\"widget\" data-settings=\"{&quot;_position&quot;:&quot;absolute&quot;,&quot;_ob_widget_stalker_use&quot;:&quot;no&quot;,&quot;_ob_shadough_use&quot;:&quot;no&quot;}\" data-widget_type=\"jet-listing-dynamic-link.default\">\n\t\t\t\t<div class=\"elementor-widget-container\">\n\t\t\t\t\t<div class=\"jet-listing jet-listing-dynamic-link\"><a href=\"https:\/\/staging.dst.deutsche-schule.eu\/es\/kikri-video-buenos-dias-soy-nikolaus\/\" class=\"jet-listing-dynamic-link__link\"><span class=\"jet-listing-dynamic-link__label\">m\u00e1s<\/span><\/a><\/div>\t\t\t\t<\/div>\n\t\t\t\t<\/div>\n\t\t\t\t\t<\/div>\n\t\t<\/div>\n\t\t\t\t\t<\/div>\n\t\t<\/article>\n\t\t\t\t<\/div>\n\t\t<a href=\"https:\/\/staging.dst.deutsche-schule.eu\/es\/kikri-video-buenos-dias-soy-nikolaus\/\" class=\"jet-engine-listing-overlay-link\"><\/a><\/div><\/div><div class=\"jet-listing-grid__item jet-listing-dynamic-post-32263\" data-post-id=\"32263\" ><div class=\"jet-engine-listing-overlay-wrap\" data-url=\"https:\/\/staging.dst.deutsche-schule.eu\/es\/k3-show-de-navidad\/\">\t\t<div data-elementor-type=\"jet-listing-items\" data-elementor-id=\"44110\" class=\"elementor elementor-44110 elementor-35663\" data-elementor-post-type=\"jet-engine\">\n\t\t\t\t\t\t<article class=\"elementor-section elementor-top-section elementor-element elementor-element-697b234 elementor-section-items-top elementor-section-height-min-height elementor-section-boxed elementor-section-height-default\" data-id=\"697b234\" data-element_type=\"section\" data-settings=\"{&quot;background_background&quot;:&quot;classic&quot;,&quot;_ob_glider_is_slider&quot;:&quot;no&quot;}\">\n\t\t\t\t\t\t<div class=\"elementor-container elementor-column-gap-default\">\n\t\t\t\t\t<div class=\"elementor-column elementor-col-100 elementor-top-column elementor-element elementor-element-70fa1718\" data-id=\"70fa1718\" data-element_type=\"column\">\n\t\t\t<div class=\"elementor-widget-wrap elementor-element-populated\">\n\t\t\t\t\t\t<div class=\"elementor-element elementor-element-4a98a9c elementor-widget elementor-widget-jet-listing-dynamic-image\" data-id=\"4a98a9c\" data-element_type=\"widget\" data-settings=\"{&quot;_ob_shadough_use&quot;:&quot;yes&quot;}\" data-widget_type=\"jet-listing-dynamic-image.default\">\n\t\t\t\t<div class=\"elementor-widget-container\">\n\t\t\t\t\t<div class=\"jet-listing jet-listing-dynamic-image\"><a href=\"https:\/\/staging.dst.deutsche-schule.eu\/es\/k3-show-de-navidad\/\" class=\"jet-listing-dynamic-image__link\"><img decoding=\"async\" width=\"285\" height=\"190\" src=\"https:\/\/staging.dst.deutsche-schule.eu\/wp-content\/uploads\/2020\/12\/k3-285x190.jpg\" class=\"jet-listing-dynamic-image__img attachment-dst-thumb-featured size-dst-thumb-featured wp-post-image\" alt=\"k3+\" loading=\"eager\" \/><\/a><\/div>\t\t\t\t<\/div>\n\t\t\t\t<\/div>\n\t\t\t\t<div class=\"elementor-element elementor-element-9103d11 elementor-widget elementor-widget-jet-listing-dynamic-field\" data-id=\"9103d11\" data-element_type=\"widget\" data-settings=\"{&quot;_ob_widget_stalker_use&quot;:&quot;no&quot;,&quot;_ob_shadough_use&quot;:&quot;no&quot;}\" data-widget_type=\"jet-listing-dynamic-field.default\">\n\t\t\t\t<div class=\"elementor-widget-container\">\n\t\t\t\t\t<div class=\"jet-listing jet-listing-dynamic-field display-inline\"><div class=\"jet-listing-dynamic-field__inline-wrap\"><div class=\"jet-listing-dynamic-field__content\"> diciembre 18, 2020 <\/div><\/div><\/div>\t\t\t\t<\/div>\n\t\t\t\t<\/div>\n\t\t\t\t<div class=\"elementor-element elementor-element-f156560 elementor-widget elementor-widget-jet-listing-dynamic-field\" data-id=\"f156560\" data-element_type=\"widget\" data-settings=\"{&quot;_ob_widget_stalker_use&quot;:&quot;no&quot;,&quot;_ob_shadough_use&quot;:&quot;no&quot;}\" data-widget_type=\"jet-listing-dynamic-field.default\">\n\t\t\t\t<div class=\"elementor-widget-container\">\n\t\t\t\t\t<div class=\"jet-listing jet-listing-dynamic-field display-inline\"><div class=\"jet-listing-dynamic-field__inline-wrap\"><div class=\"jet-listing-dynamic-field__content\">K3+ show de Navidad<\/div><\/div><\/div>\t\t\t\t<\/div>\n\t\t\t\t<\/div>\n\t\t\t\t<div class=\"elementor-element elementor-element-27040c8 elementor-widget elementor-widget-jet-listing-dynamic-field\" data-id=\"27040c8\" data-element_type=\"widget\" data-settings=\"{&quot;_ob_widget_stalker_use&quot;:&quot;no&quot;,&quot;_ob_shadough_use&quot;:&quot;no&quot;}\" data-widget_type=\"jet-listing-dynamic-field.default\">\n\t\t\t\t<div class=\"elementor-widget-container\">\n\t\t\t\t\t<div class=\"jet-listing jet-listing-dynamic-field display-inline\"><div class=\"jet-listing-dynamic-field__inline-wrap\"><div class=\"jet-listing-dynamic-field__content\">\u00a1\u00a1Muchas gracias por los maravillosos shows\u00a0navide\u00f1os de K3+!! Krokodile: Giraffen: &nbsp; Zebras:<\/div><\/div><\/div>\t\t\t\t<\/div>\n\t\t\t\t<\/div>\n\t\t\t\t<div class=\"elementor-element elementor-element-c0667d9 elementor-absolute elementor-widget elementor-widget-jet-listing-dynamic-link\" data-id=\"c0667d9\" data-element_type=\"widget\" data-settings=\"{&quot;_position&quot;:&quot;absolute&quot;,&quot;_ob_widget_stalker_use&quot;:&quot;no&quot;,&quot;_ob_shadough_use&quot;:&quot;no&quot;}\" data-widget_type=\"jet-listing-dynamic-link.default\">\n\t\t\t\t<div class=\"elementor-widget-container\">\n\t\t\t\t\t<div class=\"jet-listing jet-listing-dynamic-link\"><a href=\"https:\/\/staging.dst.deutsche-schule.eu\/es\/k3-show-de-navidad\/\" class=\"jet-listing-dynamic-link__link\"><span class=\"jet-listing-dynamic-link__label\">m\u00e1s<\/span><\/a><\/div>\t\t\t\t<\/div>\n\t\t\t\t<\/div>\n\t\t\t\t\t<\/div>\n\t\t<\/div>\n\t\t\t\t\t<\/div>\n\t\t<\/article>\n\t\t\t\t<\/div>\n\t\t<a href=\"https:\/\/staging.dst.deutsche-schule.eu\/es\/k3-show-de-navidad\/\" class=\"jet-engine-listing-overlay-link\"><\/a><\/div><\/div><div class=\"jet-listing-grid__item jet-listing-dynamic-post-31901\" data-post-id=\"31901\" ><div class=\"jet-engine-listing-overlay-wrap\" data-url=\"https:\/\/staging.dst.deutsche-schule.eu\/es\/nikolaus-en-el-kindergarten-2020\/\">\t\t<div data-elementor-type=\"jet-listing-items\" data-elementor-id=\"44110\" class=\"elementor elementor-44110 elementor-35663\" data-elementor-post-type=\"jet-engine\">\n\t\t\t\t\t\t<article class=\"elementor-section elementor-top-section elementor-element elementor-element-697b234 elementor-section-items-top elementor-section-height-min-height elementor-section-boxed elementor-section-height-default\" data-id=\"697b234\" data-element_type=\"section\" data-settings=\"{&quot;background_background&quot;:&quot;classic&quot;,&quot;_ob_glider_is_slider&quot;:&quot;no&quot;}\">\n\t\t\t\t\t\t<div class=\"elementor-container elementor-column-gap-default\">\n\t\t\t\t\t<div class=\"elementor-column elementor-col-100 elementor-top-column elementor-element elementor-element-70fa1718\" data-id=\"70fa1718\" data-element_type=\"column\">\n\t\t\t<div class=\"elementor-widget-wrap elementor-element-populated\">\n\t\t\t\t\t\t<div class=\"elementor-element elementor-element-4a98a9c elementor-widget elementor-widget-jet-listing-dynamic-image\" data-id=\"4a98a9c\" data-element_type=\"widget\" data-settings=\"{&quot;_ob_shadough_use&quot;:&quot;yes&quot;}\" data-widget_type=\"jet-listing-dynamic-image.default\">\n\t\t\t\t<div class=\"elementor-widget-container\">\n\t\t\t\t\t<div class=\"jet-listing jet-listing-dynamic-image\"><a href=\"https:\/\/staging.dst.deutsche-schule.eu\/es\/nikolaus-en-el-kindergarten-2020\/\" class=\"jet-listing-dynamic-image__link\"><img decoding=\"async\" width=\"375\" height=\"243\" src=\"https:\/\/staging.dst.deutsche-schule.eu\/wp-content\/uploads\/2020\/12\/Nikolaus-Video-portada-740x480.png\" class=\"jet-listing-dynamic-image__img attachment-dst-thumb-featured size-dst-thumb-featured wp-post-image\" alt=\"Nikolaus Video portada\" loading=\"eager\" \/><\/a><\/div>\t\t\t\t<\/div>\n\t\t\t\t<\/div>\n\t\t\t\t<div class=\"elementor-element elementor-element-9103d11 elementor-widget elementor-widget-jet-listing-dynamic-field\" data-id=\"9103d11\" data-element_type=\"widget\" data-settings=\"{&quot;_ob_widget_stalker_use&quot;:&quot;no&quot;,&quot;_ob_shadough_use&quot;:&quot;no&quot;}\" data-widget_type=\"jet-listing-dynamic-field.default\">\n\t\t\t\t<div class=\"elementor-widget-container\">\n\t\t\t\t\t<div class=\"jet-listing jet-listing-dynamic-field display-inline\"><div class=\"jet-listing-dynamic-field__inline-wrap\"><div class=\"jet-listing-dynamic-field__content\"> diciembre 10, 2020 <\/div><\/div><\/div>\t\t\t\t<\/div>\n\t\t\t\t<\/div>\n\t\t\t\t<div class=\"elementor-element elementor-element-f156560 elementor-widget elementor-widget-jet-listing-dynamic-field\" data-id=\"f156560\" data-element_type=\"widget\" data-settings=\"{&quot;_ob_widget_stalker_use&quot;:&quot;no&quot;,&quot;_ob_shadough_use&quot;:&quot;no&quot;}\" data-widget_type=\"jet-listing-dynamic-field.default\">\n\t\t\t\t<div class=\"elementor-widget-container\">\n\t\t\t\t\t<div class=\"jet-listing jet-listing-dynamic-field display-inline\"><div class=\"jet-listing-dynamic-field__inline-wrap\"><div class=\"jet-listing-dynamic-field__content\">Nikolaus en el Kindergarten 2020<\/div><\/div><\/div>\t\t\t\t<\/div>\n\t\t\t\t<\/div>\n\t\t\t\t<div class=\"elementor-element elementor-element-27040c8 elementor-widget elementor-widget-jet-listing-dynamic-field\" data-id=\"27040c8\" data-element_type=\"widget\" data-settings=\"{&quot;_ob_widget_stalker_use&quot;:&quot;no&quot;,&quot;_ob_shadough_use&quot;:&quot;no&quot;}\" data-widget_type=\"jet-listing-dynamic-field.default\">\n\t\t\t\t<div class=\"elementor-widget-container\">\n\t\t\t\t\t<div class=\"jet-listing jet-listing-dynamic-field display-inline\"><div class=\"jet-listing-dynamic-field__inline-wrap\"><div class=\"jet-listing-dynamic-field__content\">El tres de diciembre San Nicol\u00e1s visit\u00f3 el centro infantil Kindergarten y la guarder\u00eda Kikri. Reparti\u00f3 una peque\u00f1a...<\/div><\/div><\/div>\t\t\t\t<\/div>\n\t\t\t\t<\/div>\n\t\t\t\t<div class=\"elementor-element elementor-element-c0667d9 elementor-absolute elementor-widget elementor-widget-jet-listing-dynamic-link\" data-id=\"c0667d9\" data-element_type=\"widget\" data-settings=\"{&quot;_position&quot;:&quot;absolute&quot;,&quot;_ob_widget_stalker_use&quot;:&quot;no&quot;,&quot;_ob_shadough_use&quot;:&quot;no&quot;}\" data-widget_type=\"jet-listing-dynamic-link.default\">\n\t\t\t\t<div class=\"elementor-widget-container\">\n\t\t\t\t\t<div class=\"jet-listing jet-listing-dynamic-link\"><a href=\"https:\/\/staging.dst.deutsche-schule.eu\/es\/nikolaus-en-el-kindergarten-2020\/\" class=\"jet-listing-dynamic-link__link\"><span class=\"jet-listing-dynamic-link__label\">m\u00e1s<\/span><\/a><\/div>\t\t\t\t<\/div>\n\t\t\t\t<\/div>\n\t\t\t\t\t<\/div>\n\t\t<\/div>\n\t\t\t\t\t<\/div>\n\t\t<\/article>\n\t\t\t\t<\/div>\n\t\t<a href=\"https:\/\/staging.dst.deutsche-schule.eu\/es\/nikolaus-en-el-kindergarten-2020\/\" class=\"jet-engine-listing-overlay-link\"><\/a><\/div><\/div><\/div><\/div><\/div>\t\t\t\t<\/div>\n\t\t\t\t<\/div>\n\t\t\t\t<div class=\"elementor-element elementor-element-2ab1ec3c elementor-align-center elementor-widget elementor-widget-button\" data-id=\"2ab1ec3c\" data-element_type=\"widget\" id=\"LoadMore\" data-settings=\"{&quot;_ob_butterbutton_use_it&quot;:&quot;no&quot;,&quot;_ob_widget_stalker_use&quot;:&quot;no&quot;,&quot;_ob_shadough_use&quot;:&quot;no&quot;}\" data-widget_type=\"button.default\">\n\t\t\t\t<div class=\"elementor-widget-container\">\n\t\t\t\t\t\t\t\t\t<div class=\"elementor-button-wrapper\">\n\t\t\t\t\t<a class=\"elementor-button elementor-button-link elementor-size-lg\" href=\"#\">\n\t\t\t\t\t\t<span class=\"elementor-button-content-wrapper\">\n\t\t\t\t\t\t\t\t\t<span class=\"elementor-button-text\">Ver m\u00e1s art\u00edculos<\/span>\n\t\t\t\t\t<\/span>\n\t\t\t\t\t<\/a>\n\t\t\t\t<\/div>\n\t\t\t\t\t\t\t\t<\/div>\n\t\t\t\t<\/div>\n\t\t\t\t\t<\/div>\n\t\t<\/div>\n\t\t\t\t\t<\/div>\n\t\t<\/section>\n\t\t\t\t<section class=\"elementor-section elementor-top-section elementor-element elementor-element-aee1ff9 elementor-section-boxed elementor-section-height-default elementor-section-height-default\" data-id=\"aee1ff9\" data-element_type=\"section\" data-settings=\"{&quot;_ob_glider_is_slider&quot;:&quot;no&quot;}\">\n\t\t\t\t\t\t<div class=\"elementor-container elementor-column-gap-default\">\n\t\t\t\t\t<div class=\"elementor-column elementor-col-100 elementor-top-column elementor-element elementor-element-be9cdb4\" data-id=\"be9cdb4\" data-element_type=\"column\">\n\t\t\t<div class=\"elementor-widget-wrap elementor-element-populated\">\n\t\t\t\t\t\t<div class=\"elementor-element elementor-element-4088dba elementor-widget elementor-widget-text-editor\" data-id=\"4088dba\" data-element_type=\"widget\" data-settings=\"{&quot;_ob_postman_use&quot;:&quot;no&quot;,&quot;_ob_widget_stalker_use&quot;:&quot;no&quot;,&quot;_ob_shadough_use&quot;:&quot;no&quot;}\" data-widget_type=\"text-editor.default\">\n\t\t\t\t<div class=\"elementor-widget-container\">\n\t\t\t\t\t\t\t\t\t<p>Nuestro Centro de Educaci\u00f3n infantil biling\u00fce se compone de tres instalaciones:<br>el centro del primer ciclo de educaci\u00f3n infantil, la guarder\u00eda \u201cKikri\u201d, el Kindergarten Arco Iris (1\u00ba. y 2\u00ba. de Educaci\u00f3n infantil) y un curso de preescolar \u201cK3+\u201d 3\u00ba. de Educaci\u00f3n infantil).<\/p>\n<p>El centro para el primer ciclo de educaci\u00f3n infantil biling\u00fce, <strong>la guarder\u00eda \u201cKikri\u201d<\/strong>, abri\u00f3 en 2014 con dos grupos de 15 ni\u00f1os\/as cada uno, es parte integrante del colegio y ejerce una funci\u00f3n preparatoria para la posible entrada en el Kindergarten. En la guarder\u00eda Kikri tenemos entre 30 y 37 ni\u00f1os\/as de entre dos y tres a\u00f1os.<\/p>\n<p>El <strong>Kindergarten Arcos Iris<\/strong>&nbsp;se compone de siete grupos de edades mezcladas ( de tres a cinco a\u00f1os) entre 12 a 14 ni\u00f1os\/as cada uno. Un total de aproximadamente 90 ni\u00f1os\/as de entre tres y cinco a\u00f1os.<\/p>\n<p><strong>Preescolar K3+<\/strong>&nbsp;se cre\u00f3 al principio del a\u00f1o 2016 y es por ello nuestra instalaci\u00f3n m\u00e1s joven. K3+ se compone de tres grupos de edades homog\u00e9neas de entre 16 a 18 ni\u00f1os\/as de cinco y seis a\u00f1os.<\/p>\t\t\t\t\t\t\t\t<\/div>\n\t\t\t\t<\/div>\n\t\t\t\t\t<\/div>\n\t\t<\/div>\n\t\t\t\t\t<\/div>\n\t\t<\/section>\n\t\t\t\t<section class=\"elementor-section elementor-top-section elementor-element elementor-element-a6b7ebf elementor-section-boxed elementor-section-height-default elementor-section-height-default\" data-id=\"a6b7ebf\" data-element_type=\"section\" data-settings=\"{&quot;_ob_glider_is_slider&quot;:&quot;no&quot;}\">\n\t\t\t\t\t\t<div class=\"elementor-container elementor-column-gap-default\">\n\t\t\t\t\t<div class=\"elementor-column elementor-col-100 elementor-top-column elementor-element elementor-element-32d3e037\" data-id=\"32d3e037\" data-element_type=\"column\">\n\t\t\t<div class=\"elementor-widget-wrap elementor-element-populated\">\n\t\t\t\t\t\t<div class=\"elementor-element elementor-element-1c411c4f elementor-widget elementor-widget-video\" data-id=\"1c411c4f\" data-element_type=\"widget\" data-settings=\"{&quot;youtube_url&quot;:&quot;https:\\\/\\\/youtu.be\\\/UoPX24ri6YA&quot;,&quot;image_overlay&quot;:{&quot;url&quot;:&quot;https:\\\/\\\/staging.dst.deutsche-schule.eu\\\/wp-content\\\/uploads\\\/2021\\\/05\\\/VideoKG2.jpg&quot;,&quot;id&quot;:40556,&quot;size&quot;:&quot;&quot;},&quot;lightbox&quot;:&quot;yes&quot;,&quot;show_image_overlay&quot;:&quot;yes&quot;,&quot;video_type&quot;:&quot;youtube&quot;,&quot;controls&quot;:&quot;yes&quot;,&quot;_ob_widget_stalker_use&quot;:&quot;no&quot;,&quot;_ob_shadough_use&quot;:&quot;no&quot;}\" data-widget_type=\"video.default\">\n\t\t\t\t<div class=\"elementor-widget-container\">\n\t\t\t\t\t\t\t<div class=\"elementor-wrapper elementor-open-lightbox\">\n\t\t\t\t\t\t\t<div class=\"elementor-custom-embed-image-overlay\" data-elementor-open-lightbox=\"yes\" data-elementor-lightbox=\"{&quot;type&quot;:&quot;video&quot;,&quot;videoType&quot;:&quot;youtube&quot;,&quot;url&quot;:&quot;https:\\\/\\\/www.youtube.com\\\/embed\\\/UoPX24ri6YA?feature=oembed&amp;start&amp;end&amp;wmode=opaque&amp;loop=0&amp;controls=1&amp;mute=0&amp;rel=0&amp;cc_load_policy=0&quot;,&quot;autoplay&quot;:&quot;&quot;,&quot;modalOptions&quot;:{&quot;id&quot;:&quot;elementor-lightbox-1c411c4f&quot;,&quot;entranceAnimation&quot;:&quot;&quot;,&quot;entranceAnimation_tablet&quot;:&quot;&quot;,&quot;entranceAnimation_mobile&quot;:&quot;&quot;,&quot;videoAspectRatio&quot;:&quot;169&quot;}}\" data-e-action-hash=\"#elementor-action%3Aaction%3Dlightbox%26settings%3DeyJ0eXBlIjoidmlkZW8iLCJ2aWRlb1R5cGUiOiJ5b3V0dWJlIiwidXJsIjoiaHR0cHM6XC9cL3d3dy55b3V0dWJlLmNvbVwvZW1iZWRcL1VvUFgyNHJpNllBP2ZlYXR1cmU9b2VtYmVkJnN0YXJ0JmVuZCZ3bW9kZT1vcGFxdWUmbG9vcD0wJmNvbnRyb2xzPTEmbXV0ZT0wJnJlbD0wJmNjX2xvYWRfcG9saWN5PTAiLCJhdXRvcGxheSI6IiIsIm1vZGFsT3B0aW9ucyI6eyJpZCI6ImVsZW1lbnRvci1saWdodGJveC0xYzQxMWM0ZiIsImVudHJhbmNlQW5pbWF0aW9uIjoiIiwiZW50cmFuY2VBbmltYXRpb25fdGFibGV0IjoiIiwiZW50cmFuY2VBbmltYXRpb25fbW9iaWxlIjoiIiwidmlkZW9Bc3BlY3RSYXRpbyI6IjE2OSJ9fQ%3D%3D\">\n\t\t\t\t\t\t\t\t\t\t\t<img decoding=\"async\" width=\"641\" height=\"351\" src=\"https:\/\/staging.dst.deutsche-schule.eu\/wp-content\/uploads\/2021\/05\/VideoKG2.jpg\" class=\"attachment-medium size-medium wp-image-40556\" alt=\"\" srcset=\"https:\/\/staging.dst.deutsche-schule.eu\/wp-content\/uploads\/2021\/05\/VideoKG2.jpg 641w, https:\/\/staging.dst.deutsche-schule.eu\/wp-content\/uploads\/2021\/05\/VideoKG2-320x175.jpg 320w\" sizes=\"(max-width: 641px) 100vw, 641px\" \/>\t\t\t\t\t\t\t\t\t\t\t\t\t\t<\/div>\n\t\t\t\t\t<\/div>\n\t\t\t\t\t\t<\/div>\n\t\t\t\t<\/div>\n\t\t\t\t\t<\/div>\n\t\t<\/div>\n\t\t\t\t\t<\/div>\n\t\t<\/section>\n\t\t\t\t<\/div>\n\t\t","protected":false},"excerpt":{"rendered":"<p>Aqu\u00ed encontrar\u00e1 informaci\u00f3n sobre el trabajo en la guarder\u00eda Kikri y el Centro Infantil Arco Iris [&hellip;]<\/p>\n","protected":false},"author":10,"featured_media":2706,"parent":0,"menu_order":4,"comment_status":"closed","ping_status":"closed","template":"","meta":{"site-sidebar-layout":"default","site-content-layout":"default","ast-site-content-layout":"default","site-content-style":"default","site-sidebar-style":"default","ast-global-header-display":"","ast-banner-title-visibility":"","ast-main-header-display":"","ast-hfb-above-header-display":"","ast-hfb-below-header-display":"","ast-hfb-mobile-header-display":"","site-post-title":"disabled","ast-breadcrumbs-content":"","ast-featured-img":"disabled","footer-sml-layout":"","ast-disable-related-posts":"","theme-transparent-header-meta":"default","adv-header-id-meta":"","stick-header-meta":"default","header-above-stick-meta":"","header-main-stick-meta":"","header-below-stick-meta":"","astra-migrate-meta-layouts":"default","ast-page-background-enabled":"default","ast-page-background-meta":{"desktop":{"background-color":"","background-image":"","background-repeat":"repeat","background-position":"center center","background-size":"auto","background-attachment":"scroll","background-type":"","background-media":"","overlay-type":"","overlay-color":"","overlay-opacity":"","overlay-gradient":""},"tablet":{"background-color":"","background-image":"","background-repeat":"repeat","background-position":"center center","background-size":"auto","background-attachment":"scroll","background-type":"","background-media":"","overlay-type":"","overlay-color":"","overlay-opacity":"","overlay-gradient":""},"mobile":{"background-color":"","background-image":"","background-repeat":"repeat","background-position":"center center","background-size":"auto","background-attachment":"scroll","background-type":"","background-media":"","overlay-type":"","overlay-color":"","overlay-opacity":"","overlay-gradient":""}},"ast-content-background-meta":{"desktop":{"background-color":"var(--ast-global-color-5)","background-image":"","background-repeat":"repeat","background-position":"center center","background-size":"auto","background-attachment":"scroll","background-type":"","background-media":"","overlay-type":"","overlay-color":"","overlay-opacity":"","overlay-gradient":""},"tablet":{"background-color":"var(--ast-global-color-5)","background-image":"","background-repeat":"repeat","background-position":"center center","background-size":"auto","background-attachment":"scroll","background-type":"","background-media":"","overlay-type":"","overlay-color":"","overlay-opacity":"","overlay-gradient":""},"mobile":{"background-color":"var(--ast-global-color-5)","background-image":"","background-repeat":"repeat","background-position":"center center","background-size":"auto","background-attachment":"scroll","background-type":"","background-media":"","overlay-type":"","overlay-color":"","overlay-opacity":"","overlay-gradient":""}},"_jet_sm_ready_style":"","_jet_sm_style":"","_jet_sm_controls_values":"","_jet_sm_fonts_collection":"","_jet_sm_fonts_links":"","footnotes":""},"schlagwortedst":[149],"class_list":["post-1601","page","type-page","status-publish","has-post-thumbnail","hentry","schlagwortedst-sidekg"],"_links":{"self":[{"href":"https:\/\/staging.dst.deutsche-schule.eu\/es\/wp-json\/wp\/v2\/pages\/1601","targetHints":{"allow":["GET"]}}],"collection":[{"href":"https:\/\/staging.dst.deutsche-schule.eu\/es\/wp-json\/wp\/v2\/pages"}],"about":[{"href":"https:\/\/staging.dst.deutsche-schule.eu\/es\/wp-json\/wp\/v2\/types\/page"}],"author":[{"embeddable":true,"href":"https:\/\/staging.dst.deutsche-schule.eu\/es\/wp-json\/wp\/v2\/users\/10"}],"replies":[{"embeddable":true,"href":"https:\/\/staging.dst.deutsche-schule.eu\/es\/wp-json\/wp\/v2\/comments?post=1601"}],"version-history":[{"count":16,"href":"https:\/\/staging.dst.deutsche-schule.eu\/es\/wp-json\/wp\/v2\/pages\/1601\/revisions"}],"predecessor-version":[{"id":44370,"href":"https:\/\/staging.dst.deutsche-schule.eu\/es\/wp-json\/wp\/v2\/pages\/1601\/revisions\/44370"}],"wp:featuredmedia":[{"embeddable":true,"href":"https:\/\/staging.dst.deutsche-schule.eu\/es\/wp-json\/wp\/v2\/media\/2706"}],"wp:attachment":[{"href":"https:\/\/staging.dst.deutsche-schule.eu\/es\/wp-json\/wp\/v2\/media?parent=1601"}],"wp:term":[{"taxonomy":"schlagwortedst","embeddable":true,"href":"https:\/\/staging.dst.deutsche-schule.eu\/es\/wp-json\/wp\/v2\/schlagwortedst?post=1601"}],"curies":[{"name":"wp","href":"https:\/\/api.w.org\/{rel}","templated":true}]}}