{"id":1527,"date":"2015-06-11T18:10:31","date_gmt":"2015-06-11T18:10:31","guid":{"rendered":"http:\/\/dstenerife.ducklingit.com\/?page_id=1527"},"modified":"2021-06-04T15:45:36","modified_gmt":"2021-06-04T15:45:36","slug":"schulvorstand","status":"publish","type":"page","link":"https:\/\/staging.dst.deutsche-schule.eu\/es\/colegio\/comites-del-colegio\/schulvorstand\/","title":{"rendered":"Asociaci\u00f3n del colegio y junta directiva"},"content":{"rendered":"\t\t<div data-elementor-type=\"wp-page\" data-elementor-id=\"1527\" class=\"elementor elementor-1527 elementor-639\" data-elementor-post-type=\"page\">\n\t\t\t\t\t\t<section class=\"elementor-section elementor-top-section elementor-element elementor-element-759cf50c elementor-section-boxed elementor-section-height-default elementor-section-height-default\" data-id=\"759cf50c\" data-element_type=\"section\" data-settings=\"{&quot;_ob_glider_is_slider&quot;:&quot;no&quot;}\">\n\t\t\t\t\t\t<div class=\"elementor-container elementor-column-gap-default\">\n\t\t\t\t\t<div class=\"elementor-column elementor-col-100 elementor-top-column elementor-element elementor-element-38af4deb\" data-id=\"38af4deb\" data-element_type=\"column\">\n\t\t\t<div class=\"elementor-widget-wrap elementor-element-populated\">\n\t\t\t\t\t\t<div class=\"elementor-element elementor-element-4adb89a6 elementor-widget elementor-widget-text-editor\" data-id=\"4adb89a6\" data-element_type=\"widget\" data-settings=\"{&quot;_ob_postman_use&quot;:&quot;no&quot;,&quot;_ob_widget_stalker_use&quot;:&quot;no&quot;,&quot;_ob_shadough_use&quot;:&quot;no&quot;}\" data-widget_type=\"text-editor.default\">\n\t\t\t\t<div class=\"elementor-widget-container\">\n\t\t\t\t\t\t\t\t\t<p align=\"justify\"><em>La Asociaci\u00f3n para el fomento del colegio Alem\u00e1n de Santa Cruz de Tenerife<\/em> es la entidad responsable del Colegio Alem\u00e1n de Santa Cruz de Tenerife (DST)..<\/p>\n<p style=\"text-align: left;\" align=\"justify\">Sus miembros son amigos y patrocinadores, padres y antiguos alumnos. El estatuto tambi\u00e9n permite la participaci\u00f3n de miembros que no tienen ni\u00f1os en el colegio: La membres\u00eda est\u00e1 abierta a cualquier persona f\u00edsica mayor de edad que resida en la provincia de Santa Cruz de Tenerife en el momento de la solicitud. La actual cuota de socio asciende a 50\u20ac anuales.<\/p>\n<p>De este modo pueden participar activamente en la vida escolar y hacer una valiosa aportaci\u00f3n al futuro de nuestros hijos. Aqu\u00ed podr\u00e1n encontrar el <a href=\"https:\/\/staging.dst.deutsche-schule.eu\/wp-content\/uploads\/2015\/04\/schulvereinsantrag2008.pdf\">formulario de inscripci\u00f3n<\/a>.<\/p>\n<p><strong>Junta directiva 2021:<\/strong><\/p>\n\t\t\t\t\t\t\t\t<\/div>\n\t\t\t\t<\/div>\n\t\t\t\t\t<\/div>\n\t\t<\/div>\n\t\t\t\t\t<\/div>\n\t\t<\/section>\n\t\t\t\t<section class=\"elementor-section elementor-top-section elementor-element elementor-element-709b45c elementor-section-boxed elementor-section-height-default elementor-section-height-default\" data-id=\"709b45c\" data-element_type=\"section\" data-settings=\"{&quot;_ob_glider_is_slider&quot;:&quot;no&quot;}\">\n\t\t\t\t\t\t<div class=\"elementor-container elementor-column-gap-default\">\n\t\t\t\t\t<div class=\"elementor-column elementor-col-100 elementor-top-column elementor-element elementor-element-56fc4cd\" data-id=\"56fc4cd\" data-element_type=\"column\">\n\t\t\t<div class=\"elementor-widget-wrap elementor-element-populated\">\n\t\t\t\t\t\t<section class=\"elementor-section elementor-inner-section elementor-element elementor-element-813aff3 elementor-section-boxed elementor-section-height-default elementor-section-height-default\" data-id=\"813aff3\" data-element_type=\"section\" data-settings=\"{&quot;_ob_glider_is_slider&quot;:&quot;no&quot;}\">\n\t\t\t\t\t\t<div class=\"elementor-container elementor-column-gap-wider\">\n\t\t\t\t\t<div class=\"elementor-column elementor-col-16 elementor-inner-column elementor-element elementor-element-acdd042\" data-id=\"acdd042\" data-element_type=\"column\">\n\t\t\t<div class=\"elementor-widget-wrap elementor-element-populated\">\n\t\t\t\t\t\t<div class=\"elementor-element elementor-element-4d3f453 elementor-position-left elementor-vertical-align-bottom elementor-widget elementor-widget-image-box\" data-id=\"4d3f453\" data-element_type=\"widget\" data-settings=\"{&quot;_ob_widget_stalker_use&quot;:&quot;no&quot;,&quot;_ob_shadough_use&quot;:&quot;no&quot;}\" data-widget_type=\"image-box.default\">\n\t\t\t\t<div class=\"elementor-widget-container\">\n\t\t\t\t\t<div class=\"elementor-image-box-wrapper\"><figure class=\"elementor-image-box-img\"><img fetchpriority=\"high\" decoding=\"async\" width=\"320\" height=\"400\" src=\"https:\/\/staging.dst.deutsche-schule.eu\/wp-content\/uploads\/2021\/03\/Soldevilla-Rafael-320x400.jpg\" class=\"attachment-dst-hochformat-300 size-dst-hochformat-300 wp-image-35980\" alt=\"\" srcset=\"https:\/\/staging.dst.deutsche-schule.eu\/wp-content\/uploads\/2021\/03\/Soldevilla-Rafael-320x400.jpg 320w, https:\/\/staging.dst.deutsche-schule.eu\/wp-content\/uploads\/2021\/03\/Soldevilla-Rafael-338x423.jpg 338w, https:\/\/staging.dst.deutsche-schule.eu\/wp-content\/uploads\/2021\/03\/Soldevilla-Rafael-576x720.jpg 576w, https:\/\/staging.dst.deutsche-schule.eu\/wp-content\/uploads\/2021\/03\/Soldevilla-Rafael.jpg 600w\" sizes=\"(max-width: 320px) 100vw, 320px\" \/><\/figure><div class=\"elementor-image-box-content\"><h3 class=\"elementor-image-box-title\">Sr. Rafael Soldevilla Rico<\/h3><p class=\"elementor-image-box-description\">Presidente<\/p><\/div><\/div>\t\t\t\t<\/div>\n\t\t\t\t<\/div>\n\t\t\t\t\t<\/div>\n\t\t<\/div>\n\t\t\t\t<div class=\"elementor-column elementor-col-16 elementor-inner-column elementor-element elementor-element-960e89f\" data-id=\"960e89f\" data-element_type=\"column\">\n\t\t\t<div class=\"elementor-widget-wrap elementor-element-populated\">\n\t\t\t\t\t\t<div class=\"elementor-element elementor-element-f50437c elementor-position-left elementor-vertical-align-bottom elementor-widget elementor-widget-image-box\" data-id=\"f50437c\" data-element_type=\"widget\" data-settings=\"{&quot;_ob_widget_stalker_use&quot;:&quot;no&quot;,&quot;_ob_shadough_use&quot;:&quot;no&quot;}\" data-widget_type=\"image-box.default\">\n\t\t\t\t<div class=\"elementor-widget-container\">\n\t\t\t\t\t<div class=\"elementor-image-box-wrapper\"><figure class=\"elementor-image-box-img\"><img decoding=\"async\" width=\"320\" height=\"400\" src=\"https:\/\/staging.dst.deutsche-schule.eu\/wp-content\/uploads\/2021\/03\/Mario-Gonzalez-Coviella-Ulrich-320x400.jpg\" class=\"attachment-dst-hochformat-300 size-dst-hochformat-300 wp-image-35976\" alt=\"\" srcset=\"https:\/\/staging.dst.deutsche-schule.eu\/wp-content\/uploads\/2021\/03\/Mario-Gonzalez-Coviella-Ulrich-320x400.jpg 320w, https:\/\/staging.dst.deutsche-schule.eu\/wp-content\/uploads\/2021\/03\/Mario-Gonzalez-Coviella-Ulrich-338x423.jpg 338w, https:\/\/staging.dst.deutsche-schule.eu\/wp-content\/uploads\/2021\/03\/Mario-Gonzalez-Coviella-Ulrich-576x720.jpg 576w, https:\/\/staging.dst.deutsche-schule.eu\/wp-content\/uploads\/2021\/03\/Mario-Gonzalez-Coviella-Ulrich.jpg 600w\" sizes=\"(max-width: 320px) 100vw, 320px\" \/><\/figure><div class=\"elementor-image-box-content\"><h4 class=\"elementor-image-box-title\">Sr. Mario Gonz\u00e1lez-Coviella Ulrich<\/h4><p class=\"elementor-image-box-description\">Vicepresidente<\/p><\/div><\/div>\t\t\t\t<\/div>\n\t\t\t\t<\/div>\n\t\t\t\t\t<\/div>\n\t\t<\/div>\n\t\t\t\t<div class=\"elementor-column elementor-col-16 elementor-inner-column elementor-element elementor-element-6ae61ad\" data-id=\"6ae61ad\" data-element_type=\"column\">\n\t\t\t<div class=\"elementor-widget-wrap elementor-element-populated\">\n\t\t\t\t\t\t<div class=\"elementor-element elementor-element-5cbd8dc elementor-position-left elementor-vertical-align-bottom elementor-widget elementor-widget-image-box\" data-id=\"5cbd8dc\" data-element_type=\"widget\" data-settings=\"{&quot;_ob_widget_stalker_use&quot;:&quot;no&quot;,&quot;_ob_shadough_use&quot;:&quot;no&quot;}\" data-widget_type=\"image-box.default\">\n\t\t\t\t<div class=\"elementor-widget-container\">\n\t\t\t\t\t<div class=\"elementor-image-box-wrapper\"><figure class=\"elementor-image-box-img\"><img decoding=\"async\" width=\"320\" height=\"400\" src=\"https:\/\/staging.dst.deutsche-schule.eu\/wp-content\/uploads\/2021\/03\/abitbol_rebeca-320x400.jpg\" class=\"attachment-dst-hochformat-300 size-dst-hochformat-300 wp-image-35974\" alt=\"\" srcset=\"https:\/\/staging.dst.deutsche-schule.eu\/wp-content\/uploads\/2021\/03\/abitbol_rebeca-320x400.jpg 320w, https:\/\/staging.dst.deutsche-schule.eu\/wp-content\/uploads\/2021\/03\/abitbol_rebeca-338x423.jpg 338w, https:\/\/staging.dst.deutsche-schule.eu\/wp-content\/uploads\/2021\/03\/abitbol_rebeca-576x720.jpg 576w, https:\/\/staging.dst.deutsche-schule.eu\/wp-content\/uploads\/2021\/03\/abitbol_rebeca.jpg 600w\" sizes=\"(max-width: 320px) 100vw, 320px\" \/><\/figure><div class=\"elementor-image-box-content\"><h4 class=\"elementor-image-box-title\">Sra. Rebeca Abitbol Martos<\/h4><p class=\"elementor-image-box-description\">Tesorera<\/p><\/div><\/div>\t\t\t\t<\/div>\n\t\t\t\t<\/div>\n\t\t\t\t\t<\/div>\n\t\t<\/div>\n\t\t\t\t<div class=\"elementor-column elementor-col-16 elementor-inner-column elementor-element elementor-element-9ac0f83\" data-id=\"9ac0f83\" data-element_type=\"column\">\n\t\t\t<div class=\"elementor-widget-wrap elementor-element-populated\">\n\t\t\t\t\t\t<div class=\"elementor-element elementor-element-5e8f01a elementor-position-left elementor-vertical-align-bottom elementor-widget elementor-widget-image-box\" data-id=\"5e8f01a\" data-element_type=\"widget\" data-settings=\"{&quot;_ob_widget_stalker_use&quot;:&quot;no&quot;,&quot;_ob_shadough_use&quot;:&quot;no&quot;}\" data-widget_type=\"image-box.default\">\n\t\t\t\t<div class=\"elementor-widget-container\">\n\t\t\t\t\t<div class=\"elementor-image-box-wrapper\"><figure class=\"elementor-image-box-img\"><img loading=\"lazy\" decoding=\"async\" width=\"320\" height=\"400\" src=\"https:\/\/staging.dst.deutsche-schule.eu\/wp-content\/uploads\/2021\/03\/Rolle-Matthias-320x400.jpg\" class=\"attachment-dst-hochformat-300 size-dst-hochformat-300 wp-image-35978\" alt=\"\" srcset=\"https:\/\/staging.dst.deutsche-schule.eu\/wp-content\/uploads\/2021\/03\/Rolle-Matthias-320x400.jpg 320w, https:\/\/staging.dst.deutsche-schule.eu\/wp-content\/uploads\/2021\/03\/Rolle-Matthias-338x423.jpg 338w, https:\/\/staging.dst.deutsche-schule.eu\/wp-content\/uploads\/2021\/03\/Rolle-Matthias-576x720.jpg 576w, https:\/\/staging.dst.deutsche-schule.eu\/wp-content\/uploads\/2021\/03\/Rolle-Matthias.jpg 600w\" sizes=\"(max-width: 320px) 100vw, 320px\" \/><\/figure><div class=\"elementor-image-box-content\"><h4 class=\"elementor-image-box-title\">Sr. Matthias Rolle<\/h4><p class=\"elementor-image-box-description\">Vocal y suplente de la Tesorera<\/p><\/div><\/div>\t\t\t\t<\/div>\n\t\t\t\t<\/div>\n\t\t\t\t\t<\/div>\n\t\t<\/div>\n\t\t\t\t<div class=\"elementor-column elementor-col-16 elementor-inner-column elementor-element elementor-element-ef9a2c5\" data-id=\"ef9a2c5\" data-element_type=\"column\">\n\t\t\t<div class=\"elementor-widget-wrap elementor-element-populated\">\n\t\t\t\t\t\t<div class=\"elementor-element elementor-element-ba45369 elementor-vertical-align-bottom elementor-widget elementor-widget-image-box\" data-id=\"ba45369\" data-element_type=\"widget\" data-settings=\"{&quot;_ob_widget_stalker_use&quot;:&quot;no&quot;,&quot;_ob_shadough_use&quot;:&quot;no&quot;}\" data-widget_type=\"image-box.default\">\n\t\t\t\t<div class=\"elementor-widget-container\">\n\t\t\t\t\t<div class=\"elementor-image-box-wrapper\"><div class=\"elementor-image-box-content\"><h4 class=\"elementor-image-box-title\">Sra. Sara Hern\u00e1ndez L\u00f3pez<\/h4><p class=\"elementor-image-box-description\">Vocal y Secretaria<\/p><\/div><\/div>\t\t\t\t<\/div>\n\t\t\t\t<\/div>\n\t\t\t\t\t<\/div>\n\t\t<\/div>\n\t\t\t\t<div class=\"elementor-column elementor-col-16 elementor-inner-column elementor-element elementor-element-f379955\" data-id=\"f379955\" data-element_type=\"column\">\n\t\t\t<div class=\"elementor-widget-wrap elementor-element-populated\">\n\t\t\t\t\t\t<div class=\"elementor-element elementor-element-d437045 elementor-vertical-align-bottom elementor-widget elementor-widget-image-box\" data-id=\"d437045\" data-element_type=\"widget\" data-settings=\"{&quot;_ob_widget_stalker_use&quot;:&quot;no&quot;,&quot;_ob_shadough_use&quot;:&quot;no&quot;}\" data-widget_type=\"image-box.default\">\n\t\t\t\t<div class=\"elementor-widget-container\">\n\t\t\t\t\t<div class=\"elementor-image-box-wrapper\"><div class=\"elementor-image-box-content\"><h4 class=\"elementor-image-box-title\">Sr. Guido K\u00fchn<\/h4><p class=\"elementor-image-box-description\">Vocal y suplente de la Secretaria<\/p><\/div><\/div>\t\t\t\t<\/div>\n\t\t\t\t<\/div>\n\t\t\t\t\t<\/div>\n\t\t<\/div>\n\t\t\t\t\t<\/div>\n\t\t<\/section>\n\t\t\t\t<div class=\"elementor-element elementor-element-e76bd7b elementor-widget elementor-widget-text-editor\" data-id=\"e76bd7b\" data-element_type=\"widget\" data-settings=\"{&quot;_ob_postman_use&quot;:&quot;no&quot;,&quot;_ob_widget_stalker_use&quot;:&quot;no&quot;,&quot;_ob_shadough_use&quot;:&quot;no&quot;}\" data-widget_type=\"text-editor.default\">\n\t\t\t\t<div class=\"elementor-widget-container\">\n\t\t\t\t\t\t\t\t\t<p style=\"text-align: center;\"><a href=\"\/wp-content\/uploads\/2019\/10\/20190128-ESTATUTOS-firmados-Asociacion-para-el-Fomento-del-Colegio-Aleman-SC-de-Tfe.pdf\" target=\"_blank\" rel=\"noopener noreferrer\">Estatutos de la asociaci\u00f3n (es)<\/a><\/p>\n<p style=\"text-align: center;\"><a href=\"\/wp-content\/uploads\/2015\/06\/20100624-Reglamento-Electoral-Asociaci%C3%B3n-DST.pdf\">Reglamento electoral (es)<\/a><\/p>\n<p style=\"text-align: center;\"><a href=\"\/wp-content\/uploads\/2019\/09\/ESP-FLYER-ASOC.pdf\" target=\"_blank\" rel=\"noopener noreferrer\">Folleto 2019\/2020<\/a><\/p>\t\t\t\t\t\t\t\t<\/div>\n\t\t\t\t<\/div>\n\t\t\t\t\t<\/div>\n\t\t<\/div>\n\t\t\t\t\t<\/div>\n\t\t<\/section>\n\t\t\t\t<\/div>\n\t\t","protected":false},"excerpt":{"rendered":"<p>La Asociaci\u00f3n para el fomento del colegio Alem\u00e1n de Santa Cruz de Tenerife es la entidad [&hellip;]<\/p>\n","protected":false},"author":10,"featured_media":0,"parent":1913,"menu_order":0,"comment_status":"closed","ping_status":"closed","template":"","meta":{"site-sidebar-layout":"default","site-content-layout":"default","ast-site-content-layout":"default","site-content-style":"default","site-sidebar-style":"default","ast-global-header-display":"","ast-banner-title-visibility":"","ast-main-header-display":"","ast-hfb-above-header-display":"","ast-hfb-below-header-display":"","ast-hfb-mobile-header-display":"","site-post-title":"","ast-breadcrumbs-content":"","ast-featured-img":"","footer-sml-layout":"","ast-disable-related-posts":"","theme-transparent-header-meta":"default","adv-header-id-meta":"","stick-header-meta":"default","header-above-stick-meta":"","header-main-stick-meta":"","header-below-stick-meta":"","astra-migrate-meta-layouts":"default","ast-page-background-enabled":"default","ast-page-background-meta":{"desktop":{"background-color":"","background-image":"","background-repeat":"repeat","background-position":"center center","background-size":"auto","background-attachment":"scroll","background-type":"","background-media":"","overlay-type":"","overlay-color":"","overlay-opacity":"","overlay-gradient":""},"tablet":{"background-color":"","background-image":"","background-repeat":"repeat","background-position":"center center","background-size":"auto","background-attachment":"scroll","background-type":"","background-media":"","overlay-type":"","overlay-color":"","overlay-opacity":"","overlay-gradient":""},"mobile":{"background-color":"","background-image":"","background-repeat":"repeat","background-position":"center center","background-size":"auto","background-attachment":"scroll","background-type":"","background-media":"","overlay-type":"","overlay-color":"","overlay-opacity":"","overlay-gradient":""}},"ast-content-background-meta":{"desktop":{"background-color":"var(--ast-global-color-5)","background-image":"","background-repeat":"repeat","background-position":"center center","background-size":"auto","background-attachment":"scroll","background-type":"","background-media":"","overlay-type":"","overlay-color":"","overlay-opacity":"","overlay-gradient":""},"tablet":{"background-color":"var(--ast-global-color-5)","background-image":"","background-repeat":"repeat","background-position":"center center","background-size":"auto","background-attachment":"scroll","background-type":"","background-media":"","overlay-type":"","overlay-color":"","overlay-opacity":"","overlay-gradient":""},"mobile":{"background-color":"var(--ast-global-color-5)","background-image":"","background-repeat":"repeat","background-position":"center center","background-size":"auto","background-attachment":"scroll","background-type":"","background-media":"","overlay-type":"","overlay-color":"","overlay-opacity":"","overlay-gradient":""}},"_jet_sm_ready_style":"","_jet_sm_style":"","_jet_sm_controls_values":"","_jet_sm_fonts_collection":"","_jet_sm_fonts_links":"","footnotes":""},"schlagwortedst":[153],"class_list":["post-1527","page","type-page","status-publish","hentry","schlagwortedst-sideschule"],"_links":{"self":[{"href":"https:\/\/staging.dst.deutsche-schule.eu\/es\/wp-json\/wp\/v2\/pages\/1527","targetHints":{"allow":["GET"]}}],"collection":[{"href":"https:\/\/staging.dst.deutsche-schule.eu\/es\/wp-json\/wp\/v2\/pages"}],"about":[{"href":"https:\/\/staging.dst.deutsche-schule.eu\/es\/wp-json\/wp\/v2\/types\/page"}],"author":[{"embeddable":true,"href":"https:\/\/staging.dst.deutsche-schule.eu\/es\/wp-json\/wp\/v2\/users\/10"}],"replies":[{"embeddable":true,"href":"https:\/\/staging.dst.deutsche-schule.eu\/es\/wp-json\/wp\/v2\/comments?post=1527"}],"version-history":[{"count":14,"href":"https:\/\/staging.dst.deutsche-schule.eu\/es\/wp-json\/wp\/v2\/pages\/1527\/revisions"}],"predecessor-version":[{"id":42338,"href":"https:\/\/staging.dst.deutsche-schule.eu\/es\/wp-json\/wp\/v2\/pages\/1527\/revisions\/42338"}],"up":[{"embeddable":true,"href":"https:\/\/staging.dst.deutsche-schule.eu\/es\/wp-json\/wp\/v2\/pages\/1913"}],"wp:attachment":[{"href":"https:\/\/staging.dst.deutsche-schule.eu\/es\/wp-json\/wp\/v2\/media?parent=1527"}],"wp:term":[{"taxonomy":"schlagwortedst","embeddable":true,"href":"https:\/\/staging.dst.deutsche-schule.eu\/es\/wp-json\/wp\/v2\/schlagwortedst?post=1527"}],"curies":[{"name":"wp","href":"https:\/\/api.w.org\/{rel}","templated":true}]}}